{"id":108213,"date":"2023-05-29T13:09:44","date_gmt":"2023-05-29T10:09:44","guid":{"rendered":"https:\/\/bilgem.tubitak.gov.tr\/?page_id=108213"},"modified":"2024-05-28T11:07:18","modified_gmt":"2024-05-28T08:07:18","slug":"uekae-ongoing-projects","status":"publish","type":"page","link":"https:\/\/en.bilgem.tubitak.gov.tr\/en\/projeler-ve-programlar\/uekae-devam-eden-projeler\/","title":{"rendered":"UEKAE Ongoing Projects"},"content":{"rendered":"\t\t<div data-elementor-type=\"wp-page\" data-elementor-id=\"108213\" class=\"elementor elementor-108213\" data-elementor-post-type=\"page\">\n\t\t\t\t\t\t<section class=\"elementor-section elementor-top-section elementor-element elementor-element-966f1be elementor-section-full_width elementor-section-height-min-height tbw-hero elementor-section-height-default elementor-section-items-middle\" data-id=\"966f1be\" data-element_type=\"section\" data-e-type=\"section\" data-settings=\"{&quot;background_background&quot;:&quot;classic&quot;}\">\n\t\t\t\t\t\t\t<div class=\"elementor-background-overlay\"><\/div>\n\t\t\t\t\t\t\t<div class=\"elementor-container elementor-column-gap-default\">\n\t\t\t\t\t<div class=\"elementor-column elementor-col-100 elementor-top-column elementor-element elementor-element-2778861\" data-id=\"2778861\" data-element_type=\"column\" data-e-type=\"column\">\n\t\t\t<div class=\"elementor-widget-wrap elementor-element-populated\">\n\t\t\t\t\t\t<section class=\"elementor-section elementor-inner-section elementor-element elementor-element-452acbe elementor-section-boxed elementor-section-height-default elementor-section-height-default\" data-id=\"452acbe\" data-element_type=\"section\" data-e-type=\"section\">\n\t\t\t\t\t\t<div class=\"elementor-container elementor-column-gap-default\">\n\t\t\t\t\t<div class=\"elementor-column elementor-col-50 elementor-inner-column elementor-element elementor-element-aec91f9\" data-id=\"aec91f9\" data-element_type=\"column\" data-e-type=\"column\">\n\t\t\t<div class=\"elementor-widget-wrap elementor-element-populated\">\n\t\t\t\t\t\t<div class=\"elementor-element elementor-element-422d855 elementor-widget elementor-widget-text-editor\" data-id=\"422d855\" data-element_type=\"widget\" data-e-type=\"widget\" data-widget_type=\"text-editor.default\">\n\t\t\t\t<div class=\"elementor-widget-container\">\n\t\t\t\t\t\t\t\t\t<a href=\"\/uekae\">UEKAE Ana Sayfa<\/a>\u00a0 \u00a0\/\u00a0 \u00a0<a href=\"\/projeler-ve-programlar\">Projeler ve Programlar<\/a>\u00a0 \u00a0\/\u00a0 \u00a0<a href=\"\/uekae-devam-eden-projeler\/\">UEKAE Devam Eden Projeler<\/a>\t\t\t\t\t\t\t\t<\/div>\n\t\t\t\t<\/div>\n\t\t\t\t<div class=\"elementor-element elementor-element-33f1b1b uael-heading-align-left animated-slow elementor-invisible elementor-widget elementor-widget-uael-advanced-heading\" data-id=\"33f1b1b\" data-element_type=\"widget\" data-e-type=\"widget\" data-settings=\"{&quot;_animation&quot;:&quot;fadeInUp&quot;}\" data-widget_type=\"uael-advanced-heading.default\">\n\t\t\t\t<div class=\"elementor-widget-container\">\n\t\t\t\t\t\n\t\t<div class=\"uael-module-content uael-heading-wrapper\">\n\t\t\t\t\t\t<div class=\"uael-module-content uael-separator-parent\">\n\t\t\t\t\t\t\t\t<div class=\"uael-separator-wrap\">\n\t\t\t\t\t<div class=\"uael-separator-line uael-side-left\">\n\t\t\t\t\t\t<span><\/span>\n\t\t\t\t\t<\/div>\n\t\t\t\t\t<div class=\"uael-divider-content\">\n\t\t\t\t\t\t\t\t\t\t\t\t<h3 class=\"uael-divider-text elementor-inline-editing\" data-elementor-setting-key=\"heading_line_text\" data-elementor-inline-editing-toolbar=\"basic\">UEKAE<\/h3>\n\t\t\t\t\t<\/div>\n\t\t\t\t\t<div class=\"uael-separator-line uael-side-right\">\n\t\t\t\t\t\t<span><\/span>\n\t\t\t\t\t<\/div>\n\t\t\t\t<\/div>\n\t\t\t\t\t\t\t\t\t\t<\/div>\n\t\t\t\t\t\t\n\t\t\t<h1 class=\"uael-heading\">\n\t\t\t\t\t\t\t\t\t\t<span class=\"uael-heading-text elementor-inline-editing uael-size--default\" data-elementor-setting-key=\"heading_title\" data-elementor-inline-editing-toolbar=\"basic\">Projeler<\/span>\n\t\t\t\t\t\t\t<\/h1>\n\n\t\t\t\n\t\t\t\n\t\t\t\n\t\t\t\t\t\t<\/div>\n\t\t\t\t\t\t<\/div>\n\t\t\t\t<\/div>\n\t\t\t\t<div class=\"elementor-element elementor-element-736c400 elementor-invisible elementor-widget elementor-widget-text-editor\" data-id=\"736c400\" data-element_type=\"widget\" data-e-type=\"widget\" data-settings=\"{&quot;_animation&quot;:&quot;fadeIn&quot;}\" data-widget_type=\"text-editor.default\">\n\t\t\t\t<div class=\"elementor-widget-container\">\n\t\t\t\t\t\t\t\t\tBili\u015fim, bilgi g\u00fcvenli\u011fi ve ileri elektronik alanlar\u0131nda savunma sanayii, kamu kurumlar\u0131 ve \u00f6zel sekt\u00f6rle stratejik i\u015f birlikleri ve Ar-Ge \u00e7al\u0131\u015fmalar\u0131 yaparak \u00fclkemizin rekabet g\u00fcc\u00fcn\u00fc s\u00fcrekli k\u0131lacak \u00f6zg\u00fcn ve katma de\u011feri y\u00fcksek teknolojiler geli\u015ftirmek i\u00e7in \u00e7al\u0131\u015fan T\u00dcB\u0130TAK B\u0130LGEM, ulusal ve uluslararas\u0131 alanda ses getiren projeler ortaya koymaktad\u0131r. UEKAE, \u00e7at\u0131s\u0131 alt\u0131nda faaliyetlerini s\u00fcrd\u00fcrd\u00fc\u011f\u00fc B\u0130LGEM\u2019in gelece\u011fe y\u00f6n vererek gelece\u011fin bilim ve teknolojisini y\u00f6nlendirme misyonu do\u011frultusunda y\u00fcr\u00fctt\u00fc\u011f\u00fc Ar-Ge \u00e7al\u0131\u015fmalar\u0131yla ulusal elektronik ve kriptoloji alan\u0131nda pek \u00e7ok ba\u015far\u0131l\u0131 projeye imza atm\u0131\u015ft\u0131r.\t\t\t\t\t\t\t\t<\/div>\n\t\t\t\t<\/div>\n\t\t\t\t\t<\/div>\n\t\t<\/div>\n\t\t\t\t<div class=\"elementor-column elementor-col-50 elementor-inner-column elementor-element elementor-element-156772a elementor-hidden-tablet elementor-hidden-mobile\" data-id=\"156772a\" data-element_type=\"column\" data-e-type=\"column\">\n\t\t\t<div class=\"elementor-widget-wrap\">\n\t\t\t\t\t\t\t<\/div>\n\t\t<\/div>\n\t\t\t\t\t<\/div>\n\t\t<\/section>\n\t\t\t\t\t<\/div>\n\t\t<\/div>\n\t\t\t\t\t<\/div>\n\t\t<\/section>\n\t\t\t\t<section class=\"elementor-section elementor-top-section elementor-element elementor-element-e03817f elementor-section-boxed elementor-section-height-default elementor-section-height-default\" data-id=\"e03817f\" data-element_type=\"section\" data-e-type=\"section\">\n\t\t\t\t\t\t<div class=\"elementor-container elementor-column-gap-default\">\n\t\t\t\t\t<div class=\"elementor-column elementor-col-33 elementor-top-column elementor-element elementor-element-6b6ab58\" data-id=\"6b6ab58\" data-element_type=\"column\" data-e-type=\"column\">\n\t\t\t<div class=\"elementor-widget-wrap elementor-element-populated\">\n\t\t\t\t\t\t<div class=\"elementor-element elementor-element-20d2075 elementor-align-justify elementor-mobile-align-justify elementor-widget__width-inherit elementor-widget-mobile__width-inherit elementor-tablet-align-center elementor-widget-tablet__width-inherit elementor-widget elementor-widget-button\" data-id=\"20d2075\" data-element_type=\"widget\" data-e-type=\"widget\" data-widget_type=\"button.default\">\n\t\t\t\t<div class=\"elementor-widget-container\">\n\t\t\t\t\t\t\t\t\t<div class=\"elementor-button-wrapper\">\n\t\t\t\t\t<a class=\"elementor-button elementor-button-link elementor-size-sm\" href=\"https:\/\/en.bilgem.tubitak.gov.tr\/en\/projeler-ve-programlar\/uekae-ab-projeleri\/\">\n\t\t\t\t\t\t<span class=\"elementor-button-content-wrapper\">\n\t\t\t\t\t\t\t\t\t<span class=\"elementor-button-text\">Avrupa Birli\u011fi Projeleri<\/span>\n\t\t\t\t\t<\/span>\n\t\t\t\t\t<\/a>\n\t\t\t\t<\/div>\n\t\t\t\t\t\t\t\t<\/div>\n\t\t\t\t<\/div>\n\t\t\t\t\t<\/div>\n\t\t<\/div>\n\t\t\t\t<div class=\"elementor-column elementor-col-33 elementor-top-column elementor-element elementor-element-08b66c8\" data-id=\"08b66c8\" data-element_type=\"column\" data-e-type=\"column\">\n\t\t\t<div class=\"elementor-widget-wrap elementor-element-populated\">\n\t\t\t\t\t\t<div class=\"elementor-element elementor-element-be99d12 elementor-align-justify elementor-mobile-align-justify elementor-widget__width-inherit elementor-widget-mobile__width-inherit elementor-tablet-align-center elementor-widget-tablet__width-inherit elementor-widget elementor-widget-button\" data-id=\"be99d12\" data-element_type=\"widget\" data-e-type=\"widget\" data-widget_type=\"button.default\">\n\t\t\t\t<div class=\"elementor-widget-container\">\n\t\t\t\t\t\t\t\t\t<div class=\"elementor-button-wrapper\">\n\t\t\t\t\t<a class=\"elementor-button elementor-button-link elementor-size-sm\" href=\"https:\/\/en.bilgem.tubitak.gov.tr\/en\/projeler-ve-programlar\/uekae-tamamlanan-projeler\/\">\n\t\t\t\t\t\t<span class=\"elementor-button-content-wrapper\">\n\t\t\t\t\t\t\t\t\t<span class=\"elementor-button-text\">Tamamlanan Projeler<\/span>\n\t\t\t\t\t<\/span>\n\t\t\t\t\t<\/a>\n\t\t\t\t<\/div>\n\t\t\t\t\t\t\t\t<\/div>\n\t\t\t\t<\/div>\n\t\t\t\t\t<\/div>\n\t\t<\/div>\n\t\t\t\t<div class=\"elementor-column elementor-col-33 elementor-top-column elementor-element elementor-element-3c1ded1\" data-id=\"3c1ded1\" data-element_type=\"column\" data-e-type=\"column\">\n\t\t\t<div class=\"elementor-widget-wrap elementor-element-populated\">\n\t\t\t\t\t\t<div class=\"elementor-element elementor-element-d8d178b elementor-align-justify elementor-mobile-align-justify elementor-widget__width-inherit elementor-widget-mobile__width-inherit elementor-tablet-align-center elementor-widget-tablet__width-inherit elementor-widget elementor-widget-button\" data-id=\"d8d178b\" data-element_type=\"widget\" data-e-type=\"widget\" data-widget_type=\"button.default\">\n\t\t\t\t<div class=\"elementor-widget-container\">\n\t\t\t\t\t\t\t\t\t<div class=\"elementor-button-wrapper\">\n\t\t\t\t\t<a class=\"elementor-button elementor-button-link elementor-size-sm\" href=\"https:\/\/en.bilgem.tubitak.gov.tr\/en\/projeler-ve-programlar\/uekae-devam-eden-projeler\/\">\n\t\t\t\t\t\t<span class=\"elementor-button-content-wrapper\">\n\t\t\t\t\t\t\t\t\t<span class=\"elementor-button-text\">Devam Eden Projeler<\/span>\n\t\t\t\t\t<\/span>\n\t\t\t\t\t<\/a>\n\t\t\t\t<\/div>\n\t\t\t\t\t\t\t\t<\/div>\n\t\t\t\t<\/div>\n\t\t\t\t\t<\/div>\n\t\t<\/div>\n\t\t\t\t\t<\/div>\n\t\t<\/section>\n\t\t\t\t<section class=\"elementor-section elementor-top-section elementor-element elementor-element-8589b6c elementor-section-boxed elementor-section-height-default elementor-section-height-default\" data-id=\"8589b6c\" data-element_type=\"section\" data-e-type=\"section\">\n\t\t\t\t\t\t<div class=\"elementor-container elementor-column-gap-default\">\n\t\t\t\t\t<div class=\"elementor-column elementor-col-100 elementor-top-column elementor-element elementor-element-bb336f9\" data-id=\"bb336f9\" data-element_type=\"column\" data-e-type=\"column\">\n\t\t\t<div class=\"elementor-widget-wrap elementor-element-populated\">\n\t\t\t\t\t\t<div class=\"elementor-element elementor-element-1205dfe uael-mobile-dual-heading-align-center uael-dual-heading-align-left elementor-widget elementor-widget-uael-dual-color-heading\" data-id=\"1205dfe\" data-element_type=\"widget\" data-e-type=\"widget\" data-widget_type=\"uael-dual-color-heading.default\">\n\t\t\t\t<div class=\"elementor-widget-container\">\n\t\t\t\t\t\t\t\t\t<div class=\"uael-module-content uael-dual-color-heading uael-dual-heading-fill-yes uael-stack-desktop-yes uael-heading-stack-\">\n\t\t\t<h1>\n\t\t\t\t\t\t\t\t\t\t\t\t\t\t\t\t<span class=\"uael-before-heading\"><span class=\"elementor-inline-editing uael-dual-heading-text uael-first-text\" data-elementor-setting-key=\"before_heading_text\" data-elementor-inline-editing-toolbar=\"basic\">Devam Eden<\/span><\/span><span class=\"uael-adv-heading-stack\"><span class=\"uael-dual-heading-fill-yes elementor-inline-editing uael-dual-heading-text uael-highlight-text\" data-elementor-setting-key=\"second_heading_text\" data-elementor-inline-editing-toolbar=\"basic\">Projeler<\/span><\/span>\t\t\t\t\t\t\t\t\t\t\t\t\t<\/h1>\n\t\t<\/div>\n\t\t\t\t\t\t<\/div>\n\t\t\t\t<\/div>\n\t\t\t\t<div class=\"elementor-element elementor-element-658aa2f uael-posts-thumbnail-ratio slide-arrow uael-post__content-align-left uael-post__arrow-outside elementor-widget elementor-widget-uael-posts\" data-id=\"658aa2f\" data-element_type=\"widget\" data-e-type=\"widget\" data-settings=\"{&quot;business_slides_to_show&quot;:1,&quot;business_slides_to_show_tablet&quot;:1,&quot;business_slides_to_show_mobile&quot;:1}\" data-widget_type=\"uael-posts.business\">\n\t\t\t\t<div class=\"elementor-widget-container\">\n\t\t\t\t\t\t\t<div class=\"uael-post__header\">\n\t\t\t\t\t<\/div>\n\t\t<div class=\"uael-post__body\">\n\t\t\t\n\t\t\n\t\t<div class=\"uael-blog-terms-position- uael-post-image-top uael-post-grid uael-posts\" data-query-type=\"custom\" data-structure=\"carousel\" data-layout=\"\" data-page=\"108213\" data-skin=\"business\" data-filter-default=\"\" data-offset-top=\"30\" data-post_slider=\"{&quot;slidesToShow&quot;:1,&quot;slidesToScroll&quot;:1,&quot;autoplaySpeed&quot;:5000,&quot;autoplay&quot;:false,&quot;infinite&quot;:true,&quot;pauseOnHover&quot;:false,&quot;speed&quot;:500,&quot;arrows&quot;:true,&quot;dots&quot;:false,&quot;rtl&quot;:false,&quot;prevArrow&quot;:&quot;&lt;button type=\\&quot;button\\&quot; data-role=\\&quot;none\\&quot; class=\\&quot;slick-prev\\&quot; aria-label=\\&quot;Previous\\&quot; tabindex=\\&quot;0\\&quot; role=\\&quot;button\\&quot;&gt;&lt;i class=\\&quot;fa fa-angle-left\\&quot;&gt;&lt;\\\/i&gt;&lt;\\\/button&gt;&quot;,&quot;nextArrow&quot;:&quot;&lt;button type=\\&quot;button\\&quot; data-role=\\&quot;none\\&quot; class=\\&quot;slick-next\\&quot; aria-label=\\&quot;Next\\&quot; tabindex=\\&quot;0\\&quot; role=\\&quot;button\\&quot;&gt;&lt;i class=\\&quot;fa fa-angle-right\\&quot;&gt;&lt;\\\/i&gt;&lt;\\\/button&gt;&quot;,&quot;responsive&quot;:[{&quot;breakpoint&quot;:1024,&quot;settings&quot;:{&quot;slidesToShow&quot;:1,&quot;slidesToScroll&quot;:1}},{&quot;breakpoint&quot;:767,&quot;settings&quot;:{&quot;slidesToShow&quot;:1,&quot;slidesToScroll&quot;:1}}]}\" data-equal-height=\"yes\">\n\n\t\t\t\t\t\t\t<div class=\"uael-post-grid__inner uael-post__columns-1 uael-post__columns-tablet-1 uael-post__columns-mobile-1\">\n\t\t\t\n<div class=\"uael-post-wrapper   uekae-devam-eden-projeler \">\n\t<div class=\"uael-post__bg-wrap\">\n\n\t\t\t\t\n\t\t<div class=\"uael-post__inner-wrap\">\n\n\t\t\t\t<div class=\"uael-post__thumbnail\">\n\t\t\t\t\t\t\t<img fetchpriority=\"high\" decoding=\"async\" width=\"1920\" height=\"1080\" src=\"https:\/\/en.bilgem.tubitak.gov.tr\/wp-content\/uploads\/sites\/8\/dijital-tl-img-1.jpg\" class=\"attachment-full size-full wp-image-108357\" alt=\"dijital-tl-img-1\" srcset=\"https:\/\/en.bilgem.tubitak.gov.tr\/wp-content\/uploads\/sites\/8\/dijital-tl-img-1.jpg 1920w, https:\/\/en.bilgem.tubitak.gov.tr\/wp-content\/uploads\/sites\/8\/dijital-tl-img-1-300x169.jpg 300w, https:\/\/en.bilgem.tubitak.gov.tr\/wp-content\/uploads\/sites\/8\/dijital-tl-img-1-1024x576.jpg 1024w, https:\/\/en.bilgem.tubitak.gov.tr\/wp-content\/uploads\/sites\/8\/dijital-tl-img-1-768x432.jpg 768w, https:\/\/en.bilgem.tubitak.gov.tr\/wp-content\/uploads\/sites\/8\/dijital-tl-img-1-1536x864.jpg 1536w, https:\/\/en.bilgem.tubitak.gov.tr\/wp-content\/uploads\/sites\/8\/dijital-tl-img-1-18x10.jpg 18w\" sizes=\"(max-width: 1920px) 100vw, 1920px\" \/>\t\t\t\t\t\t<\/div>\n\t\t\n\t\t\t\n\t\t\t<div class=\"uael-post__content-wrap\">\n\t\t\t\t\t\t<h3 class=\"uael-post__title\">\n\n\t\t\t\t\tDijital Para Projesi\t\t\t\t<\/h3>\n\t\t<div class=\"uael-post__separator-wrap\"><div class=\"uael-post__separator uael-post__gradient-separator\"><\/div><\/div>\n\t\t<div class=\"uael-post__excerpt\">\n\t\t\tUlusal CBDC sistemi geli\u015ftirilmesi (Dijital T\u00fcrk Liras\u0131). Blokzincir ve dijital para konular\u0131nda akademik a\u00e7\u0131k literat\u00fcr\u00fcn takip edilmesi, katk\u0131 sunulmas\u0131, pratik uygulamalar\u0131ndaki teknolojik altyap\u0131lar\u0131n incelenmesi ve analiz edilmesi. Dijital para sistemleri tasar\u0131m\u0131. Blokzincir ve dijital para teknolojilerinin g\u00fcvenlik ve mahremiyet analizi.\t\t<\/div>\n\n\t\t\t\t\t<\/div>\n\t\t\t\n\t\t<\/div>\n\t\t\n\t<\/div>\n\n<\/div>\n\n<div class=\"uael-post-wrapper   uekae-devam-eden-projeler \">\n\t<div class=\"uael-post__bg-wrap\">\n\n\t\t\t\t\n\t\t<div class=\"uael-post__inner-wrap\">\n\n\t\t\t\t<div class=\"uael-post__thumbnail\">\n\t\t\t\t\t\t\t<img decoding=\"async\" width=\"1920\" height=\"1080\" src=\"https:\/\/en.bilgem.tubitak.gov.tr\/wp-content\/uploads\/sites\/8\/dijital-kimlik-img-1.jpg\" class=\"attachment-full size-full wp-image-108348\" alt=\"dijital-kimlik-img-1\" srcset=\"https:\/\/en.bilgem.tubitak.gov.tr\/wp-content\/uploads\/sites\/8\/dijital-kimlik-img-1.jpg 1920w, https:\/\/en.bilgem.tubitak.gov.tr\/wp-content\/uploads\/sites\/8\/dijital-kimlik-img-1-300x169.jpg 300w, https:\/\/en.bilgem.tubitak.gov.tr\/wp-content\/uploads\/sites\/8\/dijital-kimlik-img-1-1024x576.jpg 1024w, https:\/\/en.bilgem.tubitak.gov.tr\/wp-content\/uploads\/sites\/8\/dijital-kimlik-img-1-768x432.jpg 768w, https:\/\/en.bilgem.tubitak.gov.tr\/wp-content\/uploads\/sites\/8\/dijital-kimlik-img-1-1536x864.jpg 1536w, https:\/\/en.bilgem.tubitak.gov.tr\/wp-content\/uploads\/sites\/8\/dijital-kimlik-img-1-18x10.jpg 18w\" sizes=\"(max-width: 1920px) 100vw, 1920px\" \/>\t\t\t\t\t\t<\/div>\n\t\t\n\t\t\t\n\t\t\t<div class=\"uael-post__content-wrap\">\n\t\t\t\t\t\t<h3 class=\"uael-post__title\">\n\n\t\t\t\t\tDijital Kimlik Projesi\t\t\t\t<\/h3>\n\t\t<div class=\"uael-post__separator-wrap\"><div class=\"uael-post__separator uael-post__gradient-separator\"><\/div><\/div>\n\t\t<div class=\"uael-post__excerpt\">\n\t\t\tBlokzincir tabanl\u0131 dijital kimlik y\u00f6netim altyap\u0131lar\u0131n\u0131n geli\u015ftirilmesi. Data ekonomisi ve di\u011fer i\u015f modellerine izin verecek teknolojilerin ara\u015ft\u0131r\u0131lmas\u0131 ve geli\u015ftirilmesi. Benzer proje ve teknolojik geli\u015fmelerin takibi. Blokzincir tabanl\u0131 dijital kimlik sistemlerinin geleneksel dijital d\u00f6n\u00fc\u015f\u00fcm projelerinde kullan\u0131m tasar\u0131m\u0131. Dijital Kimlik ve di\u011fer DLT platformlar\u0131n\u0131n entegrasyonu ara\u015ft\u0131rmalar\u0131. Reg\u00fclasyon \u00e7al\u0131\u015fmalar\u0131na katk\u0131 sa\u011flanmas\u0131.\t\t<\/div>\n\n\t\t\t\t\t<\/div>\n\t\t\t\n\t\t<\/div>\n\t\t\n\t<\/div>\n\n<\/div>\n\n<div class=\"uael-post-wrapper   uekae-devam-eden-projeler \">\n\t<div class=\"uael-post__bg-wrap\">\n\n\t\t\t\t\n\t\t<div class=\"uael-post__inner-wrap\">\n\n\t\t\t\t<div class=\"uael-post__thumbnail\">\n\t\t\t\t\t\t\t<img decoding=\"async\" width=\"1920\" height=\"1080\" src=\"https:\/\/en.bilgem.tubitak.gov.tr\/wp-content\/uploads\/sites\/8\/e-kimlik-projesi-img-1.jpg\" class=\"attachment-full size-full wp-image-108021\" alt=\"e-kimlik-projesi-img-1\" srcset=\"https:\/\/en.bilgem.tubitak.gov.tr\/wp-content\/uploads\/sites\/8\/e-kimlik-projesi-img-1.jpg 1920w, https:\/\/en.bilgem.tubitak.gov.tr\/wp-content\/uploads\/sites\/8\/e-kimlik-projesi-img-1-300x169.jpg 300w, https:\/\/en.bilgem.tubitak.gov.tr\/wp-content\/uploads\/sites\/8\/e-kimlik-projesi-img-1-1024x576.jpg 1024w, https:\/\/en.bilgem.tubitak.gov.tr\/wp-content\/uploads\/sites\/8\/e-kimlik-projesi-img-1-768x432.jpg 768w, https:\/\/en.bilgem.tubitak.gov.tr\/wp-content\/uploads\/sites\/8\/e-kimlik-projesi-img-1-1536x864.jpg 1536w, https:\/\/en.bilgem.tubitak.gov.tr\/wp-content\/uploads\/sites\/8\/e-kimlik-projesi-img-1-18x10.jpg 18w\" sizes=\"(max-width: 1920px) 100vw, 1920px\" \/>\t\t\t\t\t\t<\/div>\n\t\t\n\t\t\t\n\t\t\t<div class=\"uael-post__content-wrap\">\n\t\t\t\t\t\t<h3 class=\"uael-post__title\">\n\n\t\t\t\t\tT.C. Kimlik Kart\u0131 Yayg\u0131nla\u015ft\u0131rma Projesi\t\t\t\t<\/h3>\n\t\t<div class=\"uael-post__separator-wrap\"><div class=\"uael-post__separator uael-post__gradient-separator\"><\/div><\/div>\n\t\t<div class=\"uael-post__excerpt\">\n\t\t\tT.C. Kimlik Kart\u0131 Yayg\u0131nla\u015ft\u0131rma Projesi\u2019nin amac\u0131, farkl\u0131 g\u00fcvenlik seviyelerinde elektronik kimlik do\u011frulamay\u0131 m\u00fcmk\u00fcn k\u0131lan, ak\u0131ll\u0131 kart tabanl\u0131 bir elektronik kimlik do\u011frulama sistemi geli\u015ftirmek ve bu sayede elektronik ortamda sunulan hizmetlere g\u00fcvenli bir \u015fekilde eri\u015fim imk\u00e2n\u0131 sunmakt\u0131r. Proje \u00e7\u0131kt\u0131lar\u0131, N\u00fcfus ve Vatanda\u015fl\u0131k \u0130\u015fleri Genel M\u00fcd\u00fcrl\u00fc\u011f\u00fc taraf\u0131ndan 2015 y\u0131l\u0131 May\u0131s ay\u0131ndan itibaren g\u00fcn\u00fcm\u00fcze kadar ba\u015far\u0131l\u0131 bir \u015fekilde kullan\u0131lmakta olup, T\u00dcB\u0130TAK B\u0130LGEM, T.C. Kimlik Kart\u0131 Yayg\u0131nla\u015ft\u0131rma Faaliyetleri alt\u0131nda kamu kurumlar\u0131na veya \u00f6zel te\u015febb\u00fcslere, talepleri do\u011frultusunda, sunumlar ger\u00e7ekle\u015ftirmekte ve e-kimlik end\u00fcstri entegrasyonu hizmeti vermektedir. Sunulan hizmetler ile ilgili detayl\u0131 bilgiye www.ekds.gov.tr web sitesinden eri\u015fim sa\u011flanabilmektedir.\t\t<\/div>\n\n\t\t\t\t\t<\/div>\n\t\t\t\n\t\t<\/div>\n\t\t\n\t<\/div>\n\n<\/div>\n\n<div class=\"uael-post-wrapper   uekae-devam-eden-projeler \">\n\t<div class=\"uael-post__bg-wrap\">\n\n\t\t\t\t\n\t\t<div class=\"uael-post__inner-wrap\">\n\n\t\t\t\t<div class=\"uael-post__thumbnail\">\n\t\t\t\t\t\t\t<img loading=\"lazy\" decoding=\"async\" width=\"1920\" height=\"1080\" src=\"https:\/\/en.bilgem.tubitak.gov.tr\/wp-content\/uploads\/sites\/8\/kart-yonetim-sistemi-gelistirme-img-1.jpg\" class=\"attachment-full size-full wp-image-108333\" alt=\"kart-yonetim-sistemi-gelistirme-img-1\" srcset=\"https:\/\/en.bilgem.tubitak.gov.tr\/wp-content\/uploads\/sites\/8\/kart-yonetim-sistemi-gelistirme-img-1.jpg 1920w, https:\/\/en.bilgem.tubitak.gov.tr\/wp-content\/uploads\/sites\/8\/kart-yonetim-sistemi-gelistirme-img-1-300x169.jpg 300w, https:\/\/en.bilgem.tubitak.gov.tr\/wp-content\/uploads\/sites\/8\/kart-yonetim-sistemi-gelistirme-img-1-1024x576.jpg 1024w, https:\/\/en.bilgem.tubitak.gov.tr\/wp-content\/uploads\/sites\/8\/kart-yonetim-sistemi-gelistirme-img-1-768x432.jpg 768w, https:\/\/en.bilgem.tubitak.gov.tr\/wp-content\/uploads\/sites\/8\/kart-yonetim-sistemi-gelistirme-img-1-1536x864.jpg 1536w, https:\/\/en.bilgem.tubitak.gov.tr\/wp-content\/uploads\/sites\/8\/kart-yonetim-sistemi-gelistirme-img-1-18x10.jpg 18w\" sizes=\"(max-width: 1920px) 100vw, 1920px\" \/>\t\t\t\t\t\t<\/div>\n\t\t\n\t\t\t\n\t\t\t<div class=\"uael-post__content-wrap\">\n\t\t\t\t\t\t<h3 class=\"uael-post__title\">\n\n\t\t\t\t\tKart Y\u00f6netim Sistemi Geli\u015ftirme ve Teknoloji Transferi Projesi\t\t\t\t<\/h3>\n\t\t<div class=\"uael-post__separator-wrap\"><div class=\"uael-post__separator uael-post__gradient-separator\"><\/div><\/div>\n\t\t<div class=\"uael-post__excerpt\">\n\t\t\tKart Y\u00f6netim Sistemi Geli\u015ftirme ve Teknoloji Transferi Projesi\u2019nin amac\u0131, N\u00fcfus ve Vatanda\u015fl\u0131k \u0130\u015fleri Genel M\u00fcd\u00fcrl\u00fc\u011f\u00fcnce y\u00fcr\u00fct\u00fclen 2. Nesil Pasaport Projesi\u2019nde kullan\u0131lmak \u00fczere Pasaport Y\u00f6netim Sistemi\u2019nin geli\u015ftirilmesi ve teknoloji transferinin ger\u00e7ekle\u015ftirilmesidir. Emniyet Genel M\u00fcd\u00fcrl\u00fc\u011f\u00fc taraf\u0131ndan y\u00fcr\u00fct\u00fclmekte olan elektronik pasaport ba\u015fvuru ve ki\u015fiselle\u015ftirme s\u00fcre\u00e7leri, 2018 y\u0131l\u0131 itibari ile N\u00fcfus ve Vatanda\u015fl\u0131k \u0130\u015fleri Genel M\u00fcd\u00fcrl\u00fc\u011f\u00fcne devredilmi\u015ftir. S\u00f6z konusu proje ile UEKAE taraf\u0131ndan Pasaport Y\u00f6netim Sistemi geli\u015ftirilmi\u015f olup teknoloji transferi ger\u00e7ekle\u015ftirilmi\u015ftir. S\u00f6z konusu proje \u00e7\u0131kt\u0131lar\u0131, N\u00fcfus ve Vatanda\u015fl\u0131k \u0130\u015fleri Genel M\u00fcd\u00fcrl\u00fc\u011f\u00fc taraf\u0131ndan 2018 y\u0131l\u0131 Nisan ay\u0131ndan itibaren g\u00fcn\u00fcm\u00fcze kadar ba\u015far\u0131l\u0131 bir \u015fekilde kullan\u0131lmaktad\u0131r.\t\t<\/div>\n\n\t\t\t\t\t<\/div>\n\t\t\t\n\t\t<\/div>\n\t\t\n\t<\/div>\n\n<\/div>\n\n<div class=\"uael-post-wrapper   uekae-devam-eden-projeler \">\n\t<div class=\"uael-post__bg-wrap\">\n\n\t\t\t\t\n\t\t<div class=\"uael-post__inner-wrap\">\n\n\t\t\t\t<div class=\"uael-post__thumbnail\">\n\t\t\t\t\t\t\t<img loading=\"lazy\" decoding=\"async\" width=\"1920\" height=\"1080\" src=\"https:\/\/en.bilgem.tubitak.gov.tr\/wp-content\/uploads\/sites\/8\/ulusal-marker-kontrol-img-1.jpg\" class=\"attachment-full size-full wp-image-108321\" alt=\"ulusal-marker-kontrol-img-1\" srcset=\"https:\/\/en.bilgem.tubitak.gov.tr\/wp-content\/uploads\/sites\/8\/ulusal-marker-kontrol-img-1.jpg 1920w, https:\/\/en.bilgem.tubitak.gov.tr\/wp-content\/uploads\/sites\/8\/ulusal-marker-kontrol-img-1-300x169.jpg 300w, https:\/\/en.bilgem.tubitak.gov.tr\/wp-content\/uploads\/sites\/8\/ulusal-marker-kontrol-img-1-1024x576.jpg 1024w, https:\/\/en.bilgem.tubitak.gov.tr\/wp-content\/uploads\/sites\/8\/ulusal-marker-kontrol-img-1-768x432.jpg 768w, https:\/\/en.bilgem.tubitak.gov.tr\/wp-content\/uploads\/sites\/8\/ulusal-marker-kontrol-img-1-1536x864.jpg 1536w, https:\/\/en.bilgem.tubitak.gov.tr\/wp-content\/uploads\/sites\/8\/ulusal-marker-kontrol-img-1-18x10.jpg 18w\" sizes=\"(max-width: 1920px) 100vw, 1920px\" \/>\t\t\t\t\t\t<\/div>\n\t\t\n\t\t\t\n\t\t\t<div class=\"uael-post__content-wrap\">\n\t\t\t\t\t\t<h3 class=\"uael-post__title\">\n\n\t\t\t\t\tAkaryak\u0131t Marker Kontrol Cihazlar\u0131 ve Denetim Sistemi (Ulusal Marker ve Firma Marker)\t\t\t\t<\/h3>\n\t\t<div class=\"uael-post__separator-wrap\"><div class=\"uael-post__separator uael-post__gradient-separator\"><\/div><\/div>\n\t\t<div class=\"uael-post__excerpt\">\n\t\t\tAkaryak\u0131t Marker Kontrol Cihazlar\u0131 ve Denetim Sistemi (Ulusal Marker ve Firma Marker), kay\u0131t d\u0131\u015f\u0131 \u00fcretim ve ka\u00e7ak\u00e7\u0131l\u0131kla elde edilen akaryak\u0131tlar\u0131n petrol piyasas\u0131nda da\u011f\u0131t\u0131lmas\u0131n\u0131 \u00f6nlemek, yak\u0131t pazar\u0131n\u0131n m\u00fcmk\u00fcn olan en \u00fcst seviyede denetimini sa\u011flamak ve vergi gelirlerini art\u0131rmak i\u00e7in geli\u015ftirilip \u00fcretilmektedir. Ulusal Marker Kontrol Sistemi; akaryak\u0131tlar\u0131n saha denetimlerinde Ulusal Marker\u2019\u0131n tespiti ve konsantrasyon \u00f6l\u00e7\u00fcm\u00fcn\u00fc yapan Ulusal Marker Saha Kontrol Cihazlar\u0131 (MarkerXP+), akaryak\u0131t da\u011f\u0131t\u0131m \u015firketlerinin laboratuvarlar\u0131nda akaryak\u0131tlardaki Ulusal Marker\u2019\u0131n konsantrasyon \u00f6l\u00e7\u00fcm\u00fcn\u00fc yapan Ulusal Marker Konsantrasyon \u00d6l\u00e7\u00fcm Cihazlar\u0131 (MarkerK+) ve Veri Toplama Merkezinden olu\u015fmaktad\u0131r. 2007 y\u0131l\u0131ndan itibaren Polis, Jandarma, Sahil G\u00fcvenlik, G\u00fcmr\u00fck M\u00fcste\u015farl\u0131\u011f\u0131, Sanayi ve Teknoloji Bakanl\u0131\u011f\u0131 birimlerince; rafinerilerde, akaryak\u0131t istasyonlar\u0131nda, ta\u015f\u0131ma tankerlerinde, depolama sahalar\u0131nda yap\u0131lan denetimlerde ka\u00e7ak akaryak\u0131t tespitinde kullan\u0131lmaktad\u0131r. Firma Marker Kontrol Sistemi; akaryak\u0131t firmalar\u0131n\u0131n satmakta olduklar\u0131 akaryak\u0131tlar\u0131 tan\u0131yabilmeleri, istasyonlar\u0131n\u0131 denetleyebilmeleri ve hizmet kalitelerini art\u0131rabilmeleri i\u00e7in geli\u015ftirilip \u00fcretilmektedir.\t\t<\/div>\n\n\t\t\t\t\t<\/div>\n\t\t\t\n\t\t<\/div>\n\t\t\n\t<\/div>\n\n<\/div>\n\n<div class=\"uael-post-wrapper   uekae-devam-eden-projeler \">\n\t<div class=\"uael-post__bg-wrap\">\n\n\t\t\t\t\n\t\t<div class=\"uael-post__inner-wrap\">\n\n\t\t\t\t<div class=\"uael-post__thumbnail\">\n\t\t\t\t\t\t\t<img loading=\"lazy\" decoding=\"async\" width=\"1920\" height=\"1080\" src=\"https:\/\/en.bilgem.tubitak.gov.tr\/wp-content\/uploads\/sites\/8\/milli-acik-anahtar-altyapisi-img-1.jpg\" class=\"attachment-full size-full wp-image-108312\" alt=\"milli-acik-anahtar-altyapisi-img-1\" srcset=\"https:\/\/en.bilgem.tubitak.gov.tr\/wp-content\/uploads\/sites\/8\/milli-acik-anahtar-altyapisi-img-1.jpg 1920w, https:\/\/en.bilgem.tubitak.gov.tr\/wp-content\/uploads\/sites\/8\/milli-acik-anahtar-altyapisi-img-1-300x169.jpg 300w, https:\/\/en.bilgem.tubitak.gov.tr\/wp-content\/uploads\/sites\/8\/milli-acik-anahtar-altyapisi-img-1-1024x576.jpg 1024w, https:\/\/en.bilgem.tubitak.gov.tr\/wp-content\/uploads\/sites\/8\/milli-acik-anahtar-altyapisi-img-1-768x432.jpg 768w, https:\/\/en.bilgem.tubitak.gov.tr\/wp-content\/uploads\/sites\/8\/milli-acik-anahtar-altyapisi-img-1-1536x864.jpg 1536w, https:\/\/en.bilgem.tubitak.gov.tr\/wp-content\/uploads\/sites\/8\/milli-acik-anahtar-altyapisi-img-1-18x10.jpg 18w\" sizes=\"(max-width: 1920px) 100vw, 1920px\" \/>\t\t\t\t\t\t<\/div>\n\t\t\n\t\t\t\n\t\t\t<div class=\"uael-post__content-wrap\">\n\t\t\t\t\t\t<h3 class=\"uael-post__title\">\n\n\t\t\t\t\tMill\u00ee A\u00e7\u0131k Anahtar Altyap\u0131s\u0131 Projesi\t\t\t\t<\/h3>\n\t\t<div class=\"uael-post__separator-wrap\"><div class=\"uael-post__separator uael-post__gradient-separator\"><\/div><\/div>\n\t\t<div class=\"uael-post__excerpt\">\n\t\t\tA\u00e7\u0131k Anahtar Altyap\u0131s\u0131 (AAA\/PKI) teknolojileri; \u00f6zellikle elektronik kimlik kart\u0131, elektronik imza ve e-devlet uygulamalar\u0131n\u0131n temelini olu\u015fturmaktad\u0131r. MA3 Projesi kapsam\u0131nda geli\u015ftirilen Elektronik Sertifika Y\u00f6netim Altyap\u0131s\u0131 (ESYA), AAA teknolojilerinin kalbini olu\u015fturan elektronik sertifikalar\u0131n \u00fcretilmesi ve y\u00f6netimini ger\u00e7ekle\u015ftiren \u00fclkemizdeki tek mill\u00ee yaz\u0131l\u0131md\u0131r ve bu alanda Ortak Kriter (Common Criteria, CC) EAL4+ sertifikas\u0131 olan d\u00fcnyadaki say\u0131l\u0131 \u00fcr\u00fcnlerden biridir. T\u00fcrkiye&#8217;de kamu kurumlar\u0131na sertifika vermekle yetkili olan KamuSM Sertifika hizmet sa\u011flay\u0131c\u0131s\u0131nda ESYA yaz\u0131l\u0131m\u0131 kullan\u0131lmaktad\u0131r. T\u00fcrkiye Cumhuriyeti Kimlik Kart\u0131 Projesi ve e-Pasaport Projesi kapsam\u0131nda \u00fcretilecek sertifikalar\u0131n \u00fcretimi ve y\u00f6netimi ESYA yaz\u0131l\u0131mlar\u0131 ile ger\u00e7ekle\u015ftirilmektedir. Ayr\u0131ca Zaman Damgas\u0131 Sunucusu ve Zaman Damgas\u0131 \u0130stemcisi yayg\u0131n olarak kullan\u0131lan di\u011fer uygulamalar\u0131m\u0131zd\u0131r. Kermen PKI \u0130stemcisi masa\u00fcst\u00fc g\u00fcvenlik hizmetleri sunan bir istemci uygulama ailesidir. MA3 API e-\u0130mza ve \u015eifreleme K\u00fct\u00fcphaneleri, e-Yaz\u0131\u015fma, e-Devlet, UYAP, e-Defter, e-Fatura, e-Re\u00e7ete gibi projelerin altyap\u0131s\u0131n\u0131 olu\u015fturmakt\u0131r. Yaz\u0131l\u0131m firmalar\u0131, telekom\u00fcnikasyon firmalar\u0131, bankalar, \u00fcniversiteler ve kamu kurumlar\u0131 MA3 API\u2019yi kullanarak y\u00fczlerce e-\u0130mza \u00fcr\u00fcn\u00fc geli\u015ftirmi\u015ftir ve geli\u015ftirmektedir. Bu kurumlara yaz\u0131l\u0131m deste\u011fi verilmeye devam edilmektedir. ESYA, KERMEN ve MA3 API \u00fcr\u00fcnlerimiz ba\u015fta T\u00fcrk Silahl\u0131 Kuvvetleri olmak \u00fczere bir\u00e7ok \u00f6zel ve kamu kurumunda yayg\u0131n bir \u015fekilde kullan\u0131lmaktad\u0131r. \u00dcr\u00fcnlerimizin de\u011fi\u015fen ve geli\u015fen teknoloji ve standartlara (ETSI, RFC ve ISO vb.) g\u00f6re g\u00fcncellemeleri yap\u0131lmakta ve ihtiya\u00e7lar do\u011frultusunda \u00fcr\u00fcnlere yeni \u00f6zellikler eklenmektedir.\t\t<\/div>\n\n\t\t\t\t\t<\/div>\n\t\t\t\n\t\t<\/div>\n\t\t\n\t<\/div>\n\n<\/div>\n\n<div class=\"uael-post-wrapper   uekae-devam-eden-projeler \">\n\t<div class=\"uael-post__bg-wrap\">\n\n\t\t\t\t\n\t\t<div class=\"uael-post__inner-wrap\">\n\n\t\t\t\t<div class=\"uael-post__thumbnail\">\n\t\t\t\t\t\t\t<img loading=\"lazy\" decoding=\"async\" width=\"1920\" height=\"1080\" src=\"https:\/\/en.bilgem.tubitak.gov.tr\/wp-content\/uploads\/sites\/8\/medas-img-1.jpg\" class=\"attachment-full size-full wp-image-108303\" alt=\"medas-img-1\" srcset=\"https:\/\/en.bilgem.tubitak.gov.tr\/wp-content\/uploads\/sites\/8\/medas-img-1.jpg 1920w, https:\/\/en.bilgem.tubitak.gov.tr\/wp-content\/uploads\/sites\/8\/medas-img-1-300x169.jpg 300w, https:\/\/en.bilgem.tubitak.gov.tr\/wp-content\/uploads\/sites\/8\/medas-img-1-1024x576.jpg 1024w, https:\/\/en.bilgem.tubitak.gov.tr\/wp-content\/uploads\/sites\/8\/medas-img-1-768x432.jpg 768w, https:\/\/en.bilgem.tubitak.gov.tr\/wp-content\/uploads\/sites\/8\/medas-img-1-1536x864.jpg 1536w, https:\/\/en.bilgem.tubitak.gov.tr\/wp-content\/uploads\/sites\/8\/medas-img-1-18x10.jpg 18w\" sizes=\"(max-width: 1920px) 100vw, 1920px\" \/>\t\t\t\t\t\t<\/div>\n\t\t\n\t\t\t\n\t\t\t<div class=\"uael-post__content-wrap\">\n\t\t\t\t\t\t<h3 class=\"uael-post__title\">\n\n\t\t\t\t\tMesaj ve Evrak Da\u011f\u0131t\u0131m Sistemi \/ MEDAS-3\t\t\t\t<\/h3>\n\t\t<div class=\"uael-post__separator-wrap\"><div class=\"uael-post__separator uael-post__gradient-separator\"><\/div><\/div>\n\t\t<div class=\"uael-post__excerpt\">\n\t\t\tMEDAS-3 Projesi\u2019nin amac\u0131, MEDAS\u2019\u0131n tesisi ve i\u015fletimi s\u0131ras\u0131nda elde edilen tecr\u00fcbeler kapsam\u0131nda, teknolojik geli\u015fmelerle ortaya \u00e7\u0131kan yeni ihtiya\u00e7lar\u0131 kar\u015f\u0131lamak ve h\u00e2lihaz\u0131rda TSK\u2019da kullan\u0131lmakta olan MEDAS i\u00e7indeki yabanc\u0131 kaynakl\u0131 haz\u0131r ticari \u00fcr\u00fcnleri NATO ve uluslararas\u0131 standartlar dikkate al\u0131narak millile\u015ftirebilmek maksad\u0131yla ger\u00e7ekle\u015ftirilen Mill\u00ee Asker\u00ee Mesajla\u015fma Sistemi (MAMS\u0130S) Projesi ile kazan\u0131lan mill\u00ee yeteneklerin sisteme d\u00e2hil edilerek sistemin geli\u015ftirilmesi ve millile\u015ftirilmesidir. 2018 y\u0131l\u0131nda ba\u015flayan ve 2019 y\u0131l\u0131nda tamamlanan projenin \u00e7\u0131kt\u0131lar\u0131, uluslararas\u0131 standartlara uygun ve ulusal ihtiya\u00e7lar g\u00f6zetilerek mill\u00ee olarak geli\u015ftirilmi\u015f olan mesajla\u015fma ve dizin yaz\u0131l\u0131mlar\u0131 olacakt\u0131r. Proje kapsam\u0131nda mevcut d\u0131\u015f sistemlerle (taktik ve stratejik sahada) entegrasyon sa\u011flanacakt\u0131r. Proje bitiminden sonra 2 y\u0131l garanti hizmeti verilecektir. Proje kapsam\u0131nda geli\u015ftirilecek\/geni\u015fletilecek olan \u00fcr\u00fcnler \u015funlard\u0131r:\u00a0 X.400 Mesaj Aktarma Sunucu (MAS) Yaz\u0131l\u0131m\u0131, Adres Listesi Y\u00f6netim Birimi (ALYB) Yaz\u0131l\u0131m\u0131, Havale Y\u00f6netim Birimi (HYB) Yaz\u0131l\u0131m\u0131, Sistemler Aras\u0131 Ge\u00e7it Birimi (SAGB) Yaz\u0131l\u0131m\u0131, \u0130stemci Yaz\u0131l\u0131m\u0131, Y\u00f6netim Arac\u0131 Yaz\u0131l\u0131m\u0131. Proje&#8217;nin temel hedefleri ve kazan\u0131mlar\u0131 \u015fu \u015fekildedir: MAMS\u0130S Projesi ile kazan\u0131lan mill\u00ee yeteneklerin kullan\u0131c\u0131 geri beslemeleri do\u011frultusunda geni\u015fletilerek sisteme d\u00e2hil edilmesi, sistemin i\u015fletme ve y\u00f6netiminin kolayla\u015ft\u0131r\u0131lmas\u0131 amac\u0131yla mesajla\u015fma ve dizin sistemleri y\u00f6netim aray\u00fczlerinin tekille\u015ftirilerek mimari yap\u0131da de\u011fi\u015fikliklere gidilmesi, i\u015fletim sistemi ve g\u00fcvenlik yaz\u0131l\u0131mlar\u0131n\u0131n en son s\u00fcr\u00fcmleri ile g\u00fcncellenmesi, TSK \u00e7ap\u0131nda stratejik, operatif ve taktik seviyede kullan\u0131lan\/kullan\u0131lacak olan ve mesajla\u015fma altyap\u0131s\u0131n\u0131 destekleyebilen sistemler ile b\u00fct\u00fcnle\u015fik olarak \u00e7al\u0131\u015fabilen bir yap\u0131 olu\u015fturulmas\u0131.\t\t<\/div>\n\n\t\t\t\t\t<\/div>\n\t\t\t\n\t\t<\/div>\n\t\t\n\t<\/div>\n\n<\/div>\n\n<div class=\"uael-post-wrapper   uekae-devam-eden-projeler \">\n\t<div class=\"uael-post__bg-wrap\">\n\n\t\t\t\t\n\t\t<div class=\"uael-post__inner-wrap\">\n\n\t\t\t\t<div class=\"uael-post__thumbnail\">\n\t\t\t\t\t\t\t<img loading=\"lazy\" decoding=\"async\" width=\"1920\" height=\"1080\" src=\"https:\/\/en.bilgem.tubitak.gov.tr\/wp-content\/uploads\/sites\/8\/akilli-kart-projesi-img-1.jpg\" class=\"attachment-full size-full wp-image-108291\" alt=\"akilli-kart-projesi-img-1\" srcset=\"https:\/\/en.bilgem.tubitak.gov.tr\/wp-content\/uploads\/sites\/8\/akilli-kart-projesi-img-1.jpg 1920w, https:\/\/en.bilgem.tubitak.gov.tr\/wp-content\/uploads\/sites\/8\/akilli-kart-projesi-img-1-300x169.jpg 300w, https:\/\/en.bilgem.tubitak.gov.tr\/wp-content\/uploads\/sites\/8\/akilli-kart-projesi-img-1-1024x576.jpg 1024w, https:\/\/en.bilgem.tubitak.gov.tr\/wp-content\/uploads\/sites\/8\/akilli-kart-projesi-img-1-768x432.jpg 768w, https:\/\/en.bilgem.tubitak.gov.tr\/wp-content\/uploads\/sites\/8\/akilli-kart-projesi-img-1-1536x864.jpg 1536w, https:\/\/en.bilgem.tubitak.gov.tr\/wp-content\/uploads\/sites\/8\/akilli-kart-projesi-img-1-18x10.jpg 18w\" sizes=\"(max-width: 1920px) 100vw, 1920px\" \/>\t\t\t\t\t\t<\/div>\n\t\t\n\t\t\t\n\t\t\t<div class=\"uael-post__content-wrap\">\n\t\t\t\t\t\t<h3 class=\"uael-post__title\">\n\n\t\t\t\t\tAk\u0131ll\u0131 Kart Projesi\t\t\t\t<\/h3>\n\t\t<div class=\"uael-post__separator-wrap\"><div class=\"uael-post__separator uael-post__gradient-separator\"><\/div><\/div>\n\t\t<div class=\"uael-post__excerpt\">\n\t\t\tY\u0130TAL, entegre devre tasar\u0131m\u0131ndaki yo\u011fun tecr\u00fcbesi ve Avrupa Birli\u011fi 6. \u00c7er\u00e7eve Program\u0131 sayesinde kazan\u0131lan g\u00fcvenli devre tasar\u0131m\u0131 bilgi birikimi ile 2011\u2019de T\u00fcrkiye\u2019nin ilk temasl\u0131 Mill\u00ee Ak\u0131ll\u0131 Kart entegre devresini tasarlam\u0131\u015f ve kullan\u0131ma sunmu\u015ftur. 2011\u2019den beri farkl\u0131 s\u00fcr\u00fcmlerinin geli\u015ftirildi\u011fi temasl\u0131 ak\u0131ll\u0131 kartlar uluslararas\u0131 ge\u00e7erlili\u011fi olan\u00a0 EAL5+ G\u00fcvenlik Sertfikas\u0131&#8217;na sahiptirler. T\u00fcrkiye\u2019nin ulusal kimlik ak\u0131ll\u0131 kartlar\u0131n\u0131n tek tasar\u0131mc\u0131s\u0131 olan Y\u0130TAL, 2018 y\u0131l\u0131nda \u00e7ift aray\u00fczl\u00fc (temasl\u0131 ve temass\u0131z) ulusal ak\u0131ll\u0131 kart\u0131 geli\u015ftirmi\u015ftir.\t\t<\/div>\n\n\t\t\t\t\t<\/div>\n\t\t\t\n\t\t<\/div>\n\t\t\n\t<\/div>\n\n<\/div>\n\n<div class=\"uael-post-wrapper   uekae-devam-eden-projeler \">\n\t<div class=\"uael-post__bg-wrap\">\n\n\t\t\t\t\n\t\t<div class=\"uael-post__inner-wrap\">\n\n\t\t\t\t<div class=\"uael-post__thumbnail\">\n\t\t\t\t\t\t\t<img loading=\"lazy\" decoding=\"async\" width=\"1920\" height=\"1080\" src=\"https:\/\/en.bilgem.tubitak.gov.tr\/wp-content\/uploads\/sites\/8\/biyoaerosol-img-1.jpg\" class=\"attachment-full size-full wp-image-108258\" alt=\"biyoaerosol-img-1\" srcset=\"https:\/\/en.bilgem.tubitak.gov.tr\/wp-content\/uploads\/sites\/8\/biyoaerosol-img-1.jpg 1920w, https:\/\/en.bilgem.tubitak.gov.tr\/wp-content\/uploads\/sites\/8\/biyoaerosol-img-1-300x169.jpg 300w, https:\/\/en.bilgem.tubitak.gov.tr\/wp-content\/uploads\/sites\/8\/biyoaerosol-img-1-1024x576.jpg 1024w, https:\/\/en.bilgem.tubitak.gov.tr\/wp-content\/uploads\/sites\/8\/biyoaerosol-img-1-768x432.jpg 768w, https:\/\/en.bilgem.tubitak.gov.tr\/wp-content\/uploads\/sites\/8\/biyoaerosol-img-1-1536x864.jpg 1536w, https:\/\/en.bilgem.tubitak.gov.tr\/wp-content\/uploads\/sites\/8\/biyoaerosol-img-1-18x10.jpg 18w\" sizes=\"(max-width: 1920px) 100vw, 1920px\" \/>\t\t\t\t\t\t<\/div>\n\t\t\n\t\t\t\n\t\t\t<div class=\"uael-post__content-wrap\">\n\t\t\t\t\t\t<h3 class=\"uael-post__title\">\n\n\t\t\t\t\tBiyoaerosol Alg\u0131lama Sistemi Projesi\t\t\t\t<\/h3>\n\t\t<div class=\"uael-post__separator-wrap\"><div class=\"uael-post__separator uael-post__gradient-separator\"><\/div><\/div>\n\t\t<div class=\"uael-post__excerpt\">\n\t\t\tProje kapsam\u0131nda, KBRN alan\u0131nda y\u00fcr\u00fct\u00fclen \u00e7al\u0131\u015fmalarda ortamdaki havada bulunan 0,3-5 mikron \u00e7ap\u0131ndaki aerosollerin optik tabanl\u0131 sistem ile tespit edilmesi ama\u00e7lanmaktad\u0131r. Geli\u015ftirilecek cihaz i\u00e7erisindeki sisteme pompalar yoluyla aktar\u0131lacak ortam havas\u0131n\u0131n i\u00e7erisindeki partik\u00fcller lazer ile uyar\u0131larak \u00f6l\u00e7\u00fcmlenmektedir. Havadaki tehdit partik\u00fcllerinin boyutlar\u0131n\u0131n beklenen aral\u0131kta olmas\u0131, miktar\u0131n\u0131n belirli bir e\u015fik de\u011ferini ge\u00e7mesi ve boyut da\u011f\u0131l\u0131m\u0131 floresans oranlar\u0131n\u0131n de\u011feri ile cihaz alarm durumuna ge\u00e7ecek ve tespit edilen partik\u00fcllerin biyolojik olup olmad\u0131\u011f\u0131 anla\u015f\u0131lacakt\u0131r. Proje sonunda ortaya \u00e7\u0131kacak \u00fcr\u00fcn insanl\u0131 ve insans\u0131z olarak kullan\u0131labilen her t\u00fcrl\u00fc kara-hava-deniz platformlar\u0131na entegre edilebilecek, bu platformlardaki KBRN sistemleri ile entegrasyonu ve haberle\u015fmesi sa\u011flanarak bu sayede sivil ve asker\u00ee alandaki biyolojik tehditlerin (biyo sald\u0131r\u0131, ter\u00f6r, vir\u00fcs vb.) uzaktan ve erken tespiti m\u00fcmk\u00fcn olabilecektir.\t\t<\/div>\n\n\t\t\t\t\t<\/div>\n\t\t\t\n\t\t<\/div>\n\t\t\n\t<\/div>\n\n<\/div>\n\n<div class=\"uael-post-wrapper   uekae-devam-eden-projeler \">\n\t<div class=\"uael-post__bg-wrap\">\n\n\t\t\t\t\n\t\t<div class=\"uael-post__inner-wrap\">\n\n\t\t\t\t<div class=\"uael-post__thumbnail\">\n\t\t\t\t\t\t\t<img loading=\"lazy\" decoding=\"async\" width=\"1920\" height=\"1080\" src=\"https:\/\/en.bilgem.tubitak.gov.tr\/wp-content\/uploads\/sites\/8\/safir-posta-kurumnet-img-1.jpg\" class=\"attachment-full size-full wp-image-108246\" alt=\"safir-posta-kurumnet-img-1\" srcset=\"https:\/\/en.bilgem.tubitak.gov.tr\/wp-content\/uploads\/sites\/8\/safir-posta-kurumnet-img-1.jpg 1920w, https:\/\/en.bilgem.tubitak.gov.tr\/wp-content\/uploads\/sites\/8\/safir-posta-kurumnet-img-1-300x169.jpg 300w, https:\/\/en.bilgem.tubitak.gov.tr\/wp-content\/uploads\/sites\/8\/safir-posta-kurumnet-img-1-1024x576.jpg 1024w, https:\/\/en.bilgem.tubitak.gov.tr\/wp-content\/uploads\/sites\/8\/safir-posta-kurumnet-img-1-768x432.jpg 768w, https:\/\/en.bilgem.tubitak.gov.tr\/wp-content\/uploads\/sites\/8\/safir-posta-kurumnet-img-1-1536x864.jpg 1536w, https:\/\/en.bilgem.tubitak.gov.tr\/wp-content\/uploads\/sites\/8\/safir-posta-kurumnet-img-1-18x10.jpg 18w\" sizes=\"(max-width: 1920px) 100vw, 1920px\" \/>\t\t\t\t\t\t<\/div>\n\t\t\n\t\t\t\n\t\t\t<div class=\"uael-post__content-wrap\">\n\t\t\t\t\t\t<h3 class=\"uael-post__title\">\n\n\t\t\t\t\tSafir Posta (KurumNet)\t\t\t\t<\/h3>\n\t\t<div class=\"uael-post__separator-wrap\"><div class=\"uael-post__separator uael-post__gradient-separator\"><\/div><\/div>\n\t\t<div class=\"uael-post__excerpt\">\n\t\t\tSafir Posta; g\u00fcvenli e-posta al\u0131\u015fveri\u015fi, anl\u0131k mesajla\u015fma, video konferans, takvim ve g\u00f6rev takip i\u015flevlerini bir arada sunan bir \u00fcretkenlik \u00e7\u00f6z\u00fcm\u00fcd\u00fcr. Tamamen mill\u00ee kaynaklarla geli\u015ftirilmi\u015f \u00fcr\u00fcn ailesi Safir Posta\u2019n\u0131n geli\u015ftirme s\u00fcrecinde uluslararas\u0131 standartlara uyum sa\u011flanm\u0131\u015f, ayn\u0131 zamanda ulusal ihtiya\u00e7lar g\u00f6zetilmi\u015ftir. Safir Posta b\u00fct\u00fcnle\u015fik \u00e7al\u0131\u015fan bir\u00e7ok yaz\u0131l\u0131m bile\u015feni i\u00e7ermektedir. Kullan\u0131c\u0131lar aras\u0131nda e-postalar\u0131 iletmek ve muhafaza etmekle g\u00f6revli SMTP\/IMAP\/POP3 standartlar\u0131na uygun \u201cMesaj Aktarma Sunucusu,\u201d kullan\u0131c\u0131 bilgilerinin merkez\u00ee olarak sakland\u0131\u011f\u0131 LDAP standard\u0131na uygun \u201cDizin Sistemi Sunucusu\u201d ve son kullan\u0131c\u0131lar\u0131n e-posta haz\u0131rlamas\u0131na, g\u00f6r\u00fcnt\u00fclemesine imk\u00e2n veren \u201cMesajla\u015fma \u0130stemcisi\u201d (web, Outlook ve masa\u00fcst\u00fc s\u00fcr\u00fcmleri mevcuttur) temel bile\u015fenlerdir. CalDAV sunucusu ve iMIP standard\u0131n\u0131 ger\u00e7ekleyen payla\u015f\u0131labilir takvim ortam\u0131, XMPP \u00fczerinden canl\u0131 sohbet sistemi, \u00e7e\u015fitli video konferans sistemleri ile entegrasyon yetene\u011fi, \u00e7ok fakt\u00f6rl\u00fc kimlik do\u011frulama, platform ba\u011f\u0131ms\u0131z \u00e7al\u0131\u015fabilme \u00f6zelliklerine sahiptir. Kullan\u0131c\u0131lar aras\u0131nda imzal\u0131 ve \u015fifreli mesajla\u015fmaya imk\u00e2n vermektedir. Safir Posta ile; g\u00fc\u00e7l\u00fc kimlik do\u011frulama, hat g\u00fcvenli\u011fi, eri\u015fim denetimi, denetim g\u00fcnl\u00fc\u011f\u00fc ve mesaj g\u00fcvenli\u011fi gibi g\u00fcvenlik i\u015flevleri sa\u011flanmaktad\u0131r. Ayr\u0131ca, uzaktan merkez\u00ee olarak y\u00f6netilebilen sunucu bile\u015fenleri vas\u0131tas\u0131yla yedekleme, yedekten d\u00f6nme ve i\u015f s\u00fcreklili\u011fi gibi i\u015flevler desteklenmektedir. Bu yeteneklere ek olarak, T\u00dcB\u0130TAK B\u0130LGEM taraf\u0131ndan geli\u015ftirilen MA3 \u00fcr\u00fcn ailesine (ESYA, Dirak HSM) entegre olacak \u015fekilde imzal\u0131\/\u015fifreli mesaj g\u00f6nderebilme \u00f6zelliklerine sahiptir. Bunlara ek olarak, T\u00dcB\u0130TAK B\u0130LGEM taraf\u0131ndan mill\u00ee olarak geli\u015ftirmi\u015f olan Safir Depo ve AK\u0130S destekli ak\u0131ll\u0131 kart gibi bile\u015fenlerle birlikte \u00e7al\u0131\u015fabilmektedir. Bu sayede, herhangi bir yabanc\u0131 yaz\u0131l\u0131ma ihtiya\u00e7 duymadan g\u00fcvenli ve g\u00fcvenilir bir e-posta ileti\u015fimi sa\u011flamaktad\u0131r. KurumNet ad\u0131yla 2017\u2019de ba\u015flayan Safir Posta T\u00dcB\u0130TAK B\u0130LGEM kurumsal mesajla\u015fma sistemi olarak, yakla\u015f\u0131k 2.000 kullan\u0131c\u0131 taraf\u0131ndan kullan\u0131lmaktad\u0131r. Kurumlara \u00f6zg\u00fc ihtiya\u00e7lar g\u00f6z \u00f6n\u00fcnde bulundurularak ek geli\u015ftirmeler de yap\u0131labilmektedir. Safir Posta, T.C. Cumhurba\u015fkanl\u0131\u011f\u0131 Savunma Sanayii Ba\u015fkanl\u0131\u011f\u0131 (SSB) himayesinde idame edilen SAVNET altyap\u0131s\u0131nda g\u00fcvenli mesajla\u015fma amac\u0131yla kullan\u0131lmaktad\u0131r. Kurumlarda yayg\u0131nla\u015ft\u0131rma \u00e7al\u0131\u015fmalar\u0131 devam etmektedir. Detayl\u0131 bilgi i\u00e7in https:\/\/kurumnet.bilgem.tubitak.gov.tr\/\t\t<\/div>\n\n\t\t\t\t\t<\/div>\n\t\t\t\n\t\t<\/div>\n\t\t\n\t<\/div>\n\n<\/div>\n\t\t\t\t<\/div>\n\t\t\t\t\t\t\n\t\t<\/div>\n\n\t\t\t\t\t\t<\/div>\n\t\t<div class=\"uael-post__footer\">\n\t\t\t\t\t<\/div>\n\t\t\t\t\t\t<\/div>\n\t\t\t\t<\/div>\n\t\t\t\t<div class=\"elementor-element elementor-element-7401f1c uael-mobile-dual-heading-align-center uael-dual-heading-align-left elementor-widget elementor-widget-uael-dual-color-heading\" data-id=\"7401f1c\" data-element_type=\"widget\" data-e-type=\"widget\" data-widget_type=\"uael-dual-color-heading.default\">\n\t\t\t\t<div class=\"elementor-widget-container\">\n\t\t\t\t\t\t\t\t\t<div class=\"uael-module-content uael-dual-color-heading uael-dual-heading-fill-yes uael-stack-desktop-yes uael-heading-stack-\">\n\t\t\t<h1>\n\t\t\t\t\t\t\t\t\t\t\t\t\t\t\t\t<span class=\"uael-before-heading\"><span class=\"elementor-inline-editing uael-dual-heading-text uael-first-text\" data-elementor-setting-key=\"before_heading_text\" data-elementor-inline-editing-toolbar=\"basic\">Devam Eden  Di\u011fer<\/span><\/span><span class=\"uael-adv-heading-stack\"><span class=\"uael-dual-heading-fill-yes elementor-inline-editing uael-dual-heading-text uael-highlight-text\" data-elementor-setting-key=\"second_heading_text\" data-elementor-inline-editing-toolbar=\"basic\">Projeler<\/span><\/span>\t\t\t\t\t\t\t\t\t\t\t\t\t<\/h1>\n\t\t<\/div>\n\t\t\t\t\t\t<\/div>\n\t\t\t\t<\/div>\n\t\t\t\t<div class=\"elementor-element elementor-element-4d2fcb4 elementor-widget elementor-widget-eael-adv-accordion\" data-id=\"4d2fcb4\" data-element_type=\"widget\" data-e-type=\"widget\" data-widget_type=\"eael-adv-accordion.default\">\n\t\t\t\t<div class=\"elementor-widget-container\">\n\t\t\t\t\t            <div class=\"eael-adv-accordion\" id=\"eael-adv-accordion-4d2fcb4\" data-scroll-on-click=\"no\" data-scroll-speed=\"300\" data-accordion-id=\"4d2fcb4\" data-accordion-type=\"accordion\" data-toogle-speed=\"300\">\n            <div class=\"eael-accordion-list\">\n\t\t\t\t\t<div id=\"ip-kripto-cihazlar-ipkc\" class=\"elementor-tab-title eael-accordion-header\" tabindex=\"0\" data-tab=\"1\" aria-controls=\"elementor-tab-content-8091\"><span class=\"eael-advanced-accordion-icon-closed\"><i aria-hidden=\"true\" class=\"fa-accordion-icon fas fa-plus\"><\/i><\/span><span class=\"eael-advanced-accordion-icon-opened\"><i aria-hidden=\"true\" class=\"fa-accordion-icon fas fa-minus\"><\/i><\/span><span class=\"eael-accordion-tab-title\">IP Kripto Cihazlar\u0131 (IPKC)<\/span><i aria-hidden=\"true\" class=\"fa-toggle fas fa-angle-right\"><\/i><\/div><div id=\"elementor-tab-content-8091\" class=\"eael-accordion-content clearfix\" data-tab=\"1\" aria-labelledby=\"ip-kripto-cihazlar-ipkc\"><p>G\u00fcn\u00fcm\u00fczde a\u011f sistemleri zamanla tek bir a\u011f teknolojisinde birle\u015ftirilmektedir. Gelecekte ise a\u011f sistemlerinin her t\u00fcrl\u00fc veri trafi\u011finin, tamamen IP a\u011flar\u0131 \u00fczerinden aktar\u0131lmas\u0131na dayanan \u201cEverything Over IP\u201d kavram\u0131na dayanaca\u011f\u0131 \u00f6ng\u00f6r\u00fclmektedir.<\/p><p>Bu ba\u011flamda, proje kapsam\u0131nda geli\u015ftirilen IP Kripto Cihazlar\u0131 (IPKC), IP haberle\u015fmesinde bulunan \u00f6zel ya da gizli a\u011flar\u0131n, korumas\u0131z a\u011flar \u00fczerinden y\u00fcksek h\u0131zlarda g\u00fcvenli ileti\u015fimini sa\u011flamaktad\u0131r. Bu sayede \u00e7ok say\u0131da fiziksel hat t\u00fcr\u00fc (kablolu, kablosuz, uydu ve hibrit a\u011flar), \u00e7ok say\u0131da uygulama tek bir teknoloji ile korunmu\u015f olmaktad\u0131r. IP Kripto Sistemi bu a\u011flar\u0131n veri gizlili\u011fini, kimlik do\u011frulu\u011funu ve veri b\u00fct\u00fcnl\u00fc\u011f\u00fcn\u00fc sa\u011flamaktad\u0131r.<\/p><p>IP Kripto Sistemi, g\u00fcvenli ileti\u015fimi sa\u011flayan ve gizli a\u011flar\u0131 birbirine ba\u011flayan IP kripto cihazlar\u0131 ile uzaktan anahtar ve cihaz y\u00f6netimini sa\u011flayan Y\u00f6netim Merkezinden (GYM) olu\u015fur. 2000\u2019li y\u0131llardan g\u00fcn\u00fcm\u00fcze kadar farkl\u0131 ihtiya\u00e7lar i\u00e7in \u00e7e\u015fitli h\u0131zlarda \u00e7e\u015fitli IP Kripto Cihazlar\u0131 (34Mbps\u2019den 9 Gbps\u2019e kadar) geli\u015ftirilmi\u015ftir ve yeni ihtiya\u00e7lara uygun cihazlar\u0131n geli\u015ftirilmesine devam edilmektedir.<\/p><p>Yaz\u0131l\u0131m ve donan\u0131m\u0131 tamamen mill\u00ee olarak tasarlanm\u0131\u015f IP Kripto Sistemleri, ba\u015fta TSK a\u011flar\u0131 olmak \u00fczere, bir\u00e7ok kritik asker\u00ee ve kamu kurulu\u015funun bilgi altyap\u0131s\u0131n\u0131n g\u00fcvenli\u011finde kritik rol oynamaktad\u0131r.<\/p><\/div>\n\t\t\t\t\t<\/div><div class=\"eael-accordion-list\">\n\t\t\t\t\t<div id=\"kripto-radar-projesi\" class=\"elementor-tab-title eael-accordion-header\" tabindex=\"0\" data-tab=\"2\" aria-controls=\"elementor-tab-content-8092\"><span class=\"eael-advanced-accordion-icon-closed\"><i aria-hidden=\"true\" class=\"fa-accordion-icon fas fa-plus\"><\/i><\/span><span class=\"eael-advanced-accordion-icon-opened\"><i aria-hidden=\"true\" class=\"fa-accordion-icon fas fa-minus\"><\/i><\/span><span class=\"eael-accordion-tab-title\">Kripto Radar Projesi<\/span><i aria-hidden=\"true\" class=\"fa-toggle fas fa-angle-right\"><\/i><\/div><div id=\"elementor-tab-content-8092\" class=\"eael-accordion-content clearfix\" data-tab=\"2\" aria-labelledby=\"kripto-radar-projesi\"><p>Kripto para sistemlerinin izleme ve analiz altyap\u0131s\u0131n\u0131n geli\u015ftirilmesi.<\/p><\/div>\n\t\t\t\t\t<\/div><div class=\"eael-accordion-list\">\n\t\t\t\t\t<div id=\"kktc-e-kimlik-kart-ynetim-ve-sertifikasyon-merkezi-projesi\" class=\"elementor-tab-title eael-accordion-header\" tabindex=\"0\" data-tab=\"3\" aria-controls=\"elementor-tab-content-8093\"><span class=\"eael-advanced-accordion-icon-closed\"><i aria-hidden=\"true\" class=\"fa-accordion-icon fas fa-plus\"><\/i><\/span><span class=\"eael-advanced-accordion-icon-opened\"><i aria-hidden=\"true\" class=\"fa-accordion-icon fas fa-minus\"><\/i><\/span><span class=\"eael-accordion-tab-title\">KKTC e-Kimlik Kart\u0131 Y\u00f6netim ve Sertifikasyon Merkezi Projesi<\/span><i aria-hidden=\"true\" class=\"fa-toggle fas fa-angle-right\"><\/i><\/div><div id=\"elementor-tab-content-8093\" class=\"eael-accordion-content clearfix\" data-tab=\"3\" aria-labelledby=\"kktc-e-kimlik-kart-ynetim-ve-sertifikasyon-merkezi-projesi\"><p>KKTC e-Kimlik Kart\u0131 Y\u00f6netim ve Sertifikasyon Merkezi Projesi ile Kuzey K\u0131br\u0131s T\u00fcrk Cumhuriyeti\u2019ne (KKTC) \u00f6zg\u00fc e-Kimlik Kart\u0131 Y\u00f6netim Sistemi ve KKTC Sertifikasyon Merkezinin tasarlanmas\u0131, geli\u015ftirilmesi, kurulumu ve bak\u0131m deste\u011finin sa\u011flanmas\u0131, Kuzey K\u0131br\u0131s T\u00fcrk Cumhuriyeti yurt d\u0131\u015f\u0131 temsilciliklerine kimlik kart\u0131 ba\u015fvuru birimi kurulumu ve bak\u0131m deste\u011finin sa\u011flanmas\u0131 ama\u00e7lanmaktad\u0131r.<br \/>S\u00f6z konusu proje \u00e7\u0131kt\u0131lar\u0131, KKTC \u0130\u00e7i\u015fleri Bakanl\u0131\u011f\u0131 taraf\u0131ndan 2015 y\u0131l\u0131ndan itibaren, d\u0131\u015f temsilcilikleri taraf\u0131ndan da 2017 y\u0131l\u0131ndan itibaren g\u00fcn\u00fcm\u00fcze kadar ba\u015far\u0131l\u0131 bir \u015fekilde kullan\u0131lmaktad\u0131r.<\/p><\/div>\n\t\t\t\t\t<\/div><div class=\"eael-accordion-list\">\n\t\t\t\t\t<div id=\"kement-kripto-modl\" class=\"elementor-tab-title eael-accordion-header\" tabindex=\"0\" data-tab=\"4\" aria-controls=\"elementor-tab-content-8094\"><span class=\"eael-advanced-accordion-icon-closed\"><i aria-hidden=\"true\" class=\"fa-accordion-icon fas fa-plus\"><\/i><\/span><span class=\"eael-advanced-accordion-icon-opened\"><i aria-hidden=\"true\" class=\"fa-accordion-icon fas fa-minus\"><\/i><\/span><span class=\"eael-accordion-tab-title\">KEMENT Kripto Mod\u00fcl\u00fc<\/span><i aria-hidden=\"true\" class=\"fa-toggle fas fa-angle-right\"><\/i><\/div><div id=\"elementor-tab-content-8094\" class=\"eael-accordion-content clearfix\" data-tab=\"4\" aria-labelledby=\"kement-kripto-modl\"><p>KEMENT Kripto Mod\u00fcl\u00fc, M\u00fchimmat Veri A\u011f\u0131 Sistemi&#8217;ndeki haberle\u015fmenin g\u00fcvenli\u011fini sa\u011flamak \u00fczere T\u00dcB\u0130TAK B\u0130LGEM taraf\u0131ndan geli\u015ftirilmi\u015ftir. Mod\u00fcl, Hava Arac\u0131 (F-16) ve M\u00fchimmat (SOM) \u00fczerinde bulunacak terminallere entegre edilerek kullan\u0131l\u0131r.<\/p><p>KEMENT Kripto Mod\u00fcl\u00fc, zaman payla\u015f\u0131ml\u0131\/frekans atlamal\u0131 Taktik Veri A\u011f Sistemlerini destekleyen bir kripto protokol\u00fcne sahip olup, G\u0130ZL\u0130 gizlilik seviyesi g\u00fcvenli haberle\u015fme i\u00e7in COMSEC onay\u0131 al\u0131nm\u0131\u015ft\u0131r.<\/p><\/div>\n\t\t\t\t\t<\/div><div class=\"eael-accordion-list\">\n\t\t\t\t\t<div id=\"iff-m5k-iim-kripto-birimi\" class=\"elementor-tab-title eael-accordion-header\" tabindex=\"0\" data-tab=\"5\" aria-controls=\"elementor-tab-content-8095\"><span class=\"eael-advanced-accordion-icon-closed\"><i aria-hidden=\"true\" class=\"fa-accordion-icon fas fa-plus\"><\/i><\/span><span class=\"eael-advanced-accordion-icon-opened\"><i aria-hidden=\"true\" class=\"fa-accordion-icon fas fa-minus\"><\/i><\/span><span class=\"eael-accordion-tab-title\">IFF M5K-IIM Kripto Birimi<\/span><i aria-hidden=\"true\" class=\"fa-toggle fas fa-angle-right\"><\/i><\/div><div id=\"elementor-tab-content-8095\" class=\"eael-accordion-content clearfix\" data-tab=\"5\" aria-labelledby=\"iff-m5k-iim-kripto-birimi\"><p>IFF M5K-IIM Kripto Birimi, NATO Mod 4\/5 ve Mill\u00ee Mod 4\/5 kripto algoritmalar\u0131n\u0131 kullanarak IFF Mod 4\/5 Sistemlerinde haberle\u015fme ve ileti\u015fim g\u00fcvenli\u011fini sa\u011flamak \u00fczere T\u00dcB\u0130TAK B\u0130LGEM taraf\u0131ndan geli\u015ftirilmi\u015ftir. M5K-IIM Kripto Birimi, IFF Sistemi Sorgulay\u0131c\u0131\/Cevaplay\u0131c\u0131 cihazlar\u0131 ile uyumlu olarak geli\u015ftirilmi\u015ftir. COMSEC, TEMPEST onay\u0131 al\u0131nm\u0131\u015f olan M5K-IIM Kripto Birimleri, MIL-STD-461E standard\u0131na g\u00f6re EMI\/EMC ve MIL-STD-810G standard\u0131na g\u00f6re \u00e7evre ko\u015fullar\u0131na uygun olarak geli\u015ftirilmi\u015ftir.<\/p><p>M5K-IIM Kripto Birimi a\u015fa\u011f\u0131da listelenen cihazlarda kullan\u0131lmaktad\u0131r:<\/p><ul class=\"rteindent1\"><li>K\u0131sa\/Orta Menzilli Sorgulay\u0131c\u0131<\/li><li>Cevaplay\u0131c\u0131<\/li><li>Uzun Menzilli Sorgulay\u0131c\u0131<\/li><li>Birle\u015fik Sorgulay\u0131c\u0131\/Cevaplay\u0131c\u0131<\/li><\/ul><p>Geli\u015ftirmesi tamamlanan M5K-IIM Kripto Birimi&#8217;nin teknoloji transferi yap\u0131lm\u0131\u015ft\u0131r ve kullan\u0131lmaktad\u0131r.<\/p><\/div>\n\t\t\t\t\t<\/div><div class=\"eael-accordion-list\">\n\t\t\t\t\t<div id=\"ekadas-ii\" class=\"elementor-tab-title eael-accordion-header\" tabindex=\"0\" data-tab=\"6\" aria-controls=\"elementor-tab-content-8096\"><span class=\"eael-advanced-accordion-icon-closed\"><i aria-hidden=\"true\" class=\"fa-accordion-icon fas fa-plus\"><\/i><\/span><span class=\"eael-advanced-accordion-icon-opened\"><i aria-hidden=\"true\" class=\"fa-accordion-icon fas fa-minus\"><\/i><\/span><span class=\"eael-accordion-tab-title\">EKADAS-II<\/span><i aria-hidden=\"true\" class=\"fa-toggle fas fa-angle-right\"><\/i><\/div><div id=\"elementor-tab-content-8096\" class=\"eael-accordion-content clearfix\" data-tab=\"6\" aria-labelledby=\"ekadas-ii\"><p>EKADAS-II Sistemi, Ulusal Kripto Anahtar Y\u00f6netim Altyap\u0131s\u0131&#8217;n\u0131n olu\u015fturulmas\u0131, TSK envanterindeki b\u00fct\u00fcn kripto cihazlar\u0131 i\u00e7in kripto anahtar y\u00f6netim yetene\u011finin kazand\u0131r\u0131lmas\u0131; di\u011fer y\u00f6netim sistemleri (NATO, ASELSAN, B\u0130LGEM) ile entegrasyon, g\u00fcvenli, h\u0131zl\u0131, kesintisiz, yayg\u0131n, \u00f6l\u00e7eklenebilir anahtar y\u00f6netimi sa\u011flanmas\u0131 i\u00e7in geli\u015ftirilmi\u015ftir.<\/p><p>Sistemin \u00f6nemli \u00f6zellikleri a\u015fa\u011f\u0131da verilmi\u015ftir:<\/p><ul><li>Her t\u00fcrl\u00fc hassas bilgi (kripto anahtar\u0131 -simetrik\/simetrik- sertifika, yaz\u0131l\u0131m, kod, parola, firmware, konfig\u00fcrasyon\/y\u00f6netim bilgisi, dosya, mesaj vb.) g\u00fcvenli da\u011f\u0131t\u0131m\u0131<\/li><li>Y\u00fcksek kalitede anahtar \u00fcretimi (kuantum ve geleneksel RS\u00dc tekniklerinin kombinasyonu ile)<\/li><li>Anahtar Y\u00f6netim Sistemi (EKMS) kavram\u0131ndan Anahtar Y\u00f6netim Altyap\u0131s\u0131 (KMI) kavram\u0131na ge\u00e7i\u015f<\/li><li>Yeni nesil kripto cihazlar\u0131n\u0131n karma\u015f\u0131k anahtar y\u00f6netimini destekleme<\/li><li>Kripto cihazlar\u0131n\u0131n envanterine g\u00f6re kripto malzemelerinin da\u011f\u0131t\u0131m\u0131 ve muhasebesi<\/li><li>Ortak Anahtar Y\u00f6netim \u00c7at\u0131s\u0131 (OAY\u00c7)<\/li><\/ul><\/div>\n\t\t\t\t\t<\/div><div class=\"eael-accordion-list\">\n\t\t\t\t\t<div id=\"ytda-mesaj-letim-sistemi\" class=\"elementor-tab-title eael-accordion-header\" tabindex=\"0\" data-tab=\"7\" aria-controls=\"elementor-tab-content-8097\"><span class=\"eael-advanced-accordion-icon-closed\"><i aria-hidden=\"true\" class=\"fa-accordion-icon fas fa-plus\"><\/i><\/span><span class=\"eael-advanced-accordion-icon-opened\"><i aria-hidden=\"true\" class=\"fa-accordion-icon fas fa-minus\"><\/i><\/span><span class=\"eael-accordion-tab-title\">YTDA Mesaj \u0130\u015fletim Sistemi<\/span><i aria-hidden=\"true\" class=\"fa-toggle fas fa-angle-right\"><\/i><\/div><div id=\"elementor-tab-content-8097\" class=\"eael-accordion-content clearfix\" data-tab=\"7\" aria-labelledby=\"ytda-mesaj-letim-sistemi\"><p>Yeni Tip Denizalt\u0131 (YTDA) Mesaj \u0130\u015fletim Sistemi Projesi\u2019nin amac\u0131, Deniz Kuvvetleri Komutanl\u0131\u011f\u0131n\u0131n ihtiyac\u0131 Yeni Tip Denizalt\u0131 Projesi Ana S\u00f6zle\u015fmesi \u00e7er\u00e7evesinde in\u015fa edilecek olan 6 adet denizalt\u0131 gemisine konu\u015fland\u0131r\u0131lmas\u0131 planlanan ve Entegre Deniz Haberle\u015fme Sistemi\u2019nin bir alt sistemi olan Mesaj \u0130\u015fletim Sistemi\u2019nin (M\u0130S) geli\u015ftirilmesidir. Seri Kanal Anahtarlama Cihaz\u0131, Mekanik Anahtar Cihaz\u0131 ve Enerji Da\u011f\u0131t\u0131m Birimi gibi donan\u0131m \u00fcr\u00fcnlerinin yan\u0131nda, ACP 127 Yaz\u0131l\u0131m Paketi, STANAG 5066 Protokol Yaz\u0131l\u0131m\u0131, STANAG 5066 Uygulama Yaz\u0131l\u0131mlar\u0131, Veri Yedekleme Yaz\u0131l\u0131m\u0131 ve X.400 Mesajla\u015fma Sistemi geli\u015ftirilmektedir.<\/p><\/div>\n\t\t\t\t\t<\/div><div class=\"eael-accordion-list\">\n\t\t\t\t\t<div id=\"lhd-mesaj-letim-sistemi\" class=\"elementor-tab-title eael-accordion-header\" tabindex=\"0\" data-tab=\"8\" aria-controls=\"elementor-tab-content-8098\"><span class=\"eael-advanced-accordion-icon-closed\"><i aria-hidden=\"true\" class=\"fa-accordion-icon fas fa-plus\"><\/i><\/span><span class=\"eael-advanced-accordion-icon-opened\"><i aria-hidden=\"true\" class=\"fa-accordion-icon fas fa-minus\"><\/i><\/span><span class=\"eael-accordion-tab-title\">LHD Mesaj \u0130\u015fletim Sistemi<\/span><i aria-hidden=\"true\" class=\"fa-toggle fas fa-angle-right\"><\/i><\/div><div id=\"elementor-tab-content-8098\" class=\"eael-accordion-content clearfix\" data-tab=\"8\" aria-labelledby=\"lhd-mesaj-letim-sistemi\"><p>LHD (\u00c7ok Maksatl\u0131 Amfibi H\u00fccum \u00c7\u0131karma Gemisi) Mesaj \u0130\u015fletim Sistemi Projesi&#8217;nin amac\u0131, LHD Projesi \u00e7er\u00e7evesinde tersane taraf\u0131ndan in\u015fa edilecek \u00c7ok Maksatl\u0131 Amfibi H\u00fccum Gemisi\u2019nde konu\u015fland\u0131r\u0131lacak olan ve Muhabere Sistemi&#8217;nden gelen formatl\u0131 mesajlar\u0131 sergileyebilme, saklayabilme ve basabilme \u00f6zelliklerine sahip Mesaj \u0130\u015fletim Sistemi&#8217;nin (M\u0130S) geli\u015ftirilmesidir.<\/p><p>Senkron Seri Kanal Anahtarlama Cihaz\u0131, Mekanik Anahtar Cihaz\u0131 ve Enerji Da\u011f\u0131t\u0131m Birimi gibi donan\u0131m \u00fcr\u00fcnlerinin yan\u0131nda, ACP 127 Yaz\u0131l\u0131m Paketi, STANAG 5066 Protokol Yaz\u0131l\u0131m\u0131, STANAG 5066 Ed.3 Uygulama Yaz\u0131l\u0131mlar\u0131, Veri Yedekleme Yaz\u0131l\u0131m\u0131 ve X.400 Mesajla\u015fma Sistemi geli\u015ftirilmektedir.<\/p><\/div>\n\t\t\t\t\t<\/div><div class=\"eael-accordion-list\">\n\t\t\t\t\t<div id=\"medas-bakm-onarm-letme-ve-destek-hizmeti-projesi-medas-2\" class=\"elementor-tab-title eael-accordion-header\" tabindex=\"0\" data-tab=\"9\" aria-controls=\"elementor-tab-content-8099\"><span class=\"eael-advanced-accordion-icon-closed\"><i aria-hidden=\"true\" class=\"fa-accordion-icon fas fa-plus\"><\/i><\/span><span class=\"eael-advanced-accordion-icon-opened\"><i aria-hidden=\"true\" class=\"fa-accordion-icon fas fa-minus\"><\/i><\/span><span class=\"eael-accordion-tab-title\">MEDAS Bak\u0131m Onar\u0131m \u0130\u015fletme ve Destek Hizmeti Projesi (MEDAS-2)<\/span><i aria-hidden=\"true\" class=\"fa-toggle fas fa-angle-right\"><\/i><\/div><div id=\"elementor-tab-content-8099\" class=\"eael-accordion-content clearfix\" data-tab=\"9\" aria-labelledby=\"medas-bakm-onarm-letme-ve-destek-hizmeti-projesi-medas-2\"><p>Mesaj ve Evrak Da\u011f\u0131t\u0131m Sistemi (MEDAS), TSK\u2019n\u0131n mesajla\u015fma ve evrak da\u011f\u0131t\u0131m ihtiyac\u0131n\u0131 g\u00fcn\u00fcm\u00fcz teknolojisine uygun olarak en do\u011fru, en seri ve en g\u00fcvenli \u015fekilde kar\u015f\u0131lamak maksad\u0131yla, uluslararas\u0131 X.400 e-posta standartlar\u0131, X.500 dizin sistemi standartlar\u0131, servis g\u00fcvenli\u011finin sa\u011flanmas\u0131 i\u00e7in A\u00e7\u0131k Anahtar Altyap\u0131s\u0131 (AAA) Yaz\u0131l\u0131m\u0131 ve NATO taraf\u0131ndan yay\u0131mlanan (Asker\u00ee Mesaj Da\u011f\u0131t\u0131m Sistemi &#8211; Military Message Handling System) ba\u015fl\u0131kl\u0131 STANAG 4406\u2019da belirtilen asker\u00ee mesajla\u015fma ihtiya\u00e7lar\u0131 ele al\u0131narak tesis edilmi\u015f bir sistemdir.<\/p><p>MEDAS\u2019ta son kullan\u0131c\u0131lar\u0131n sisteme eri\u015fmesinde kullan\u0131lan mesajla\u015fma aray\u00fcz\u00fcn\u00fcn mill\u00ee imk\u00e2nlarla geli\u015ftirilmesi amac\u0131yla 2005 y\u0131l\u0131nda T\u00dcB\u0130TAK B\u0130LGEM UEKAE Mesajla\u015fma Sistemleri Birimi taraf\u0131ndan Mill\u00ee Asker\u00ee Mesaj Formu (MAMF) ve Adres Listesi Y\u00f6netim Birimi (ALYB) \u00fcr\u00fcnleri prototip olarak geli\u015ftirilmi\u015ftir. \u0130lgili \u00fcr\u00fcnler, 2009 y\u0131l\u0131ndan beri MEDAS-2 ad\u0131 alt\u0131nda kullan\u0131lmaktad\u0131r.<\/p><p>MEDAS Bak\u0131m Onar\u0131m \u0130\u015fletme ve Destek Hizmeti Projesi kapsam\u0131nda, MAMF&#8217;\u0131n Windows 7 veya 10 \u0130\u015fletim Sistemi&#8217;nde \u00e7al\u0131\u015fabilmesi, MAMS\u0130S kapsam\u0131nda geli\u015ftirilen DSS (Dizin Sistemi Sunucusu) yaz\u0131l\u0131m\u0131n\u0131n kullan\u0131lmas\u0131 ve bu \u00fcr\u00fcnler i\u00e7in 2 y\u0131l bak\u0131m onar\u0131m deste\u011fi verilmesi hedeflenmektedir. 2018 y\u0131l\u0131nda ba\u015flayan ve 2020 y\u0131l\u0131nda tamamlanmas\u0131 ama\u00e7lanan projenin \u00e7\u0131kt\u0131lar\u0131 MAMF (Yeni S\u00fcr\u00fcm), Dizin Sistemi Sunucusu ve ESYA \u00fcr\u00fcnleridir (Yeni S\u00fcr\u00fcm).<\/p><\/div>\n\t\t\t\t\t<\/div><div class=\"eael-accordion-list\">\n\t\t\t\t\t<div id=\"fotodedektr-projesi\" class=\"elementor-tab-title eael-accordion-header\" tabindex=\"0\" data-tab=\"10\" aria-controls=\"elementor-tab-content-80910\"><span class=\"eael-advanced-accordion-icon-closed\"><i aria-hidden=\"true\" class=\"fa-accordion-icon fas fa-plus\"><\/i><\/span><span class=\"eael-advanced-accordion-icon-opened\"><i aria-hidden=\"true\" class=\"fa-accordion-icon fas fa-minus\"><\/i><\/span><span class=\"eael-accordion-tab-title\">Fotodedekt\u00f6r Projesi<\/span><i aria-hidden=\"true\" class=\"fa-toggle fas fa-angle-right\"><\/i><\/div><div id=\"elementor-tab-content-80910\" class=\"eael-accordion-content clearfix\" data-tab=\"10\" aria-labelledby=\"fotodedektr-projesi\"><p>Fotodedekt\u00f6r \u00fcretim s\u00fcre\u00e7leri geli\u015ftiren Y\u0130TAL 2010 y\u0131l\u0131ndan bu yana T\u00fcrkiye\u2019nin 4 kadranl\u0131 fotodedekt\u00f6r sa\u011flay\u0131c\u0131s\u0131d\u0131r. \u00a0Y\u0130TAL\u2019de \u00fcretilen fotodedekt\u00f6rler uluslararas\u0131 pazardaki benzer \u00fcr\u00fcnlere g\u00f6re daha y\u00fcksek tepkisellik ve geni\u015f dinamik aral\u0131\u011f\u0131 sunmaktad\u0131rlar. Farkl\u0131 \u00f6zelliklere sahip fotodedekt\u00f6r \u00fcr\u00fcn a\u011fac\u0131 mevcuttur. 4 kadranl\u0131 fotodedekt\u00f6r d\u0131\u015f\u0131nda lazer yakla\u015fma sens\u00f6r\u00fc de \u00fcr\u00fcn yelpazesinde bulunmaktad\u0131r.<\/p><\/div>\n\t\t\t\t\t<\/div><div class=\"eael-accordion-list\">\n\t\t\t\t\t<div id=\"sige-projesi\" class=\"elementor-tab-title eael-accordion-header\" tabindex=\"0\" data-tab=\"11\" aria-controls=\"elementor-tab-content-80911\"><span class=\"eael-advanced-accordion-icon-closed\"><i aria-hidden=\"true\" class=\"fa-accordion-icon fas fa-plus\"><\/i><\/span><span class=\"eael-advanced-accordion-icon-opened\"><i aria-hidden=\"true\" class=\"fa-accordion-icon fas fa-minus\"><\/i><\/span><span class=\"eael-accordion-tab-title\">SiGe Projesi<\/span><i aria-hidden=\"true\" class=\"fa-toggle fas fa-angle-right\"><\/i><\/div><div id=\"elementor-tab-content-80911\" class=\"eael-accordion-content clearfix\" data-tab=\"11\" aria-labelledby=\"sige-projesi\"><p>T\u00fcrkiye\u2019de kullan\u0131lan radarlar\u0131n x-bant al\u0131c\u0131-verici mod\u00fcllerinin mill\u00ee olarak \u00fcretilmesi hedefi \u00e7er\u00e7evesinde \u00f6zg\u00fcn 0,25 \u00b5m 5 metal SiGe BiCMOS teknolojisi geli\u015ftirilmi\u015ftir. Bu teknolojiye ait 120 GHz\u2019lik kesim frekansl\u0131 HBT ile x-banttaki uygulamalar i\u00e7in RF devrelerin T\u00fcrkiye\u2019de \u00fcretilebilmesi noktas\u0131na gelinmi\u015ftir. Teknoloji; HBT, CMOS, Yal\u0131t\u0131lm\u0131\u015f NMOS, Varakt\u00f6r, End\u00fckt\u00f6r, MiM kapasit\u00f6r ve diren\u00e7 elemanlar\u0131n\u0131 i\u00e7ermektedir. Say\u0131sal, analog (CMOS) ve RF (SiGe) t\u00fcmdevrelerinin tek k\u0131rm\u0131kta \u00fcretilmesine olanak sa\u011flayan 0,25 \u00b5m 5 metal BiCMOS teknolojisi ile radar uygulamalar\u0131 i\u00e7in t\u00fcmdevre \u00fcretimi \u00e7al\u0131\u015fmalar\u0131 devam etmektedir.<\/p><\/div>\n\t\t\t\t\t<\/div><div class=\"eael-accordion-list\">\n\t\t\t\t\t<div id=\"zel-lemci-projesi\" class=\"elementor-tab-title eael-accordion-header\" tabindex=\"0\" data-tab=\"12\" aria-controls=\"elementor-tab-content-80912\"><span class=\"eael-advanced-accordion-icon-closed\"><i aria-hidden=\"true\" class=\"fa-accordion-icon fas fa-plus\"><\/i><\/span><span class=\"eael-advanced-accordion-icon-opened\"><i aria-hidden=\"true\" class=\"fa-accordion-icon fas fa-minus\"><\/i><\/span><span class=\"eael-accordion-tab-title\">\u00d6zel \u0130\u015flemci Projesi<\/span><i aria-hidden=\"true\" class=\"fa-toggle fas fa-angle-right\"><\/i><\/div><div id=\"elementor-tab-content-80912\" class=\"eael-accordion-content clearfix\" data-tab=\"12\" aria-labelledby=\"zel-lemci-projesi\"><p>Y\u0130TAL, \u00f6zel uygulamalar i\u00e7in \u00e7ok \u00e7ekirdekli \u00f6zg\u00fcn i\u015flemci tasarlama ve \u00fcretme konusunda \u00e7al\u0131\u015fmalar s\u00fcrd\u00fcrmektedir. Kendine \u00f6zg\u00fc makine dili olan i\u015flemci i\u00e7in \u00f6zg\u00fcn derleyici ve sim\u00fclat\u00f6r yaz\u0131l\u0131m\u0131 geli\u015ftirilmi\u015ftir. Bu destek yaz\u0131l\u0131mlar\u0131 ve geli\u015ftirme kart\u0131ndan olu\u015fan uygulama geli\u015ftirme ortam\u0131 haz\u0131rlanm\u0131\u015ft\u0131r. Bu \u00e7al\u0131\u015fmalar kapsam\u0131nda Y\u0130TAL\u2019de tasarlanm\u0131\u015f ve Y\u0130TAL\u2019in 5 metal 0,25 \u00b5m CMOS teknolojisi ile Y\u0130TAL\u2019de \u00fcretilmi\u015f, k\u0131l\u0131flanm\u0131\u015f 8051 i\u015flemcisi ba\u015far\u0131 ile \u00e7al\u0131\u015fm\u0131\u015ft\u0131r. T\u00fcrkiye\u2019de \u00fcretilmi\u015f ilk i\u015flemci elde edilmi\u015ftir. 8,5 milyon transist\u00f6r i\u00e7eren \u00e7ok \u00e7ekirdekli \u00f6zel i\u015flemcinin \u00fcretimi devam etmektedir.<\/p><\/div>\n\t\t\t\t\t<\/div><div class=\"eael-accordion-list\">\n\t\t\t\t\t<div id=\"lazer-test-stasyonu-projesi\" class=\"elementor-tab-title eael-accordion-header\" tabindex=\"0\" data-tab=\"13\" aria-controls=\"elementor-tab-content-80913\"><span class=\"eael-advanced-accordion-icon-closed\"><i aria-hidden=\"true\" class=\"fa-accordion-icon fas fa-plus\"><\/i><\/span><span class=\"eael-advanced-accordion-icon-opened\"><i aria-hidden=\"true\" class=\"fa-accordion-icon fas fa-minus\"><\/i><\/span><span class=\"eael-accordion-tab-title\">Lazer Test \u0130stasyonu Projesi<\/span><i aria-hidden=\"true\" class=\"fa-toggle fas fa-angle-right\"><\/i><\/div><div id=\"elementor-tab-content-80913\" class=\"eael-accordion-content clearfix\" data-tab=\"13\" aria-labelledby=\"lazer-test-stasyonu-projesi\"><p>Projenin amac\u0131, entegre devreler \u00fczerinde yap\u0131lacak optik yan kanal analizleri i\u00e7in lazer test istasyonu geli\u015ftirilmesidir. Geli\u015ftirilecek istasyon, Test ve De\u011ferlendirme Ba\u015fkan Yard\u0131mc\u0131l\u0131\u011f\u0131na ba\u011fl\u0131 Ortak Kriterler Test Merkezi (OKTEM) taraf\u0131ndan kullan\u0131lacakt\u0131r. OKTEM\u2019in yurt i\u00e7i ve yurt d\u0131\u015f\u0131 test m\u00fc\u015fterilerine hizmet sunabilmesi ve talep edilen test t\u00fcrlerinden biri olan lazer testlerini ger\u00e7ekle\u015ftirebilmesi sa\u011flanacakt\u0131r. Hem kurum i\u00e7i hem de kurum d\u0131\u015f\u0131ndan kullan\u0131m talepleri olabilecek bu cihaz sayesinde \u00fcretilen \u00e7ip ve elektronik devrelerin g\u00fcvenilirlikleri test edilebilecektir. Projenin tamamlanmas\u0131ndan sonra gerek lazer test i\u015flemleri alan\u0131nda OKTEM Lab\u2019\u0131n ihtiyac\u0131 giderilecek gerekse bu alanda yerli bir \u00fcr\u00fcne sahip olunacakt\u0131r.<\/p><\/div>\n\t\t\t\t\t<\/div><div class=\"eael-accordion-list\">\n\t\t\t\t\t<div id=\"denizde-kmal-muhabere-destek-gemisi-mesaj-letim-sistemi-dmdeg-ms-\" class=\"elementor-tab-title eael-accordion-header\" tabindex=\"0\" data-tab=\"14\" aria-controls=\"elementor-tab-content-80914\"><span class=\"eael-advanced-accordion-icon-closed\"><i aria-hidden=\"true\" class=\"fa-accordion-icon fas fa-plus\"><\/i><\/span><span class=\"eael-advanced-accordion-icon-opened\"><i aria-hidden=\"true\" class=\"fa-accordion-icon fas fa-minus\"><\/i><\/span><span class=\"eael-accordion-tab-title\">Denizde \u0130kmal Muhabere Destek Gemisi Mesaj \u0130\u015fletim Sistemi (D\u0130MDEG M\u0130S) <\/span><i aria-hidden=\"true\" class=\"fa-toggle fas fa-angle-right\"><\/i><\/div><div id=\"elementor-tab-content-80914\" class=\"eael-accordion-content clearfix\" data-tab=\"14\" aria-labelledby=\"denizde-kmal-muhabere-destek-gemisi-mesaj-letim-sistemi-dmdeg-ms-\"><p>D\u0130MDEG M\u0130S, geli\u015ftirilecek donan\u0131m ve yaz\u0131l\u0131mlar ile beraber haz\u0131r ticari \u00fcr\u00fcnler de kullan\u0131larak olu\u015fturulan bir sistemdir. M\u0130S; ACP 127, STANAG 4406, STANAG 5066 ve SMTP uygulama ve standartlar\u0131n\u0131 destekleyecektir. Sistem, telsizler \u00fczerinden farkl\u0131 protokoller kullanarak bir a\u011f olu\u015fturup, iki veya daha fazla noktan\u0131n mesafe ve bant geni\u015fliklerine g\u00f6re, g\u00fcvenli ve g\u00fcvenilir, de\u011fi\u015fik uygulama ve y\u00f6ntemler ile veri haberle\u015fmesini sa\u011flar. Farkl\u0131 standartlarda mesaj haz\u0131rlama, alma, g\u00f6nderme ve yazd\u0131rma i\u015flemlerinin yan\u0131nda ar\u015fivleme, analiz ve raporlama sistem b\u00fcnyesinde yap\u0131labilmektedir.<\/p><\/div>\n\t\t\t\t\t<\/div><div class=\"eael-accordion-list\">\n\t\t\t\t\t<div id=\"ak-deniz-karakol-gemisi-mesaj-letim-sistemi-adkg-ms\" class=\"elementor-tab-title eael-accordion-header\" tabindex=\"0\" data-tab=\"15\" aria-controls=\"elementor-tab-content-80915\"><span class=\"eael-advanced-accordion-icon-closed\"><i aria-hidden=\"true\" class=\"fa-accordion-icon fas fa-plus\"><\/i><\/span><span class=\"eael-advanced-accordion-icon-opened\"><i aria-hidden=\"true\" class=\"fa-accordion-icon fas fa-minus\"><\/i><\/span><span class=\"eael-accordion-tab-title\">A\u00e7\u0131k Deniz Karakol Gemisi Mesaj \u0130\u015fletim Sistemi (ADKG M\u0130S)<\/span><i aria-hidden=\"true\" class=\"fa-toggle fas fa-angle-right\"><\/i><\/div><div id=\"elementor-tab-content-80915\" class=\"eael-accordion-content clearfix\" data-tab=\"15\" aria-labelledby=\"ak-deniz-karakol-gemisi-mesaj-letim-sistemi-adkg-ms\"><p>ADKG M\u0130S Projesi, Sava\u015f Y\u00f6netim Sistemi&#8217;nin bir alt sistemi olarak \u00e7al\u0131\u015facak mesaj i\u015fletim sistemini konu almaktad\u0131r. M\u0130S, Muhabere Sisteminden gelen formatl\u0131\/formats\u0131z mesajlar\u0131 sergileyebilme, saklayabilme ve basabilme \u00f6zelliklerinin yan\u0131 s\u0131ra formatl\u0131\/formats\u0131z mesaj haz\u0131rlama ve Muhabere Sistemi&#8217;ne g\u00f6nderme kabiliyetlerine sahip olacakt\u0131r. M\u0130S; ACP 127, STANAG 4406, STANAG 5066 ve SMTP uygulama ve standartlar\u0131n\u0131 destekleyecektir. Bu proje kapsam\u0131nda 2 adet A\u00e7\u0131k Deniz Karakol gemisine mesaj i\u015fletim sistemi verilecektir.<\/p><\/div>\n\t\t\t\t\t<\/div><div class=\"eael-accordion-list\">\n\t\t\t\t\t<div id=\"okuma-devresi-projeleri-gkkua-cmos-dn-ler\" class=\"elementor-tab-title eael-accordion-header\" tabindex=\"0\" data-tab=\"16\" aria-controls=\"elementor-tab-content-80916\"><span class=\"eael-advanced-accordion-icon-closed\"><i aria-hidden=\"true\" class=\"fa-accordion-icon fas fa-plus\"><\/i><\/span><span class=\"eael-advanced-accordion-icon-opened\"><i aria-hidden=\"true\" class=\"fa-accordion-icon fas fa-minus\"><\/i><\/span><span class=\"eael-accordion-tab-title\">Okuma Devresi Projeleri (G\u00f6kku\u015fa\u011f\u0131, CMOS D\u00f6n\u00fc \u00d6l\u00e7er)<\/span><i aria-hidden=\"true\" class=\"fa-toggle fas fa-angle-right\"><\/i><\/div><div id=\"elementor-tab-content-80916\" class=\"eael-accordion-content clearfix\" data-tab=\"16\" aria-labelledby=\"okuma-devresi-projeleri-gkkua-cmos-dn-ler\"><p>Y\u0130TAL, b\u00fcnyesinde bulundurdu\u011fu 0,7 \u00b5m 2 metal CMOS teknolojisi ile, fotodedekt\u00f6r ve lazer yakla\u015fma sens\u00f6r\u00fcnden gelen verileri i\u015fleyen okuma devreleri \u00fcretmektedir.<\/p><\/div>\n\t\t\t\t\t<\/div><div class=\"eael-accordion-list\">\n\t\t\t\t\t<div id=\"uktm-dual\" class=\"elementor-tab-title eael-accordion-header\" tabindex=\"0\" data-tab=\"17\" aria-controls=\"elementor-tab-content-80917\"><span class=\"eael-advanced-accordion-icon-closed\"><i aria-hidden=\"true\" class=\"fa-accordion-icon fas fa-plus\"><\/i><\/span><span class=\"eael-advanced-accordion-icon-opened\"><i aria-hidden=\"true\" class=\"fa-accordion-icon fas fa-minus\"><\/i><\/span><span class=\"eael-accordion-tab-title\">UKT\u00dcM Dual<\/span><i aria-hidden=\"true\" class=\"fa-toggle fas fa-angle-right\"><\/i><\/div><div id=\"elementor-tab-content-80917\" class=\"eael-accordion-content clearfix\" data-tab=\"17\" aria-labelledby=\"uktm-dual\"><p>Y\u0130TAL, t\u00fcmdevre tasar\u0131m\u0131ndaki yo\u011fun tecr\u00fcbesini ve Avrupa Birli\u011fi 6. \u00c7er\u00e7eve Program\u0131 sayesinde kazan\u0131lan g\u00fcvenli devre tasar\u0131m\u0131 bilgisini bir arada kullanarak T\u00fcrkiye\u2019nin ilk temasl\u0131 Mill\u00ee Ak\u0131ll\u0131 Kart t\u00fcmdevresini tasarlam\u0131\u015f ve yurt d\u0131\u015f\u0131nda \u00fcretimini yapt\u0131rarak kullan\u0131ma sunmu\u015ftur. 2011\u2019den beri farkl\u0131 s\u00fcr\u00fcmlerinin geli\u015ftirildi\u011fi temasl\u0131 ak\u0131ll\u0131 kartlar uluslararas\u0131 ge\u00e7erlili\u011fi olan\u00a0 EAL5+ G\u00fcvenlik Sertifikas\u0131&#8217;na sahiptirler. T\u00fcrkiye\u2019nin ulusal kimlik ak\u0131ll\u0131 kartlar\u0131n\u0131n tek tasar\u0131mc\u0131s\u0131 olan Y\u0130TAL, \u00e7ift aray\u00fczl\u00fc (temasl\u0131 ve temass\u0131z) ulusal ak\u0131ll\u0131 kart\u0131 geli\u015ftirme \u00e7al\u0131\u015fmalar\u0131 s\u00fcrd\u00fcrmektedir.<\/p><\/div>\n\t\t\t\t\t<\/div><div class=\"eael-accordion-list\">\n\t\t\t\t\t<div id=\"nanosis\" class=\"elementor-tab-title eael-accordion-header\" tabindex=\"0\" data-tab=\"18\" aria-controls=\"elementor-tab-content-80918\"><span class=\"eael-advanced-accordion-icon-closed\"><i aria-hidden=\"true\" class=\"fa-accordion-icon fas fa-plus\"><\/i><\/span><span class=\"eael-advanced-accordion-icon-opened\"><i aria-hidden=\"true\" class=\"fa-accordion-icon fas fa-minus\"><\/i><\/span><span class=\"eael-accordion-tab-title\">Nanosis<\/span><i aria-hidden=\"true\" class=\"fa-toggle fas fa-angle-right\"><\/i><\/div><div id=\"elementor-tab-content-80918\" class=\"eael-accordion-content clearfix\" data-tab=\"18\" aria-labelledby=\"nanosis\"><p>Giyilebilir teknolojiler kapsam\u0131nda tansiyon ve nab\u0131z verileri i\u00e7in okuma devresi tasar\u0131m\u0131 \u00e7al\u0131\u015fmalar\u0131 devam etmektedir. Tasar\u0131mlar yurt d\u0131\u015f\u0131nda yapt\u0131r\u0131lacakt\u0131r.<\/p><\/div>\n\t\t\t\t\t<\/div><div class=\"eael-accordion-list\">\n\t\t\t\t\t<div id=\"gvenli-mikrosd\" class=\"elementor-tab-title eael-accordion-header\" tabindex=\"0\" data-tab=\"19\" aria-controls=\"elementor-tab-content-80919\"><span class=\"eael-advanced-accordion-icon-closed\"><i aria-hidden=\"true\" class=\"fa-accordion-icon fas fa-plus\"><\/i><\/span><span class=\"eael-advanced-accordion-icon-opened\"><i aria-hidden=\"true\" class=\"fa-accordion-icon fas fa-minus\"><\/i><\/span><span class=\"eael-accordion-tab-title\">G\u00fcvenli MikroSD<\/span><i aria-hidden=\"true\" class=\"fa-toggle fas fa-angle-right\"><\/i><\/div><div id=\"elementor-tab-content-80919\" class=\"eael-accordion-content clearfix\" data-tab=\"19\" aria-labelledby=\"gvenli-mikrosd\"><p>SD kartlar arac\u0131l\u0131\u011f\u0131 ile verilerin g\u00fcvenli saklanmas\u0131 ve aktar\u0131lmas\u0131n\u0131 ama\u00e7layan bu proje kapsam\u0131nda tasar\u0131m ve i\u015fletim sistemi geli\u015ftirme \u00e7al\u0131\u015fmalar\u0131 devam etmektedir. Tasar\u0131mlar yurt d\u0131\u015f\u0131nda yapt\u0131r\u0131lacakt\u0131r.<\/p><\/div>\n\t\t\t\t\t<\/div><\/div>\t\t\t\t<\/div>\n\t\t\t\t<\/div>\n\t\t\t\t\t<\/div>\n\t\t<\/div>\n\t\t\t\t\t<\/div>\n\t\t<\/section>\n\t\t\t\t<section class=\"elementor-section elementor-top-section elementor-element elementor-element-80fc31e elementor-hidden-desktop elementor-hidden-tablet elementor-hidden-mobile elementor-section-boxed elementor-section-height-default elementor-section-height-default\" data-id=\"80fc31e\" data-element_type=\"section\" data-e-type=\"section\">\n\t\t\t\t\t\t<div class=\"elementor-container elementor-column-gap-default\">\n\t\t\t\t\t<div class=\"elementor-column elementor-col-100 elementor-top-column elementor-element elementor-element-6c7487a\" data-id=\"6c7487a\" data-element_type=\"column\" data-e-type=\"column\">\n\t\t\t<div class=\"elementor-widget-wrap elementor-element-populated\">\n\t\t\t\t\t\t<div class=\"elementor-element elementor-element-ffc2d22 elementor-position-inline-start elementor-view-default elementor-mobile-position-block-start elementor-widget elementor-widget-icon-box\" data-id=\"ffc2d22\" data-element_type=\"widget\" data-e-type=\"widget\" data-widget_type=\"icon-box.default\">\n\t\t\t\t<div class=\"elementor-widget-container\">\n\t\t\t\t\t\t\t<div class=\"elementor-icon-box-wrapper\">\n\n\t\t\t\t\t\t<div class=\"elementor-icon-box-icon\">\n\t\t\t\t<span  class=\"elementor-icon\">\n\t\t\t\t<svg xmlns=\"http:\/\/www.w3.org\/2000\/svg\" id=\"katman_1\" data-name=\"katman 1\" viewBox=\"0 0 25.84 25.84\"><path d=\"M25.6,10.14c-.15-.15-.35-.23-.56-.23h-2.26c-.19-.63-.45-1.24-.76-1.83l1.6-1.6c.15-.15,.23-.35,.23-.56s-.08-.41-.23-.56l-3.14-3.14c-.31-.31-.82-.31-1.13,0l-1.6,1.6c-.58-.31-1.19-.57-1.83-.76V.8c0-.44-.36-.8-.8-.8h-4.44c-.44,0-.8,.36-.8,.8V3.06c-.63,.19-1.24,.44-1.82,.76l-1.6-1.6c-.31-.31-.82-.31-1.13,0l-3.14,3.14c-.15,.15-.23,.35-.23,.56s.08,.41,.23,.56l1.6,1.6c-.31,.58-.56,1.19-.76,1.82H.8c-.44,0-.8,.36-.8,.8v4.44c0,.44,.36,.8,.8,.8H3.05c.19,.63,.45,1.24,.76,1.83l-1.6,1.6c-.31,.31-.31,.82,0,1.13l3.14,3.14c.29,.29,.84,.29,1.13,0l1.6-1.6c.58,.31,1.19,.57,1.83,.76v2.26c0,.44,.36,.8,.8,.8h4.44c.44,0,.8-.36,.8-.8v-2.26c.63-.19,1.24-.45,1.82-.76l1.6,1.6c.3,.3,.83,.3,1.13,0l3.14-3.14c.15-.15,.23-.35,.23-.56s-.08-.41-.23-.56l-1.6-1.6c.31-.58,.56-1.19,.76-1.82h2.26c.44,0,.8-.36,.8-.8v-4.43c0-.21-.08-.41-.23-.57Zm-4.21,4.81c-.21,.89-.57,1.74-1.04,2.52-.2,.31-.15,.72,.11,.98l1.47,1.47-2.01,2.01-1.47-1.47c-.26-.26-.66-.31-.98-.12-.78,.48-1.63,.83-2.52,1.04-.36,.09-.61,.41-.61,.78v2.07h-2.84v-2.07c0-.37-.25-.69-.61-.78-.89-.21-1.74-.56-2.52-1.05-.32-.2-.72-.15-.98,.12l-1.47,1.47-2.01-2.01,1.47-1.47c.26-.26,.31-.67,.11-.98-.48-.78-.83-1.63-1.05-2.52-.09-.36-.41-.61-.78-.61H1.59v-2.84H3.67c.37,0,.69-.25,.78-.61,.21-.89,.57-1.74,1.05-2.52,.19-.31,.14-.72-.12-.98l-1.47-1.47,2.01-2.01,1.47,1.47c.26,.26,.66,.31,.98,.11,.78-.48,1.63-.83,2.52-1.05,.36-.09,.61-.41,.61-.78V1.59h2.84V3.66c0,.37,.25,.69,.61,.78,.89,.21,1.74,.56,2.52,1.05,.32,.2,.72,.15,.98-.11l1.47-1.47,2.01,2.01-1.47,1.47c-.26,.26-.31,.67-.11,.98,.48,.78,.83,1.63,1.05,2.52,.08,.36,.4,.61,.78,.61h2.07v2.84s-2.07,0-2.07,0c-.37,0-.69,.25-.77,.61Z\"><\/path><path d=\"M12.92,5.37c-4.16,0-7.55,3.39-7.55,7.55s3.39,7.55,7.55,7.55,7.55-3.38,7.55-7.55-3.39-7.55-7.55-7.55Zm0,13.5c-3.28,0-5.95-2.67-5.95-5.95s2.67-5.95,5.95-5.95,5.95,2.67,5.95,5.95-2.67,5.95-5.95,5.95Z\"><\/path><path d=\"M11.36,15.03l.82,1.26c-2.04-.71-3.35-2.72-3.14-4.91,.01-.11-.02-.22-.1-.31-.07-.09-.17-.14-.29-.15-.11-.01-.22,.02-.31,.09-.09,.07-.14,.17-.15,.29-.24,2.57,1.3,4.96,3.71,5.79l-1.22,.68,.33,.59,1.89-1.05c.09-.02,.17-.06,.23-.13l.32-.18-1.53-2.34-.56,.37Z\"><\/path><path d=\"M13.67,8.98l1.16-.79-.38-.55-1.78,1.22c-.09,.02-.16,.08-.22,.15l-.3,.21,1.74,2.18,.53-.42-.94-1.18c2.1,.51,3.59,2.4,3.59,4.6,0,.23,.19,.42,.42,.42s.42-.19,.42-.42c0-2.58-1.76-4.81-4.23-5.42Z\"><\/path><\/svg>\t\t\t\t<\/span>\n\t\t\t<\/div>\n\t\t\t\n\t\t\t\t\t\t<div class=\"elementor-icon-box-content\">\n\n\t\t\t\t\t\t\t\t\t<h3 class=\"elementor-icon-box-title\">\n\t\t\t\t\t\t<span  >\n\t\t\t\t\t\t\tDevam Eden Projelerimiz\t\t\t\t\t\t<\/span>\n\t\t\t\t\t<\/h3>\n\t\t\t\t\n\t\t\t\t\n\t\t\t<\/div>\n\t\t\t\n\t\t<\/div>\n\t\t\t\t\t\t<\/div>\n\t\t\t\t<\/div>\n\t\t\t\t<div class=\"elementor-element elementor-element-15452fb elementor-widget elementor-widget-eael-adv-accordion\" data-id=\"15452fb\" data-element_type=\"widget\" data-e-type=\"widget\" data-widget_type=\"eael-adv-accordion.default\">\n\t\t\t\t<div class=\"elementor-widget-container\">\n\t\t\t\t\t            <div class=\"eael-adv-accordion\" id=\"eael-adv-accordion-15452fb\" data-scroll-on-click=\"no\" data-scroll-speed=\"300\" data-accordion-id=\"15452fb\" data-accordion-type=\"accordion\" data-toogle-speed=\"300\">\n            <div class=\"eael-accordion-list\">\n\t\t\t\t\t<div id=\"dijital-para-projesi\" class=\"elementor-tab-title eael-accordion-header\" tabindex=\"0\" data-tab=\"1\" aria-controls=\"elementor-tab-content-2231\"><span class=\"eael-advanced-accordion-icon-closed\"><i aria-hidden=\"true\" class=\"fa-accordion-icon fas fa-plus\"><\/i><\/span><span class=\"eael-advanced-accordion-icon-opened\"><i aria-hidden=\"true\" class=\"fa-accordion-icon fas fa-minus\"><\/i><\/span><span class=\"eael-accordion-tab-title\">Dijital Para Projesi<\/span><i aria-hidden=\"true\" class=\"fa-toggle fas fa-angle-right\"><\/i><\/div><div id=\"elementor-tab-content-2231\" class=\"eael-accordion-content clearfix\" data-tab=\"1\" aria-labelledby=\"dijital-para-projesi\"><ul><li>Ulusal CDBC sistemi geli\u015ftirilmesi (Dijital T\u00fcrk Liras\u0131).<\/li><li>Blokzincir ve dijital para konular\u0131nda akademik a\u00e7\u0131k literat\u00fcr\u00fcn takip edilmesi, katk\u0131 sunulmas\u0131, pratik uygulamalar\u0131ndaki teknolojik altyap\u0131lar\u0131n incelenmesi ve analiz edilmesi.<\/li><li>Dijital para sistemleri tasar\u0131m\u0131.<\/li><li>Blokzincir ve dijital para teknolojilerinin g\u00fcvenlik ve mahremiyet analizi.<\/li><\/ul><\/div>\n\t\t\t\t\t<\/div><div class=\"eael-accordion-list\">\n\t\t\t\t\t<div id=\"ip-kripto-cihazlar-ipkc\" class=\"elementor-tab-title eael-accordion-header\" tabindex=\"0\" data-tab=\"2\" aria-controls=\"elementor-tab-content-2232\"><span class=\"eael-advanced-accordion-icon-closed\"><i aria-hidden=\"true\" class=\"fa-accordion-icon fas fa-plus\"><\/i><\/span><span class=\"eael-advanced-accordion-icon-opened\"><i aria-hidden=\"true\" class=\"fa-accordion-icon fas fa-minus\"><\/i><\/span><span class=\"eael-accordion-tab-title\">IP Kripto Cihazlar\u0131 (IPKC)<\/span><i aria-hidden=\"true\" class=\"fa-toggle fas fa-angle-right\"><\/i><\/div><div id=\"elementor-tab-content-2232\" class=\"eael-accordion-content clearfix\" data-tab=\"2\" aria-labelledby=\"ip-kripto-cihazlar-ipkc\"><p>G\u00fcn\u00fcm\u00fczde a\u011f sistemleri zamanla tek bir a\u011f teknolojisinde birle\u015ftirilmektedir. Gelecekte ise a\u011f sistemlerinin her t\u00fcrl\u00fc veri trafi\u011finin, tamamen IP a\u011flar\u0131 \u00fczerinden aktar\u0131lmas\u0131na dayanan \u201cEverything Over IP\u201d kavram\u0131na dayanaca\u011f\u0131 \u00f6ng\u00f6r\u00fclmektedir.<\/p><p>Bu ba\u011flamda, proje kapsam\u0131nda geli\u015ftirilen IP Kripto Cihazlar\u0131 (IPKC), IP haberle\u015fmesinde bulunan \u00f6zel ya da gizli a\u011flar\u0131n, korumas\u0131z a\u011flar \u00fczerinden y\u00fcksek h\u0131zlarda g\u00fcvenli ileti\u015fimini sa\u011flamaktad\u0131r. Bu sayede \u00e7ok say\u0131da fiziksel hat t\u00fcr\u00fc (kablolu, kablosuz, uydu ve hibrit a\u011flar), \u00e7ok say\u0131da uygulama tek bir teknoloji ile korunmu\u015f olmaktad\u0131r. IP Kripto Sistemi bu a\u011flar\u0131n veri gizlili\u011fini, kimlik do\u011frulu\u011funu ve veri b\u00fct\u00fcnl\u00fc\u011f\u00fcn\u00fc sa\u011flamaktad\u0131r.<\/p><p>IP Kripto Sistemi, g\u00fcvenli ileti\u015fimi sa\u011flayan ve gizli a\u011flar\u0131 birbirine ba\u011flayan IP kripto cihazlar\u0131 ile uzaktan anahtar ve cihaz y\u00f6netimini sa\u011flayan Y\u00f6netim Merkezinden (GYM) olu\u015fur. 2000\u2019li y\u0131llardan g\u00fcn\u00fcm\u00fcze kadar farkl\u0131 ihtiya\u00e7lar i\u00e7in \u00e7e\u015fitli h\u0131zlarda \u00e7e\u015fitli IP Kripto Cihazlar\u0131 (34Mbps\u2019den 9 Gbps\u2019e kadar) geli\u015ftirilmi\u015ftir ve yeni ihtiya\u00e7lara uygun cihazlar\u0131n geli\u015ftirilmesine devam edilmektedir.<\/p><p>Yaz\u0131l\u0131m ve donan\u0131m\u0131 tamamen mill\u00ee olarak tasarlanm\u0131\u015f IP Kripto Sistemleri, ba\u015fta TSK a\u011flar\u0131 olmak \u00fczere, bir\u00e7ok kritik asker\u00ee ve kamu kurulu\u015funun bilgi altyap\u0131s\u0131n\u0131n g\u00fcvenli\u011finde kritik rol oynamaktad\u0131r.<\/p><\/div>\n\t\t\t\t\t<\/div><div class=\"eael-accordion-list\">\n\t\t\t\t\t<div id=\"kripto-radar-projesi\" class=\"elementor-tab-title eael-accordion-header\" tabindex=\"0\" data-tab=\"3\" aria-controls=\"elementor-tab-content-2233\"><span class=\"eael-advanced-accordion-icon-closed\"><i aria-hidden=\"true\" class=\"fa-accordion-icon fas fa-plus\"><\/i><\/span><span class=\"eael-advanced-accordion-icon-opened\"><i aria-hidden=\"true\" class=\"fa-accordion-icon fas fa-minus\"><\/i><\/span><span class=\"eael-accordion-tab-title\">Kripto Radar Projesi<\/span><i aria-hidden=\"true\" class=\"fa-toggle fas fa-angle-right\"><\/i><\/div><div id=\"elementor-tab-content-2233\" class=\"eael-accordion-content clearfix\" data-tab=\"3\" aria-labelledby=\"kripto-radar-projesi\"><p>Kripto para sistemlerinin izleme ve analiz altyap\u0131s\u0131n\u0131n geli\u015ftirilmesi.<\/p><\/div>\n\t\t\t\t\t<\/div><div class=\"eael-accordion-list\">\n\t\t\t\t\t<div id=\"dijital-kimlik-projesi\" class=\"elementor-tab-title eael-accordion-header\" tabindex=\"0\" data-tab=\"4\" aria-controls=\"elementor-tab-content-2234\"><span class=\"eael-advanced-accordion-icon-closed\"><i aria-hidden=\"true\" class=\"fa-accordion-icon fas fa-plus\"><\/i><\/span><span class=\"eael-advanced-accordion-icon-opened\"><i aria-hidden=\"true\" class=\"fa-accordion-icon fas fa-minus\"><\/i><\/span><span class=\"eael-accordion-tab-title\">Dijital Kimlik Projesi<\/span><i aria-hidden=\"true\" class=\"fa-toggle fas fa-angle-right\"><\/i><\/div><div id=\"elementor-tab-content-2234\" class=\"eael-accordion-content clearfix\" data-tab=\"4\" aria-labelledby=\"dijital-kimlik-projesi\"><ul><li>Blokzincir tabanl\u0131 dijital kimlik y\u00f6netim altyap\u0131lar\u0131n\u0131n geli\u015ftirilmesi.<\/li><li>Data ekonomisi ve di\u011fer i\u015f modellerine izin verecek teknolojilerin ara\u015ft\u0131r\u0131lmas\u0131 ve geli\u015ftirilmesi.<\/li><li>Benzer proje ve teknolojik geli\u015fmelerin takibi.<\/li><li>Blokzincir tabanl\u0131 dijital kimlik sistemlerinin geleneksel dijital d\u00f6n\u00fc\u015f\u00fcm projelerinde kullan\u0131m tasar\u0131m\u0131.<\/li><li>Dijital Kimlik ve di\u011fer DLT platformlar\u0131n\u0131n entegrasyonu ara\u015ft\u0131rmalar\u0131.<\/li><li>Reg\u00fclasyon \u00e7al\u0131\u015fmalar\u0131na katk\u0131 sa\u011flanmas\u0131.<\/li><\/ul><\/div>\n\t\t\t\t\t<\/div><div class=\"eael-accordion-list\">\n\t\t\t\t\t<div id=\"tc-kimlik-kart-yaygnlatrma-projesi\" class=\"elementor-tab-title eael-accordion-header\" tabindex=\"0\" data-tab=\"5\" aria-controls=\"elementor-tab-content-2235\"><span class=\"eael-advanced-accordion-icon-closed\"><i aria-hidden=\"true\" class=\"fa-accordion-icon fas fa-plus\"><\/i><\/span><span class=\"eael-advanced-accordion-icon-opened\"><i aria-hidden=\"true\" class=\"fa-accordion-icon fas fa-minus\"><\/i><\/span><span class=\"eael-accordion-tab-title\">T.C. Kimlik Kart\u0131 Yayg\u0131nla\u015ft\u0131rma Projesi<\/span><i aria-hidden=\"true\" class=\"fa-toggle fas fa-angle-right\"><\/i><\/div><div id=\"elementor-tab-content-2235\" class=\"eael-accordion-content clearfix\" data-tab=\"5\" aria-labelledby=\"tc-kimlik-kart-yaygnlatrma-projesi\"><p>T.C. Kimlik Kart\u0131 Yayg\u0131nla\u015ft\u0131rma Projesi\u2019nin amac\u0131, farkl\u0131 g\u00fcvenlik seviyelerinde elektronik kimlik do\u011frulamay\u0131 m\u00fcmk\u00fcn k\u0131lan, ak\u0131ll\u0131 kart tabanl\u0131 bir elektronik kimlik do\u011frulama sistemi geli\u015ftirmek ve bu sayede elektronik ortamda sunulan hizmetlere g\u00fcvenli bir \u015fekilde eri\u015fim imk\u00e2n\u0131 sunmakt\u0131r.<br \/>Proje \u00e7\u0131kt\u0131lar\u0131, N\u00fcfus ve Vatanda\u015fl\u0131k \u0130\u015fleri Genel M\u00fcd\u00fcrl\u00fc\u011f\u00fc taraf\u0131ndan 2015 y\u0131l\u0131 May\u0131s ay\u0131ndan itibaren g\u00fcn\u00fcm\u00fcze kadar ba\u015far\u0131l\u0131 bir \u015fekilde kullan\u0131lmakta olup, T\u00dcB\u0130TAK B\u0130LGEM, T.C. Kimlik Kart\u0131 Yayg\u0131nla\u015ft\u0131rma Faaliyetleri alt\u0131nda kamu kurumlar\u0131na veya \u00f6zel te\u015febb\u00fcslere, talepleri do\u011frultusunda, sunumlar ger\u00e7ekle\u015ftirmekte ve e-kimlik end\u00fcstri entegrasyonu hizmeti vermektedir. Sunulan hizmetler ile ilgili detayl\u0131 bilgiye <a href=\"http:\/\/www.ekds.gov.tr\" target=\"_blank\" rel=\"noopener\">www.ekds.gov.tr<\/a> web sitesinden eri\u015fim sa\u011flanabilmektedir.<\/p><\/div>\n\t\t\t\t\t<\/div><div class=\"eael-accordion-list\">\n\t\t\t\t\t<div id=\"kktc-e-kimlik-kart-ynetim-ve-sertifikasyon-merkezi-projesi\" class=\"elementor-tab-title eael-accordion-header\" tabindex=\"0\" data-tab=\"6\" aria-controls=\"elementor-tab-content-2236\"><span class=\"eael-advanced-accordion-icon-closed\"><i aria-hidden=\"true\" class=\"fa-accordion-icon fas fa-plus\"><\/i><\/span><span class=\"eael-advanced-accordion-icon-opened\"><i aria-hidden=\"true\" class=\"fa-accordion-icon fas fa-minus\"><\/i><\/span><span class=\"eael-accordion-tab-title\">KKTC e-Kimlik Kart\u0131 Y\u00f6netim ve Sertifikasyon Merkezi Projesi<\/span><i aria-hidden=\"true\" class=\"fa-toggle fas fa-angle-right\"><\/i><\/div><div id=\"elementor-tab-content-2236\" class=\"eael-accordion-content clearfix\" data-tab=\"6\" aria-labelledby=\"kktc-e-kimlik-kart-ynetim-ve-sertifikasyon-merkezi-projesi\"><p>KKTC e-Kimlik Kart\u0131 Y\u00f6netim ve Sertifikasyon Merkezi Projesi ile Kuzey K\u0131br\u0131s T\u00fcrk Cumhuriyeti\u2019ne (KKTC) \u00f6zg\u00fc e-Kimlik Kart\u0131 Y\u00f6netim Sistemi ve KKTC Sertifikasyon Merkezinin tasarlanmas\u0131, geli\u015ftirilmesi, kurulumu ve bak\u0131m deste\u011finin sa\u011flanmas\u0131, Kuzey K\u0131br\u0131s T\u00fcrk Cumhuriyeti yurt d\u0131\u015f\u0131 temsilciliklerine kimlik kart\u0131 ba\u015fvuru birimi kurulumu ve bak\u0131m deste\u011finin sa\u011flanmas\u0131 ama\u00e7lanmaktad\u0131r.<br \/>S\u00f6z konusu proje \u00e7\u0131kt\u0131lar\u0131, KKTC \u0130\u00e7i\u015fleri Bakanl\u0131\u011f\u0131 taraf\u0131ndan 2015 y\u0131l\u0131ndan itibaren, d\u0131\u015f temsilcilikleri taraf\u0131ndan da 2017 y\u0131l\u0131ndan itibaren g\u00fcn\u00fcm\u00fcze kadar ba\u015far\u0131l\u0131 bir \u015fekilde kullan\u0131lmaktad\u0131r.<\/p><\/div>\n\t\t\t\t\t<\/div><div class=\"eael-accordion-list\">\n\t\t\t\t\t<div id=\"kart-ynetim-sistemi-gelitirme-ve-teknoloji-transferi-projesi\" class=\"elementor-tab-title eael-accordion-header\" tabindex=\"0\" data-tab=\"7\" aria-controls=\"elementor-tab-content-2237\"><span class=\"eael-advanced-accordion-icon-closed\"><i aria-hidden=\"true\" class=\"fa-accordion-icon fas fa-plus\"><\/i><\/span><span class=\"eael-advanced-accordion-icon-opened\"><i aria-hidden=\"true\" class=\"fa-accordion-icon fas fa-minus\"><\/i><\/span><span class=\"eael-accordion-tab-title\">Kart Y\u00f6netim Sistemi Geli\u015ftirme ve Teknoloji Transferi Projesi<\/span><i aria-hidden=\"true\" class=\"fa-toggle fas fa-angle-right\"><\/i><\/div><div id=\"elementor-tab-content-2237\" class=\"eael-accordion-content clearfix\" data-tab=\"7\" aria-labelledby=\"kart-ynetim-sistemi-gelitirme-ve-teknoloji-transferi-projesi\"><p>Kart Y\u00f6netim Sistemi Geli\u015ftirme ve Teknoloji Transferi Projesi\u2019nin amac\u0131, N\u00fcfus ve Vatanda\u015fl\u0131k \u0130\u015fleri Genel M\u00fcd\u00fcrl\u00fc\u011f\u00fcnce y\u00fcr\u00fct\u00fclen 2. Nesil Pasaport Projesi\u2019nde kullan\u0131lmak \u00fczere Pasaport Y\u00f6netim Sistemi\u2019nin geli\u015ftirilmesi ve teknoloji transferinin ger\u00e7ekle\u015ftirilmesidir. Emniyet Genel M\u00fcd\u00fcrl\u00fc\u011f\u00fc taraf\u0131ndan y\u00fcr\u00fct\u00fclmekte olan elektronik pasaport ba\u015fvuru ve ki\u015fiselle\u015ftirme s\u00fcre\u00e7leri, 2018 y\u0131l\u0131 itibari ile N\u00fcfus ve Vatanda\u015fl\u0131k \u0130\u015fleri Genel M\u00fcd\u00fcrl\u00fc\u011f\u00fcne devredilmi\u015ftir. S\u00f6z konusu proje ile UEKAE taraf\u0131ndan Pasaport Y\u00f6netim Sistemi geli\u015ftirilmi\u015f olup teknoloji transferi ger\u00e7ekle\u015ftirilmi\u015ftir. <br \/>S\u00f6z konusu proje \u00e7\u0131kt\u0131lar\u0131, N\u00fcfus ve Vatanda\u015fl\u0131k \u0130\u015fleri Genel M\u00fcd\u00fcrl\u00fc\u011f\u00fc taraf\u0131ndan 2018 y\u0131l\u0131 Nisan ay\u0131ndan itibaren g\u00fcn\u00fcm\u00fcze kadar ba\u015far\u0131l\u0131 bir \u015fekilde kullan\u0131lmaktad\u0131r.<\/p><\/div>\n\t\t\t\t\t<\/div><div class=\"eael-accordion-list\">\n\t\t\t\t\t<div id=\"akaryakt-marker-kontrol-cihazlar-ve-denetim-sistemi-ulusal-marker-ve-firma-marker\" class=\"elementor-tab-title eael-accordion-header\" tabindex=\"0\" data-tab=\"8\" aria-controls=\"elementor-tab-content-2238\"><span class=\"eael-advanced-accordion-icon-closed\"><i aria-hidden=\"true\" class=\"fa-accordion-icon fas fa-plus\"><\/i><\/span><span class=\"eael-advanced-accordion-icon-opened\"><i aria-hidden=\"true\" class=\"fa-accordion-icon fas fa-minus\"><\/i><\/span><span class=\"eael-accordion-tab-title\">Akaryak\u0131t Marker Kontrol Cihazlar\u0131 ve Denetim Sistemi (Ulusal Marker ve Firma Marker)<\/span><i aria-hidden=\"true\" class=\"fa-toggle fas fa-angle-right\"><\/i><\/div><div id=\"elementor-tab-content-2238\" class=\"eael-accordion-content clearfix\" data-tab=\"8\" aria-labelledby=\"akaryakt-marker-kontrol-cihazlar-ve-denetim-sistemi-ulusal-marker-ve-firma-marker\"><p>Akaryak\u0131t Marker Kontrol Cihazlar\u0131 ve Denetim Sistemi (Ulusal Marker ve Firma Marker), kay\u0131t d\u0131\u015f\u0131 \u00fcretim ve ka\u00e7ak\u00e7\u0131l\u0131kla elde edilen akaryak\u0131tlar\u0131n petrol piyasas\u0131nda da\u011f\u0131t\u0131lmas\u0131n\u0131 \u00f6nlemek, yak\u0131t pazar\u0131n\u0131n m\u00fcmk\u00fcn olan en \u00fcst seviyede denetimini sa\u011flamak ve vergi gelirlerini art\u0131rmak i\u00e7in geli\u015ftirilip \u00fcretilmektedir.<br \/>Ulusal Marker Kontrol Sistemi; akaryak\u0131tlar\u0131n saha denetimlerinde Ulusal Marker\u2019\u0131n tespiti ve konsantrasyon \u00f6l\u00e7\u00fcm\u00fcn\u00fc yapan Ulusal Marker Saha Kontrol Cihazlar\u0131 (MarkerXP+), akaryak\u0131t da\u011f\u0131t\u0131m \u015firketlerinin laboratuvarlar\u0131nda akaryak\u0131tlardaki Ulusal Marker\u2019\u0131n konsantrasyon \u00f6l\u00e7\u00fcm\u00fcn\u00fc yapan Ulusal Marker Konsantrasyon \u00d6l\u00e7\u00fcm Cihazlar\u0131 (MarkerK+) ve Veri Toplama Merkezinden olu\u015fmaktad\u0131r. 2007 y\u0131l\u0131ndan itibaren Polis, Jandarma, Sahil G\u00fcvenlik, G\u00fcmr\u00fck M\u00fcste\u015farl\u0131\u011f\u0131, Sanayi ve Teknoloji Bakanl\u0131\u011f\u0131 birimlerince; rafinerilerde, akaryak\u0131t istasyonlar\u0131nda, ta\u015f\u0131ma tankerlerinde, depolama sahalar\u0131nda yap\u0131lan denetimlerde ka\u00e7ak akaryak\u0131t tespitinde kullan\u0131lmaktad\u0131r.<br \/>Firma Marker Kontrol Sistemi; akaryak\u0131t firmalar\u0131n\u0131n satmakta olduklar\u0131 akaryak\u0131tlar\u0131 tan\u0131yabilmeleri, istasyonlar\u0131n\u0131 denetleyebilmeleri ve hizmet kalitelerini art\u0131rabilmeleri i\u00e7in geli\u015ftirilip \u00fcretilmektedir.<\/p><\/div>\n\t\t\t\t\t<\/div><div class=\"eael-accordion-list\">\n\t\t\t\t\t<div id=\"mill-ak-anahtar-altyaps-projesi\" class=\"elementor-tab-title eael-accordion-header\" tabindex=\"0\" data-tab=\"9\" aria-controls=\"elementor-tab-content-2239\"><span class=\"eael-advanced-accordion-icon-closed\"><i aria-hidden=\"true\" class=\"fa-accordion-icon fas fa-plus\"><\/i><\/span><span class=\"eael-advanced-accordion-icon-opened\"><i aria-hidden=\"true\" class=\"fa-accordion-icon fas fa-minus\"><\/i><\/span><span class=\"eael-accordion-tab-title\">Mill\u00ee A\u00e7\u0131k Anahtar Altyap\u0131s\u0131 Projesi<\/span><i aria-hidden=\"true\" class=\"fa-toggle fas fa-angle-right\"><\/i><\/div><div id=\"elementor-tab-content-2239\" class=\"eael-accordion-content clearfix\" data-tab=\"9\" aria-labelledby=\"mill-ak-anahtar-altyaps-projesi\"><p>A\u00e7\u0131k Anahtar Altyap\u0131s\u0131 (AAA\/PKI) teknolojileri; \u00f6zellikle elektronik kimlik kart\u0131, elektronik imza ve e-devlet uygulamalar\u0131n\u0131n temelini olu\u015fturmaktad\u0131r. MA3 Projesi kapsam\u0131nda geli\u015ftirilen Elektronik Sertifika Y\u00f6netim Altyap\u0131s\u0131 (ESYA), AAA teknolojilerinin kalbini olu\u015fturan elektronik sertifikalar\u0131n \u00fcretilmesi ve y\u00f6netimini ger\u00e7ekle\u015ftiren \u00fclkemizdeki tek mill\u00ee yaz\u0131l\u0131md\u0131r ve bu alanda Ortak Kriter (Common Criteria, CC) EAL4+ sertifikas\u0131 olan d\u00fcnyadaki say\u0131l\u0131 \u00fcr\u00fcnlerden biridir.<br \/>T\u00fcrkiye&#8217;de kamu kurumlar\u0131na sertifika vermekle yetkili olan KamuSM Sertifika hizmet sa\u011flay\u0131c\u0131s\u0131nda ESYA yaz\u0131l\u0131m\u0131 kullan\u0131lmaktad\u0131r. T\u00fcrkiye Cumhuriyeti Kimlik Kart\u0131 Projesi ve e-Pasaport Projesi kapsam\u0131nda \u00fcretilecek sertifikalar\u0131n \u00fcretimi ve y\u00f6netimi ESYA yaz\u0131l\u0131mlar\u0131 ile ger\u00e7ekle\u015ftirilmektedir. Ayr\u0131ca Zaman Damgas\u0131 Sunucusu ve Zaman Damgas\u0131 \u0130stemcisi yayg\u0131n olarak kullan\u0131lan di\u011fer uygulamalar\u0131m\u0131zd\u0131r.<br \/>Kermen PKI \u0130stemcisi masa\u00fcst\u00fc g\u00fcvenlik hizmetleri sunan bir istemci uygulama ailesidir.<br \/>MA3 API e-\u0130mza ve \u015eifreleme K\u00fct\u00fcphaneleri, e-Yaz\u0131\u015fma, e-Devlet, UYAP, e-Defter, e-Fatura, e-Re\u00e7ete gibi projelerin altyap\u0131s\u0131n\u0131 olu\u015fturmakt\u0131r. Yaz\u0131l\u0131m firmalar\u0131, telekom\u00fcnikasyon firmalar\u0131, bankalar, \u00fcniversiteler ve kamu kurumlar\u0131 MA3 API\u2019yi kullanarak y\u00fczlerce e-\u0130mza \u00fcr\u00fcn\u00fc geli\u015ftirmi\u015ftir ve geli\u015ftirmektedir. Bu kurumlara yaz\u0131l\u0131m deste\u011fi verilmeye devam edilmektedir.<br \/>ESYA, KERMEN ve MA3 API \u00fcr\u00fcnlerimiz ba\u015fta T\u00fcrk Silahl\u0131 Kuvvetleri olmak \u00fczere bir\u00e7ok \u00f6zel ve kamu kurumunda yayg\u0131n bir \u015fekilde kullan\u0131lmaktad\u0131r. \u00dcr\u00fcnlerimizin de\u011fi\u015fen ve geli\u015fen teknoloji ve standartlara (ETSI, RFC ve ISO vb.) g\u00f6re g\u00fcncellemeleri yap\u0131lmakta ve ihtiya\u00e7lar do\u011frultusunda \u00fcr\u00fcnlere yeni \u00f6zellikler eklenmektedir.<\/p><\/div>\n\t\t\t\t\t<\/div><div class=\"eael-accordion-list\">\n\t\t\t\t\t<div id=\"kement-kripto-modl\" class=\"elementor-tab-title eael-accordion-header\" tabindex=\"0\" data-tab=\"10\" aria-controls=\"elementor-tab-content-22310\"><span class=\"eael-advanced-accordion-icon-closed\"><i aria-hidden=\"true\" class=\"fa-accordion-icon fas fa-plus\"><\/i><\/span><span class=\"eael-advanced-accordion-icon-opened\"><i aria-hidden=\"true\" class=\"fa-accordion-icon fas fa-minus\"><\/i><\/span><span class=\"eael-accordion-tab-title\">KEMENT Kripto Mod\u00fcl\u00fc<\/span><i aria-hidden=\"true\" class=\"fa-toggle fas fa-angle-right\"><\/i><\/div><div id=\"elementor-tab-content-22310\" class=\"eael-accordion-content clearfix\" data-tab=\"10\" aria-labelledby=\"kement-kripto-modl\"><p>KEMENT Kripto Mod\u00fcl\u00fc, M\u00fchimmat Veri A\u011f\u0131 Sistemi&#8217;ndeki haberle\u015fmenin g\u00fcvenli\u011fini sa\u011flamak \u00fczere T\u00dcB\u0130TAK B\u0130LGEM taraf\u0131ndan geli\u015ftirilmi\u015ftir. Mod\u00fcl, Hava Arac\u0131 (F-16) ve M\u00fchimmat (SOM) \u00fczerinde bulunacak terminallere entegre edilerek kullan\u0131l\u0131r.<\/p><p>KEMENT Kripto Mod\u00fcl\u00fc, zaman payla\u015f\u0131ml\u0131\/frekans atlamal\u0131 Taktik Veri A\u011f Sistemlerini destekleyen bir kripto protokol\u00fcne sahip olup, G\u0130ZL\u0130 gizlilik seviyesi g\u00fcvenli haberle\u015fme i\u00e7in COMSEC onay\u0131 al\u0131nm\u0131\u015ft\u0131r.<\/p><\/div>\n\t\t\t\t\t<\/div><div class=\"eael-accordion-list\">\n\t\t\t\t\t<div id=\"iff-m5k-iim-kripto-birimi\" class=\"elementor-tab-title eael-accordion-header\" tabindex=\"0\" data-tab=\"11\" aria-controls=\"elementor-tab-content-22311\"><span class=\"eael-advanced-accordion-icon-closed\"><i aria-hidden=\"true\" class=\"fa-accordion-icon fas fa-plus\"><\/i><\/span><span class=\"eael-advanced-accordion-icon-opened\"><i aria-hidden=\"true\" class=\"fa-accordion-icon fas fa-minus\"><\/i><\/span><span class=\"eael-accordion-tab-title\">IFF M5K-IIM Kripto Birimi<\/span><i aria-hidden=\"true\" class=\"fa-toggle fas fa-angle-right\"><\/i><\/div><div id=\"elementor-tab-content-22311\" class=\"eael-accordion-content clearfix\" data-tab=\"11\" aria-labelledby=\"iff-m5k-iim-kripto-birimi\"><p>IFF M5K-IIM Kripto Birimi, NATO Mod 4\/5 ve Mill\u00ee Mod 4\/5 kripto algoritmalar\u0131n\u0131 kullanarak IFF Mod 4\/5 Sistemlerinde haberle\u015fme ve ileti\u015fim g\u00fcvenli\u011fini sa\u011flamak \u00fczere T\u00dcB\u0130TAK B\u0130LGEM taraf\u0131ndan geli\u015ftirilmi\u015ftir. M5K-IIM Kripto Birimi, IFF Sistemi Sorgulay\u0131c\u0131\/Cevaplay\u0131c\u0131 cihazlar\u0131 ile uyumlu olarak geli\u015ftirilmi\u015ftir. COMSEC, TEMPEST onay\u0131 al\u0131nm\u0131\u015f olan M5K-IIM Kripto Birimleri, MIL-STD-461E standard\u0131na g\u00f6re EMI\/EMC ve MIL-STD-810G standard\u0131na g\u00f6re \u00e7evre ko\u015fullar\u0131na uygun olarak geli\u015ftirilmi\u015ftir.<\/p><p>M5K-IIM Kripto Birimi a\u015fa\u011f\u0131da listelenen cihazlarda kullan\u0131lmaktad\u0131r:<\/p><ul class=\"rteindent1\"><li>K\u0131sa\/Orta Menzilli Sorgulay\u0131c\u0131<\/li><li>Cevaplay\u0131c\u0131<\/li><li>Uzun Menzilli Sorgulay\u0131c\u0131<\/li><li>Birle\u015fik Sorgulay\u0131c\u0131\/Cevaplay\u0131c\u0131<\/li><\/ul><p>Geli\u015ftirmesi tamamlanan M5K-IIM Kripto Birimi&#8217;nin teknoloji transferi yap\u0131lm\u0131\u015ft\u0131r ve kullan\u0131lmaktad\u0131r.<\/p><\/div>\n\t\t\t\t\t<\/div><div class=\"eael-accordion-list\">\n\t\t\t\t\t<div id=\"ekadas-ii\" class=\"elementor-tab-title eael-accordion-header\" tabindex=\"0\" data-tab=\"12\" aria-controls=\"elementor-tab-content-22312\"><span class=\"eael-advanced-accordion-icon-closed\"><i aria-hidden=\"true\" class=\"fa-accordion-icon fas fa-plus\"><\/i><\/span><span class=\"eael-advanced-accordion-icon-opened\"><i aria-hidden=\"true\" class=\"fa-accordion-icon fas fa-minus\"><\/i><\/span><span class=\"eael-accordion-tab-title\">EKADAS-II<\/span><i aria-hidden=\"true\" class=\"fa-toggle fas fa-angle-right\"><\/i><\/div><div id=\"elementor-tab-content-22312\" class=\"eael-accordion-content clearfix\" data-tab=\"12\" aria-labelledby=\"ekadas-ii\"><p>EKADAS-II Sistemi, Ulusal Kripto Anahtar Y\u00f6netim Altyap\u0131s\u0131&#8217;n\u0131n olu\u015fturulmas\u0131, TSK envanterindeki b\u00fct\u00fcn kripto cihazlar\u0131 i\u00e7in kripto anahtar y\u00f6netim yetene\u011finin kazand\u0131r\u0131lmas\u0131; di\u011fer y\u00f6netim sistemleri (NATO, ASELSAN, B\u0130LGEM) ile entegrasyon, g\u00fcvenli, h\u0131zl\u0131, kesintisiz, yayg\u0131n, \u00f6l\u00e7eklenebilir anahtar y\u00f6netimi sa\u011flanmas\u0131 i\u00e7in geli\u015ftirilmi\u015ftir.<\/p><p>Sistemin \u00f6nemli \u00f6zellikleri a\u015fa\u011f\u0131da verilmi\u015ftir:<\/p><ul><li>Her t\u00fcrl\u00fc hassas bilgi (kripto anahtar\u0131 -simetrik\/simetrik- sertifika, yaz\u0131l\u0131m, kod, parola, firmware, konfig\u00fcrasyon\/y\u00f6netim bilgisi, dosya, mesaj vb.) g\u00fcvenli da\u011f\u0131t\u0131m\u0131<\/li><li>Y\u00fcksek kalitede anahtar \u00fcretimi (kuantum ve geleneksel RS\u00dc tekniklerinin kombinasyonu ile)<\/li><li>Anahtar Y\u00f6netim Sistemi (EKMS) kavram\u0131ndan Anahtar Y\u00f6netim Altyap\u0131s\u0131 (KMI) kavram\u0131na ge\u00e7i\u015f<\/li><li>Yeni nesil kripto cihazlar\u0131n\u0131n karma\u015f\u0131k anahtar y\u00f6netimini destekleme<\/li><li>Kripto cihazlar\u0131n\u0131n envanterine g\u00f6re kripto malzemelerinin da\u011f\u0131t\u0131m\u0131 ve muhasebesi<\/li><li>Ortak Anahtar Y\u00f6netim \u00c7at\u0131s\u0131 (OAY\u00c7)<\/li><\/ul><\/div>\n\t\t\t\t\t<\/div><div class=\"eael-accordion-list\">\n\t\t\t\t\t<div id=\"ytda-mesaj-letim-sistemi\" class=\"elementor-tab-title eael-accordion-header\" tabindex=\"0\" data-tab=\"13\" aria-controls=\"elementor-tab-content-22313\"><span class=\"eael-advanced-accordion-icon-closed\"><i aria-hidden=\"true\" class=\"fa-accordion-icon fas fa-plus\"><\/i><\/span><span class=\"eael-advanced-accordion-icon-opened\"><i aria-hidden=\"true\" class=\"fa-accordion-icon fas fa-minus\"><\/i><\/span><span class=\"eael-accordion-tab-title\">YTDA Mesaj \u0130\u015fletim Sistemi<\/span><i aria-hidden=\"true\" class=\"fa-toggle fas fa-angle-right\"><\/i><\/div><div id=\"elementor-tab-content-22313\" class=\"eael-accordion-content clearfix\" data-tab=\"13\" aria-labelledby=\"ytda-mesaj-letim-sistemi\"><p>Yeni Tip Denizalt\u0131 (YTDA) Mesaj \u0130\u015fletim Sistemi Projesi\u2019nin amac\u0131, Deniz Kuvvetleri Komutanl\u0131\u011f\u0131n\u0131n ihtiyac\u0131 Yeni Tip Denizalt\u0131 Projesi Ana S\u00f6zle\u015fmesi \u00e7er\u00e7evesinde in\u015fa edilecek olan 6 adet denizalt\u0131 gemisine konu\u015fland\u0131r\u0131lmas\u0131 planlanan ve Entegre Deniz Haberle\u015fme Sistemi\u2019nin bir alt sistemi olan Mesaj \u0130\u015fletim Sistemi\u2019nin (M\u0130S) geli\u015ftirilmesidir. Seri Kanal Anahtarlama Cihaz\u0131, Mekanik Anahtar Cihaz\u0131 ve Enerji Da\u011f\u0131t\u0131m Birimi gibi donan\u0131m \u00fcr\u00fcnlerinin yan\u0131nda, ACP 127 Yaz\u0131l\u0131m Paketi, STANAG 5066 Protokol Yaz\u0131l\u0131m\u0131, STANAG 5066 Uygulama Yaz\u0131l\u0131mlar\u0131, Veri Yedekleme Yaz\u0131l\u0131m\u0131 ve X.400 Mesajla\u015fma Sistemi geli\u015ftirilmektedir.<\/p><\/div>\n\t\t\t\t\t<\/div><div class=\"eael-accordion-list\">\n\t\t\t\t\t<div id=\"lhd-mesaj-letim-sistemi\" class=\"elementor-tab-title eael-accordion-header\" tabindex=\"0\" data-tab=\"14\" aria-controls=\"elementor-tab-content-22314\"><span class=\"eael-advanced-accordion-icon-closed\"><i aria-hidden=\"true\" class=\"fa-accordion-icon fas fa-plus\"><\/i><\/span><span class=\"eael-advanced-accordion-icon-opened\"><i aria-hidden=\"true\" class=\"fa-accordion-icon fas fa-minus\"><\/i><\/span><span class=\"eael-accordion-tab-title\">LHD Mesaj \u0130\u015fletim Sistemi<\/span><i aria-hidden=\"true\" class=\"fa-toggle fas fa-angle-right\"><\/i><\/div><div id=\"elementor-tab-content-22314\" class=\"eael-accordion-content clearfix\" data-tab=\"14\" aria-labelledby=\"lhd-mesaj-letim-sistemi\"><p>LHD (\u00c7ok Maksatl\u0131 Amfibi H\u00fccum \u00c7\u0131karma Gemisi) Mesaj \u0130\u015fletim Sistemi Projesi&#8217;nin amac\u0131, LHD Projesi \u00e7er\u00e7evesinde tersane taraf\u0131ndan in\u015fa edilecek \u00c7ok Maksatl\u0131 Amfibi H\u00fccum Gemisi\u2019nde konu\u015fland\u0131r\u0131lacak olan ve Muhabere Sistemi&#8217;nden gelen formatl\u0131 mesajlar\u0131 sergileyebilme, saklayabilme ve basabilme \u00f6zelliklerine sahip Mesaj \u0130\u015fletim Sistemi&#8217;nin (M\u0130S) geli\u015ftirilmesidir.<\/p><p>Senkron Seri Kanal Anahtarlama Cihaz\u0131, Mekanik Anahtar Cihaz\u0131 ve Enerji Da\u011f\u0131t\u0131m Birimi gibi donan\u0131m \u00fcr\u00fcnlerinin yan\u0131nda, ACP 127 Yaz\u0131l\u0131m Paketi, STANAG 5066 Protokol Yaz\u0131l\u0131m\u0131, STANAG 5066 Ed.3 Uygulama Yaz\u0131l\u0131mlar\u0131, Veri Yedekleme Yaz\u0131l\u0131m\u0131 ve X.400 Mesajla\u015fma Sistemi geli\u015ftirilmektedir.<\/p><\/div>\n\t\t\t\t\t<\/div><div class=\"eael-accordion-list\">\n\t\t\t\t\t<div id=\"medas-bakm-onarm-letme-ve-destek-hizmeti-projesi-medas-2\" class=\"elementor-tab-title eael-accordion-header\" tabindex=\"0\" data-tab=\"15\" aria-controls=\"elementor-tab-content-22315\"><span class=\"eael-advanced-accordion-icon-closed\"><i aria-hidden=\"true\" class=\"fa-accordion-icon fas fa-plus\"><\/i><\/span><span class=\"eael-advanced-accordion-icon-opened\"><i aria-hidden=\"true\" class=\"fa-accordion-icon fas fa-minus\"><\/i><\/span><span class=\"eael-accordion-tab-title\">MEDAS Bak\u0131m Onar\u0131m \u0130\u015fletme ve Destek Hizmeti Projesi (MEDAS-2)<\/span><i aria-hidden=\"true\" class=\"fa-toggle fas fa-angle-right\"><\/i><\/div><div id=\"elementor-tab-content-22315\" class=\"eael-accordion-content clearfix\" data-tab=\"15\" aria-labelledby=\"medas-bakm-onarm-letme-ve-destek-hizmeti-projesi-medas-2\"><p>Mesaj ve Evrak Da\u011f\u0131t\u0131m Sistemi (MEDAS), TSK\u2019n\u0131n mesajla\u015fma ve evrak da\u011f\u0131t\u0131m ihtiyac\u0131n\u0131 g\u00fcn\u00fcm\u00fcz teknolojisine uygun olarak en do\u011fru, en seri ve en g\u00fcvenli \u015fekilde kar\u015f\u0131lamak maksad\u0131yla, uluslararas\u0131 X.400 e-posta standartlar\u0131, X.500 dizin sistemi standartlar\u0131, servis g\u00fcvenli\u011finin sa\u011flanmas\u0131 i\u00e7in A\u00e7\u0131k Anahtar Altyap\u0131s\u0131 (AAA) Yaz\u0131l\u0131m\u0131 ve NATO taraf\u0131ndan yay\u0131mlanan (Asker\u00ee Mesaj Da\u011f\u0131t\u0131m Sistemi &#8211; Military Message Handling System) ba\u015fl\u0131kl\u0131 STANAG 4406\u2019da belirtilen asker\u00ee mesajla\u015fma ihtiya\u00e7lar\u0131 ele al\u0131narak tesis edilmi\u015f bir sistemdir.<\/p><p>MEDAS\u2019ta son kullan\u0131c\u0131lar\u0131n sisteme eri\u015fmesinde kullan\u0131lan mesajla\u015fma aray\u00fcz\u00fcn\u00fcn mill\u00ee imk\u00e2nlarla geli\u015ftirilmesi amac\u0131yla 2005 y\u0131l\u0131nda T\u00dcB\u0130TAK B\u0130LGEM UEKAE Mesajla\u015fma Sistemleri Birimi taraf\u0131ndan Mill\u00ee Asker\u00ee Mesaj Formu (MAMF) ve Adres Listesi Y\u00f6netim Birimi (ALYB) \u00fcr\u00fcnleri prototip olarak geli\u015ftirilmi\u015ftir. \u0130lgili \u00fcr\u00fcnler, 2009 y\u0131l\u0131ndan beri MEDAS-2 ad\u0131 alt\u0131nda kullan\u0131lmaktad\u0131r.<\/p><p>MEDAS Bak\u0131m Onar\u0131m \u0130\u015fletme ve Destek Hizmeti Projesi kapsam\u0131nda, MAMF&#8217;\u0131n Windows 7 veya 10 \u0130\u015fletim Sistemi&#8217;nde \u00e7al\u0131\u015fabilmesi, MAMS\u0130S kapsam\u0131nda geli\u015ftirilen DSS (Dizin Sistemi Sunucusu) yaz\u0131l\u0131m\u0131n\u0131n kullan\u0131lmas\u0131 ve bu \u00fcr\u00fcnler i\u00e7in 2 y\u0131l bak\u0131m onar\u0131m deste\u011fi verilmesi hedeflenmektedir. 2018 y\u0131l\u0131nda ba\u015flayan ve 2020 y\u0131l\u0131nda tamamlanmas\u0131 ama\u00e7lanan projenin \u00e7\u0131kt\u0131lar\u0131 MAMF (Yeni S\u00fcr\u00fcm), Dizin Sistemi Sunucusu ve ESYA \u00fcr\u00fcnleridir (Yeni S\u00fcr\u00fcm).<\/p><\/div>\n\t\t\t\t\t<\/div><div class=\"eael-accordion-list\">\n\t\t\t\t\t<div id=\"mesaj-ve-evrak-datm-sistemi-medas-3\" class=\"elementor-tab-title eael-accordion-header\" tabindex=\"0\" data-tab=\"16\" aria-controls=\"elementor-tab-content-22316\"><span class=\"eael-advanced-accordion-icon-closed\"><i aria-hidden=\"true\" class=\"fa-accordion-icon fas fa-plus\"><\/i><\/span><span class=\"eael-advanced-accordion-icon-opened\"><i aria-hidden=\"true\" class=\"fa-accordion-icon fas fa-minus\"><\/i><\/span><span class=\"eael-accordion-tab-title\">Mesaj ve Evrak Da\u011f\u0131t\u0131m Sistemi \/ MEDAS-3<\/span><i aria-hidden=\"true\" class=\"fa-toggle fas fa-angle-right\"><\/i><\/div><div id=\"elementor-tab-content-22316\" class=\"eael-accordion-content clearfix\" data-tab=\"16\" aria-labelledby=\"mesaj-ve-evrak-datm-sistemi-medas-3\"><p>MEDAS-3 Projesi\u2019nin amac\u0131, MEDAS\u2019\u0131n tesisi ve i\u015fletimi s\u0131ras\u0131nda elde edilen tecr\u00fcbeler kapsam\u0131nda, teknolojik geli\u015fmelerle ortaya \u00e7\u0131kan yeni ihtiya\u00e7lar\u0131 kar\u015f\u0131lamak ve h\u00e2lihaz\u0131rda TSK\u2019da kullan\u0131lmakta olan MEDAS i\u00e7indeki yabanc\u0131 kaynakl\u0131 haz\u0131r ticari \u00fcr\u00fcnleri NATO ve uluslararas\u0131 standartlar dikkate al\u0131narak millile\u015ftirebilmek maksad\u0131yla ger\u00e7ekle\u015ftirilen Mill\u00ee Asker\u00ee Mesajla\u015fma Sistemi (MAMS\u0130S) Projesi ile kazan\u0131lan mill\u00ee yeteneklerin sisteme d\u00e2hil edilerek sistemin geli\u015ftirilmesi ve millile\u015ftirilmesidir. 2018 y\u0131l\u0131nda ba\u015flayan ve 2019 y\u0131l\u0131nda tamamlanmas\u0131 hedeflenen projenin \u00e7\u0131kt\u0131lar\u0131, uluslararas\u0131 standartlara uygun ve ulusal ihtiya\u00e7lar g\u00f6zetilerek mill\u00ee olarak geli\u015ftirilmi\u015f olan mesajla\u015fma ve dizin yaz\u0131l\u0131mlar\u0131 olacakt\u0131r. Proje kapsam\u0131nda mevcut d\u0131\u015f sistemlerle (taktik ve stratejik sahada) entegrasyon sa\u011flanacakt\u0131r. Proje bitiminden sonra 2 y\u0131l garanti hizmeti verilecektir.<\/p><p>Proje kapsam\u0131nda geli\u015ftirilecek\/geni\u015fletilecek olan \u00fcr\u00fcnler a\u015fa\u011f\u0131daki gibidir:<\/p><ul class=\"rteindent1\"><li>Dizin Sistemi Sunucu (DSS) Yaz\u0131l\u0131m\u0131\u00a0\u00a0\u00a0\u00a0\u00a0\u00a0\u00a0\u00a0\u00a0\u00a0<\/li><li>X.400 Mesaj Aktarma Sunucu (MAS) Yaz\u0131l\u0131m\u0131<\/li><li>Adres Listesi Y\u00f6netim Birimi (ALYB) Yaz\u0131l\u0131m\u0131<\/li><li>Havale Y\u00f6netim Birimi (HYB) Yaz\u0131l\u0131m\u0131<\/li><li>Sistemler Aras\u0131 Ge\u00e7it Birimi (SAGB) Yaz\u0131l\u0131m\u0131<\/li><li>\u0130stemci Yaz\u0131l\u0131m\u0131<\/li><li>Y\u00f6netim Arac\u0131 Yaz\u0131l\u0131m\u0131<\/li><\/ul><p>Proje&#8217;nin temel hedefleri ve kazan\u0131mlar\u0131 a\u015fa\u011f\u0131daki gibidir:<\/p><ul class=\"rteindent1\"><li>MAMS\u0130S Projesi ile kazan\u0131lan mill\u00ee yeteneklerin kullan\u0131c\u0131 geri beslemeleri do\u011frultusunda geni\u015fletilerek sisteme d\u00e2hil edilmesi<\/li><li>Sistemin i\u015fletme ve y\u00f6netiminin kolayla\u015ft\u0131r\u0131lmas\u0131 amac\u0131yla mesajla\u015fma ve dizin sistemleri y\u00f6netim aray\u00fczlerinin tekille\u015ftirilerek mimari yap\u0131da de\u011fi\u015fikliklere gidilmesi<\/li><li>\u0130\u015fletim sistemi ve g\u00fcvenlik yaz\u0131l\u0131mlar\u0131n\u0131n en son s\u00fcr\u00fcmleri ile g\u00fcncellenmesi<\/li><li>TSK \u00e7ap\u0131nda stratejik, operatif ve taktik seviyede kullan\u0131lan\/kullan\u0131lacak olan ve mesajla\u015fma altyap\u0131s\u0131n\u0131 destekleyebilen sistemler ile b\u00fct\u00fcnle\u015fik olarak \u00e7al\u0131\u015fabilen bir yap\u0131 olu\u015fturulmas\u0131<\/li><\/ul><\/div>\n\t\t\t\t\t<\/div><div class=\"eael-accordion-list\">\n\t\t\t\t\t<div id=\"fotodedektr-projesi\" class=\"elementor-tab-title eael-accordion-header\" tabindex=\"0\" data-tab=\"17\" aria-controls=\"elementor-tab-content-22317\"><span class=\"eael-advanced-accordion-icon-closed\"><i aria-hidden=\"true\" class=\"fa-accordion-icon fas fa-plus\"><\/i><\/span><span class=\"eael-advanced-accordion-icon-opened\"><i aria-hidden=\"true\" class=\"fa-accordion-icon fas fa-minus\"><\/i><\/span><span class=\"eael-accordion-tab-title\">Fotodedekt\u00f6r Projesi<\/span><i aria-hidden=\"true\" class=\"fa-toggle fas fa-angle-right\"><\/i><\/div><div id=\"elementor-tab-content-22317\" class=\"eael-accordion-content clearfix\" data-tab=\"17\" aria-labelledby=\"fotodedektr-projesi\"><p>Fotodedekt\u00f6r \u00fcretim s\u00fcre\u00e7leri geli\u015ftiren Y\u0130TAL 2010 y\u0131l\u0131ndan bu yana T\u00fcrkiye\u2019nin 4 kadranl\u0131 fotodedekt\u00f6r sa\u011flay\u0131c\u0131s\u0131d\u0131r. \u00a0Y\u0130TAL\u2019de \u00fcretilen fotodedekt\u00f6rler uluslararas\u0131 pazardaki benzer \u00fcr\u00fcnlere g\u00f6re daha y\u00fcksek tepkisellik ve geni\u015f dinamik aral\u0131\u011f\u0131 sunmaktad\u0131rlar. Farkl\u0131 \u00f6zelliklere sahip fotodedekt\u00f6r \u00fcr\u00fcn a\u011fac\u0131 mevcuttur. 4 kadranl\u0131 fotodedekt\u00f6r d\u0131\u015f\u0131nda lazer yakla\u015fma sens\u00f6r\u00fc de \u00fcr\u00fcn yelpazesinde bulunmaktad\u0131r.<\/p><\/div>\n\t\t\t\t\t<\/div><div class=\"eael-accordion-list\">\n\t\t\t\t\t<div id=\"sige-projesi\" class=\"elementor-tab-title eael-accordion-header\" tabindex=\"0\" data-tab=\"18\" aria-controls=\"elementor-tab-content-22318\"><span class=\"eael-advanced-accordion-icon-closed\"><i aria-hidden=\"true\" class=\"fa-accordion-icon fas fa-plus\"><\/i><\/span><span class=\"eael-advanced-accordion-icon-opened\"><i aria-hidden=\"true\" class=\"fa-accordion-icon fas fa-minus\"><\/i><\/span><span class=\"eael-accordion-tab-title\">SiGe Projesi<\/span><i aria-hidden=\"true\" class=\"fa-toggle fas fa-angle-right\"><\/i><\/div><div id=\"elementor-tab-content-22318\" class=\"eael-accordion-content clearfix\" data-tab=\"18\" aria-labelledby=\"sige-projesi\"><p>T\u00fcrkiye\u2019de kullan\u0131lan radarlar\u0131n x-bant al\u0131c\u0131-verici mod\u00fcllerinin mill\u00ee olarak \u00fcretilmesi hedefi \u00e7er\u00e7evesinde \u00f6zg\u00fcn 0,25 \u00b5m 5 metal SiGe BiCMOS teknolojisi geli\u015ftirilmi\u015ftir. Bu teknolojiye ait 120 GHz\u2019lik kesim frekansl\u0131 HBT ile x-banttaki uygulamalar i\u00e7in RF devrelerin T\u00fcrkiye\u2019de \u00fcretilebilmesi noktas\u0131na gelinmi\u015ftir. Teknoloji; HBT, CMOS, Yal\u0131t\u0131lm\u0131\u015f NMOS, Varakt\u00f6r, End\u00fckt\u00f6r, MiM kapasit\u00f6r ve diren\u00e7 elemanlar\u0131n\u0131 i\u00e7ermektedir. Say\u0131sal, analog (CMOS) ve RF (SiGe) t\u00fcmdevrelerinin tek k\u0131rm\u0131kta \u00fcretilmesine olanak sa\u011flayan 0,25 \u00b5m 5 metal BiCMOS teknolojisi ile radar uygulamalar\u0131 i\u00e7in t\u00fcmdevre \u00fcretimi \u00e7al\u0131\u015fmalar\u0131 devam etmektedir.<\/p><\/div>\n\t\t\t\t\t<\/div><div class=\"eael-accordion-list\">\n\t\t\t\t\t<div id=\"zel-lemci-projesi\" class=\"elementor-tab-title eael-accordion-header\" tabindex=\"0\" data-tab=\"19\" aria-controls=\"elementor-tab-content-22319\"><span class=\"eael-advanced-accordion-icon-closed\"><i aria-hidden=\"true\" class=\"fa-accordion-icon fas fa-plus\"><\/i><\/span><span class=\"eael-advanced-accordion-icon-opened\"><i aria-hidden=\"true\" class=\"fa-accordion-icon fas fa-minus\"><\/i><\/span><span class=\"eael-accordion-tab-title\">\u00d6zel \u0130\u015flemci Projesi<\/span><i aria-hidden=\"true\" class=\"fa-toggle fas fa-angle-right\"><\/i><\/div><div id=\"elementor-tab-content-22319\" class=\"eael-accordion-content clearfix\" data-tab=\"19\" aria-labelledby=\"zel-lemci-projesi\"><p>Y\u0130TAL, \u00f6zel uygulamalar i\u00e7in \u00e7ok \u00e7ekirdekli \u00f6zg\u00fcn i\u015flemci tasarlama ve \u00fcretme konusunda \u00e7al\u0131\u015fmalar s\u00fcrd\u00fcrmektedir. Kendine \u00f6zg\u00fc makine dili olan i\u015flemci i\u00e7in \u00f6zg\u00fcn derleyici ve sim\u00fclat\u00f6r yaz\u0131l\u0131m\u0131 geli\u015ftirilmi\u015ftir. Bu destek yaz\u0131l\u0131mlar\u0131 ve geli\u015ftirme kart\u0131ndan olu\u015fan uygulama geli\u015ftirme ortam\u0131 haz\u0131rlanm\u0131\u015ft\u0131r. Bu \u00e7al\u0131\u015fmalar kapsam\u0131nda Y\u0130TAL\u2019de tasarlanm\u0131\u015f ve Y\u0130TAL\u2019in 5 metal 0,25 \u00b5m CMOS teknolojisi ile Y\u0130TAL\u2019de \u00fcretilmi\u015f, k\u0131l\u0131flanm\u0131\u015f 8051 i\u015flemcisi ba\u015far\u0131 ile \u00e7al\u0131\u015fm\u0131\u015ft\u0131r. T\u00fcrkiye\u2019de \u00fcretilmi\u015f ilk i\u015flemci elde edilmi\u015ftir. 8,5 milyon transist\u00f6r i\u00e7eren \u00e7ok \u00e7ekirdekli \u00f6zel i\u015flemcinin \u00fcretimi devam etmektedir.<\/p><\/div>\n\t\t\t\t\t<\/div><div class=\"eael-accordion-list\">\n\t\t\t\t\t<div id=\"akll-kart-projesi\" class=\"elementor-tab-title eael-accordion-header\" tabindex=\"0\" data-tab=\"20\" aria-controls=\"elementor-tab-content-22320\"><span class=\"eael-advanced-accordion-icon-closed\"><i aria-hidden=\"true\" class=\"fa-accordion-icon fas fa-plus\"><\/i><\/span><span class=\"eael-advanced-accordion-icon-opened\"><i aria-hidden=\"true\" class=\"fa-accordion-icon fas fa-minus\"><\/i><\/span><span class=\"eael-accordion-tab-title\">Ak\u0131ll\u0131 Kart Projesi<\/span><i aria-hidden=\"true\" class=\"fa-toggle fas fa-angle-right\"><\/i><\/div><div id=\"elementor-tab-content-22320\" class=\"eael-accordion-content clearfix\" data-tab=\"20\" aria-labelledby=\"akll-kart-projesi\"><p>Y\u0130TAL, entegre devre tasar\u0131m\u0131ndaki yo\u011fun tecr\u00fcbesi ve Avrupa Birli\u011fi 6. \u00c7er\u00e7eve Program\u0131 sayesinde kazan\u0131lan g\u00fcvenli devre tasar\u0131m\u0131 bilgi birikimi ile 2011\u2019de T\u00fcrkiye\u2019nin ilk temasl\u0131 Mill\u00ee Ak\u0131ll\u0131 Kart entegre devresini tasarlam\u0131\u015f ve kullan\u0131ma sunmu\u015ftur. 2011\u2019den beri farkl\u0131 s\u00fcr\u00fcmlerinin geli\u015ftirildi\u011fi temasl\u0131 ak\u0131ll\u0131 kartlar uluslararas\u0131 ge\u00e7erlili\u011fi olan\u00a0 EAL5+ G\u00fcvenlik Sertfikas\u0131&#8217;na sahiptirler. T\u00fcrkiye\u2019nin ulusal kimlik ak\u0131ll\u0131 kartlar\u0131n\u0131n tek tasar\u0131mc\u0131s\u0131 olan Y\u0130TAL, 2018 y\u0131l\u0131nda \u00e7ift aray\u00fczl\u00fc (temasl\u0131 ve temass\u0131z) ulusal ak\u0131ll\u0131 kart\u0131 geli\u015ftirmi\u015ftir.<\/p><\/div>\n\t\t\t\t\t<\/div><div class=\"eael-accordion-list\">\n\t\t\t\t\t<div id=\"lazer-test-stasyonu-projesi\" class=\"elementor-tab-title eael-accordion-header\" tabindex=\"0\" data-tab=\"21\" aria-controls=\"elementor-tab-content-22321\"><span class=\"eael-advanced-accordion-icon-closed\"><i aria-hidden=\"true\" class=\"fa-accordion-icon fas fa-plus\"><\/i><\/span><span class=\"eael-advanced-accordion-icon-opened\"><i aria-hidden=\"true\" class=\"fa-accordion-icon fas fa-minus\"><\/i><\/span><span class=\"eael-accordion-tab-title\">Lazer Test \u0130stasyonu Projesi<\/span><i aria-hidden=\"true\" class=\"fa-toggle fas fa-angle-right\"><\/i><\/div><div id=\"elementor-tab-content-22321\" class=\"eael-accordion-content clearfix\" data-tab=\"21\" aria-labelledby=\"lazer-test-stasyonu-projesi\"><p>Projenin amac\u0131, entegre devreler \u00fczerinde yap\u0131lacak optik yan kanal analizleri i\u00e7in lazer test istasyonu geli\u015ftirilmesidir. Geli\u015ftirilecek istasyon, Test ve De\u011ferlendirme Ba\u015fkan Yard\u0131mc\u0131l\u0131\u011f\u0131na ba\u011fl\u0131 Ortak Kriterler Test Merkezi (OKTEM) taraf\u0131ndan kullan\u0131lacakt\u0131r. OKTEM\u2019in yurt i\u00e7i ve yurt d\u0131\u015f\u0131 test m\u00fc\u015fterilerine hizmet sunabilmesi ve talep edilen test t\u00fcrlerinden biri olan lazer testlerini ger\u00e7ekle\u015ftirebilmesi sa\u011flanacakt\u0131r. Hem kurum i\u00e7i hem de kurum d\u0131\u015f\u0131ndan kullan\u0131m talepleri olabilecek bu cihaz sayesinde \u00fcretilen \u00e7ip ve elektronik devrelerin g\u00fcvenilirlikleri test edilebilecektir. Projenin tamamlanmas\u0131ndan sonra gerek lazer test i\u015flemleri alan\u0131nda OKTEM Lab\u2019\u0131n ihtiyac\u0131 giderilecek gerekse bu alanda yerli bir \u00fcr\u00fcne sahip olunacakt\u0131r.<\/p><\/div>\n\t\t\t\t\t<\/div><div class=\"eael-accordion-list\">\n\t\t\t\t\t<div id=\"biyoaerosol-alglama-sistemi-projesi\" class=\"elementor-tab-title eael-accordion-header\" tabindex=\"0\" data-tab=\"22\" aria-controls=\"elementor-tab-content-22322\"><span class=\"eael-advanced-accordion-icon-closed\"><i aria-hidden=\"true\" class=\"fa-accordion-icon fas fa-plus\"><\/i><\/span><span class=\"eael-advanced-accordion-icon-opened\"><i aria-hidden=\"true\" class=\"fa-accordion-icon fas fa-minus\"><\/i><\/span><span class=\"eael-accordion-tab-title\">Biyoaerosol Alg\u0131lama Sistemi Projesi<\/span><i aria-hidden=\"true\" class=\"fa-toggle fas fa-angle-right\"><\/i><\/div><div id=\"elementor-tab-content-22322\" class=\"eael-accordion-content clearfix\" data-tab=\"22\" aria-labelledby=\"biyoaerosol-alglama-sistemi-projesi\"><p>Proje kapsam\u0131nda, KBRN alan\u0131nda y\u00fcr\u00fct\u00fclen \u00e7al\u0131\u015fmalarda ortamdaki havada bulunan 0,3-5 mikron \u00e7ap\u0131ndaki aerosollerin optik tabanl\u0131 sistem ile tespit edilmesi ama\u00e7lanmaktad\u0131r. Geli\u015ftirilecek cihaz i\u00e7erisindeki sisteme pompalar yoluyla aktar\u0131lacak ortam havas\u0131n\u0131n i\u00e7erisindeki partik\u00fcller lazer ile uyar\u0131larak \u00f6l\u00e7\u00fcmlenmektedir. Havadaki tehdit partik\u00fcllerinin boyutlar\u0131n\u0131n beklenen aral\u0131kta olmas\u0131, miktar\u0131n\u0131n belirli bir e\u015fik de\u011ferini ge\u00e7mesi ve boyut da\u011f\u0131l\u0131m\u0131 floresans oranlar\u0131n\u0131n de\u011feri ile cihaz alarm durumuna ge\u00e7ecek ve tespit edilen partik\u00fcllerin biyolojik olup olmad\u0131\u011f\u0131 anla\u015f\u0131lacakt\u0131r. Proje sonunda ortaya \u00e7\u0131kacak \u00fcr\u00fcn insanl\u0131 ve insans\u0131z olarak kullan\u0131labilen her t\u00fcrl\u00fc kara-hava-deniz platformlar\u0131na entegre edilebilecek, bu platformlardaki KBRN sistemleri ile entegrasyonu ve haberle\u015fmesi sa\u011flanarak bu sayede sivil ve asker\u00ee alandaki biyolojik tehditlerin (biyo sald\u0131r\u0131, ter\u00f6r, vir\u00fcs vb.) uzaktan ve erken tespiti m\u00fcmk\u00fcn olabilecektir.<\/p><\/div>\n\t\t\t\t\t<\/div><div class=\"eael-accordion-list\">\n\t\t\t\t\t<div id=\"denizde-kmal-muhabere-destek-gemisi-mesaj-letim-sistemi-dmdeg-ms-\" class=\"elementor-tab-title eael-accordion-header\" tabindex=\"0\" data-tab=\"23\" aria-controls=\"elementor-tab-content-22323\"><span class=\"eael-advanced-accordion-icon-closed\"><i aria-hidden=\"true\" class=\"fa-accordion-icon fas fa-plus\"><\/i><\/span><span class=\"eael-advanced-accordion-icon-opened\"><i aria-hidden=\"true\" class=\"fa-accordion-icon fas fa-minus\"><\/i><\/span><span class=\"eael-accordion-tab-title\">Denizde \u0130kmal Muhabere Destek Gemisi Mesaj \u0130\u015fletim Sistemi (D\u0130MDEG M\u0130S) <\/span><i aria-hidden=\"true\" class=\"fa-toggle fas fa-angle-right\"><\/i><\/div><div id=\"elementor-tab-content-22323\" class=\"eael-accordion-content clearfix\" data-tab=\"23\" aria-labelledby=\"denizde-kmal-muhabere-destek-gemisi-mesaj-letim-sistemi-dmdeg-ms-\"><p>D\u0130MDEG M\u0130S, geli\u015ftirilecek donan\u0131m ve yaz\u0131l\u0131mlar ile beraber haz\u0131r ticari \u00fcr\u00fcnler de kullan\u0131larak olu\u015fturulan bir sistemdir. M\u0130S; ACP 127, STANAG 4406, STANAG 5066 ve SMTP uygulama ve standartlar\u0131n\u0131 destekleyecektir. Sistem, telsizler \u00fczerinden farkl\u0131 protokoller kullanarak bir a\u011f olu\u015fturup, iki veya daha fazla noktan\u0131n mesafe ve bant geni\u015fliklerine g\u00f6re, g\u00fcvenli ve g\u00fcvenilir, de\u011fi\u015fik uygulama ve y\u00f6ntemler ile veri haberle\u015fmesini sa\u011flar. Farkl\u0131 standartlarda mesaj haz\u0131rlama, alma, g\u00f6nderme ve yazd\u0131rma i\u015flemlerinin yan\u0131nda ar\u015fivleme, analiz ve raporlama sistem b\u00fcnyesinde yap\u0131labilmektedir.<\/p><\/div>\n\t\t\t\t\t<\/div><div class=\"eael-accordion-list\">\n\t\t\t\t\t<div id=\"ak-deniz-karakol-gemisi-mesaj-letim-sistemi-adkg-ms\" class=\"elementor-tab-title eael-accordion-header\" tabindex=\"0\" data-tab=\"24\" aria-controls=\"elementor-tab-content-22324\"><span class=\"eael-advanced-accordion-icon-closed\"><i aria-hidden=\"true\" class=\"fa-accordion-icon fas fa-plus\"><\/i><\/span><span class=\"eael-advanced-accordion-icon-opened\"><i aria-hidden=\"true\" class=\"fa-accordion-icon fas fa-minus\"><\/i><\/span><span class=\"eael-accordion-tab-title\">A\u00e7\u0131k Deniz Karakol Gemisi Mesaj \u0130\u015fletim Sistemi (ADKG M\u0130S)<\/span><i aria-hidden=\"true\" class=\"fa-toggle fas fa-angle-right\"><\/i><\/div><div id=\"elementor-tab-content-22324\" class=\"eael-accordion-content clearfix\" data-tab=\"24\" aria-labelledby=\"ak-deniz-karakol-gemisi-mesaj-letim-sistemi-adkg-ms\"><p>ADKG M\u0130S Projesi, Sava\u015f Y\u00f6netim Sistemi&#8217;nin bir alt sistemi olarak \u00e7al\u0131\u015facak mesaj i\u015fletim sistemini konu almaktad\u0131r. M\u0130S, Muhabere Sisteminden gelen formatl\u0131\/formats\u0131z mesajlar\u0131 sergileyebilme, saklayabilme ve basabilme \u00f6zelliklerinin yan\u0131 s\u0131ra formatl\u0131\/formats\u0131z mesaj haz\u0131rlama ve Muhabere Sistemi&#8217;ne g\u00f6nderme kabiliyetlerine sahip olacakt\u0131r. M\u0130S; ACP 127, STANAG 4406, STANAG 5066 ve SMTP uygulama ve standartlar\u0131n\u0131 destekleyecektir. Bu proje kapsam\u0131nda 2 adet A\u00e7\u0131k Deniz Karakol gemisine mesaj i\u015fletim sistemi verilecektir.<\/p><\/div>\n\t\t\t\t\t<\/div><div class=\"eael-accordion-list\">\n\t\t\t\t\t<div id=\"safir-posta-kurumnet\" class=\"elementor-tab-title eael-accordion-header\" tabindex=\"0\" data-tab=\"25\" aria-controls=\"elementor-tab-content-22325\"><span class=\"eael-advanced-accordion-icon-closed\"><i aria-hidden=\"true\" class=\"fa-accordion-icon fas fa-plus\"><\/i><\/span><span class=\"eael-advanced-accordion-icon-opened\"><i aria-hidden=\"true\" class=\"fa-accordion-icon fas fa-minus\"><\/i><\/span><span class=\"eael-accordion-tab-title\">Safir Posta (KurumNet)<\/span><i aria-hidden=\"true\" class=\"fa-toggle fas fa-angle-right\"><\/i><\/div><div id=\"elementor-tab-content-22325\" class=\"eael-accordion-content clearfix\" data-tab=\"25\" aria-labelledby=\"safir-posta-kurumnet\"><p>Safir Posta; g\u00fcvenli e-posta al\u0131\u015fveri\u015fi, anl\u0131k mesajla\u015fma, video konferans, takvim ve g\u00f6rev takip i\u015flevlerini bir arada sunan bir \u00fcretkenlik \u00e7\u00f6z\u00fcm\u00fcd\u00fcr. Tamamen mill\u00ee kaynaklarla geli\u015ftirilmi\u015f \u00fcr\u00fcn ailesi Safir Posta\u2019n\u0131n geli\u015ftirme s\u00fcrecinde uluslararas\u0131 standartlara uyum sa\u011flanm\u0131\u015f, ayn\u0131 zamanda ulusal ihtiya\u00e7lar g\u00f6zetilmi\u015ftir. Safir Posta b\u00fct\u00fcnle\u015fik \u00e7al\u0131\u015fan bir\u00e7ok yaz\u0131l\u0131m bile\u015feni i\u00e7ermektedir. Kullan\u0131c\u0131lar aras\u0131nda e-postalar\u0131 iletmek ve muhafaza etmekle g\u00f6revli SMTP\/IMAP\/POP3 standartlar\u0131na uygun \u201cMesaj Aktarma Sunucusu,\u201d kullan\u0131c\u0131 bilgilerinin merkez\u00ee olarak sakland\u0131\u011f\u0131 LDAP standard\u0131na uygun \u201cDizin Sistemi Sunucusu\u201d ve son kullan\u0131c\u0131lar\u0131n e-posta haz\u0131rlamas\u0131na, g\u00f6r\u00fcnt\u00fclemesine imk\u00e2n veren \u201cMesajla\u015fma \u0130stemcisi\u201d (web, Outlook ve masa\u00fcst\u00fc s\u00fcr\u00fcmleri mevcuttur) temel bile\u015fenlerdir.<\/p><p>CalDAV sunucusu ve iMIP standard\u0131n\u0131 ger\u00e7ekleyen payla\u015f\u0131labilir takvim ortam\u0131, XMPP \u00fczerinden canl\u0131 sohbet sistemi, \u00e7e\u015fitli video konferans sistemleri ile entegrasyon yetene\u011fi, \u00e7ok fakt\u00f6rl\u00fc kimlik do\u011frulama, platform ba\u011f\u0131ms\u0131z \u00e7al\u0131\u015fabilme \u00f6zelliklerine sahiptir. Kullan\u0131c\u0131lar aras\u0131nda imzal\u0131 ve \u015fifreli mesajla\u015fmaya imk\u00e2n vermektedir.<\/p><p>Safir Posta ile; g\u00fc\u00e7l\u00fc kimlik do\u011frulama, hat g\u00fcvenli\u011fi, eri\u015fim denetimi, denetim g\u00fcnl\u00fc\u011f\u00fc ve mesaj g\u00fcvenli\u011fi gibi g\u00fcvenlik i\u015flevleri sa\u011flanmaktad\u0131r. Ayr\u0131ca, uzaktan merkez\u00ee olarak y\u00f6netilebilen sunucu bile\u015fenleri vas\u0131tas\u0131yla yedekleme, yedekten d\u00f6nme ve i\u015f s\u00fcreklili\u011fi gibi i\u015flevler desteklenmektedir. Bu yeteneklere ek olarak, T\u00dcB\u0130TAK B\u0130LGEM taraf\u0131ndan geli\u015ftirilen MA3 \u00fcr\u00fcn ailesine (ESYA, Dirak HSM) entegre olacak \u015fekilde imzal\u0131\/\u015fifreli mesaj g\u00f6nderebilme \u00f6zelliklerine sahiptir.<\/p><p>Bunlara ek olarak, T\u00dcB\u0130TAK B\u0130LGEM taraf\u0131ndan mill\u00ee olarak geli\u015ftirmi\u015f olan Safir Depo ve AK\u0130S destekli ak\u0131ll\u0131 kart gibi bile\u015fenlerle birlikte \u00e7al\u0131\u015fabilmektedir. Bu sayede, herhangi bir yabanc\u0131 yaz\u0131l\u0131ma ihtiya\u00e7 duymadan g\u00fcvenli ve g\u00fcvenilir bir e-posta ileti\u015fimi sa\u011flamaktad\u0131r. KurumNet ad\u0131yla 2017\u2019de ba\u015flayan Safir Posta T\u00dcB\u0130TAK B\u0130LGEM kurumsal mesajla\u015fma sistemi olarak, yakla\u015f\u0131k 2.000 kullan\u0131c\u0131 taraf\u0131ndan kullan\u0131lmaktad\u0131r. Kurumlara \u00f6zg\u00fc ihtiya\u00e7lar g\u00f6z \u00f6n\u00fcnde bulundurularak ek geli\u015ftirmeler de yap\u0131labilmektedir. Safir Posta, T.C. Cumhurba\u015fkanl\u0131\u011f\u0131 Savunma Sanayii Ba\u015fkanl\u0131\u011f\u0131 (SSB) himayesinde idame edilen SAVNET altyap\u0131s\u0131nda g\u00fcvenli mesajla\u015fma amac\u0131yla kullan\u0131lmaktad\u0131r. Kurumlarda yayg\u0131nla\u015ft\u0131rma \u00e7al\u0131\u015fmalar\u0131 devam etmektedir.<\/p><p>Detayl\u0131 bilgi i\u00e7in <a href=\"https:\/\/kurumnet.bilgem.tubitak.gov.tr\/\">https:\/\/kurumnet.bilgem.tubitak.gov.tr\/<\/a><\/p><\/div>\n\t\t\t\t\t<\/div><div class=\"eael-accordion-list\">\n\t\t\t\t\t<div id=\"okuma-devresi-projeleri-gkkua-cmos-dn-ler\" class=\"elementor-tab-title eael-accordion-header\" tabindex=\"0\" data-tab=\"26\" aria-controls=\"elementor-tab-content-22326\"><span class=\"eael-advanced-accordion-icon-closed\"><i aria-hidden=\"true\" class=\"fa-accordion-icon fas fa-plus\"><\/i><\/span><span class=\"eael-advanced-accordion-icon-opened\"><i aria-hidden=\"true\" class=\"fa-accordion-icon fas fa-minus\"><\/i><\/span><span class=\"eael-accordion-tab-title\">Okuma Devresi Projeleri (G\u00f6kku\u015fa\u011f\u0131, CMOS D\u00f6n\u00fc \u00d6l\u00e7er)<\/span><i aria-hidden=\"true\" class=\"fa-toggle fas fa-angle-right\"><\/i><\/div><div id=\"elementor-tab-content-22326\" class=\"eael-accordion-content clearfix\" data-tab=\"26\" aria-labelledby=\"okuma-devresi-projeleri-gkkua-cmos-dn-ler\"><p>Y\u0130TAL, b\u00fcnyesinde bulundurdu\u011fu 0,7 \u00b5m 2 metal CMOS teknolojisi ile, fotodedekt\u00f6r ve lazer yakla\u015fma sens\u00f6r\u00fcnden gelen verileri i\u015fleyen okuma devreleri \u00fcretmektedir.<\/p><\/div>\n\t\t\t\t\t<\/div><div class=\"eael-accordion-list\">\n\t\t\t\t\t<div id=\"uktm-dual\" class=\"elementor-tab-title eael-accordion-header\" tabindex=\"0\" data-tab=\"27\" aria-controls=\"elementor-tab-content-22327\"><span class=\"eael-advanced-accordion-icon-closed\"><i aria-hidden=\"true\" class=\"fa-accordion-icon fas fa-plus\"><\/i><\/span><span class=\"eael-advanced-accordion-icon-opened\"><i aria-hidden=\"true\" class=\"fa-accordion-icon fas fa-minus\"><\/i><\/span><span class=\"eael-accordion-tab-title\">UKT\u00dcM Dual<\/span><i aria-hidden=\"true\" class=\"fa-toggle fas fa-angle-right\"><\/i><\/div><div id=\"elementor-tab-content-22327\" class=\"eael-accordion-content clearfix\" data-tab=\"27\" aria-labelledby=\"uktm-dual\"><p>Y\u0130TAL, t\u00fcmdevre tasar\u0131m\u0131ndaki yo\u011fun tecr\u00fcbesini ve Avrupa Birli\u011fi 6. \u00c7er\u00e7eve Program\u0131 sayesinde kazan\u0131lan g\u00fcvenli devre tasar\u0131m\u0131 bilgisini bir arada kullanarak T\u00fcrkiye\u2019nin ilk temasl\u0131 Mill\u00ee Ak\u0131ll\u0131 Kart t\u00fcmdevresini tasarlam\u0131\u015f ve yurt d\u0131\u015f\u0131nda \u00fcretimini yapt\u0131rarak kullan\u0131ma sunmu\u015ftur. 2011\u2019den beri farkl\u0131 s\u00fcr\u00fcmlerinin geli\u015ftirildi\u011fi temasl\u0131 ak\u0131ll\u0131 kartlar uluslararas\u0131 ge\u00e7erlili\u011fi olan\u00a0 EAL5+ G\u00fcvenlik Sertifikas\u0131&#8217;na sahiptirler. T\u00fcrkiye\u2019nin ulusal kimlik ak\u0131ll\u0131 kartlar\u0131n\u0131n tek tasar\u0131mc\u0131s\u0131 olan Y\u0130TAL, \u00e7ift aray\u00fczl\u00fc (temasl\u0131 ve temass\u0131z) ulusal ak\u0131ll\u0131 kart\u0131 geli\u015ftirme \u00e7al\u0131\u015fmalar\u0131 s\u00fcrd\u00fcrmektedir.<\/p><\/div>\n\t\t\t\t\t<\/div><div class=\"eael-accordion-list\">\n\t\t\t\t\t<div id=\"nanosis\" class=\"elementor-tab-title eael-accordion-header\" tabindex=\"0\" data-tab=\"28\" aria-controls=\"elementor-tab-content-22328\"><span class=\"eael-advanced-accordion-icon-closed\"><i aria-hidden=\"true\" class=\"fa-accordion-icon fas fa-plus\"><\/i><\/span><span class=\"eael-advanced-accordion-icon-opened\"><i aria-hidden=\"true\" class=\"fa-accordion-icon fas fa-minus\"><\/i><\/span><span class=\"eael-accordion-tab-title\">Nanosis<\/span><i aria-hidden=\"true\" class=\"fa-toggle fas fa-angle-right\"><\/i><\/div><div id=\"elementor-tab-content-22328\" class=\"eael-accordion-content clearfix\" data-tab=\"28\" aria-labelledby=\"nanosis\"><p>Giyilebilir teknolojiler kapsam\u0131nda tansiyon ve nab\u0131z verileri i\u00e7in okuma devresi tasar\u0131m\u0131 \u00e7al\u0131\u015fmalar\u0131 devam etmektedir. Tasar\u0131mlar yurt d\u0131\u015f\u0131nda yapt\u0131r\u0131lacakt\u0131r.<\/p><\/div>\n\t\t\t\t\t<\/div><div class=\"eael-accordion-list\">\n\t\t\t\t\t<div id=\"gvenli-mikrosd\" class=\"elementor-tab-title eael-accordion-header\" tabindex=\"0\" data-tab=\"29\" aria-controls=\"elementor-tab-content-22329\"><span class=\"eael-advanced-accordion-icon-closed\"><i aria-hidden=\"true\" class=\"fa-accordion-icon fas fa-plus\"><\/i><\/span><span class=\"eael-advanced-accordion-icon-opened\"><i aria-hidden=\"true\" class=\"fa-accordion-icon fas fa-minus\"><\/i><\/span><span class=\"eael-accordion-tab-title\">G\u00fcvenli MikroSD<\/span><i aria-hidden=\"true\" class=\"fa-toggle fas fa-angle-right\"><\/i><\/div><div id=\"elementor-tab-content-22329\" class=\"eael-accordion-content clearfix\" data-tab=\"29\" aria-labelledby=\"gvenli-mikrosd\"><p>SD kartlar arac\u0131l\u0131\u011f\u0131 ile verilerin g\u00fcvenli saklanmas\u0131 ve aktar\u0131lmas\u0131n\u0131 ama\u00e7layan bu proje kapsam\u0131nda tasar\u0131m ve i\u015fletim sistemi geli\u015ftirme \u00e7al\u0131\u015fmalar\u0131 devam etmektedir. Tasar\u0131mlar yurt d\u0131\u015f\u0131nda yapt\u0131r\u0131lacakt\u0131r.<\/p><\/div>\n\t\t\t\t\t<\/div><\/div>\t\t\t\t<\/div>\n\t\t\t\t<\/div>\n\t\t\t\t\t<\/div>\n\t\t<\/div>\n\t\t\t\t\t<\/div>\n\t\t<\/section>\n\t\t\t\t<section class=\"elementor-section elementor-top-section elementor-element elementor-element-cf03225 elementor-hidden-desktop elementor-hidden-tablet elementor-hidden-mobile elementor-section-boxed elementor-section-height-default elementor-section-height-default\" data-id=\"cf03225\" data-element_type=\"section\" data-e-type=\"section\">\n\t\t\t\t\t\t<div class=\"elementor-container elementor-column-gap-default\">\n\t\t\t\t\t<div class=\"elementor-column elementor-col-100 elementor-top-column elementor-element elementor-element-8c68253\" data-id=\"8c68253\" data-element_type=\"column\" data-e-type=\"column\">\n\t\t\t<div class=\"elementor-widget-wrap elementor-element-populated\">\n\t\t\t\t\t\t<div class=\"elementor-element elementor-element-949c7bb elementor-widget elementor-widget-eael-adv-accordion\" data-id=\"949c7bb\" data-element_type=\"widget\" data-e-type=\"widget\" data-widget_type=\"eael-adv-accordion.default\">\n\t\t\t\t<div class=\"elementor-widget-container\">\n\t\t\t\t\t            <div class=\"eael-adv-accordion\" id=\"eael-adv-accordion-949c7bb\" data-scroll-on-click=\"no\" data-scroll-speed=\"300\" data-accordion-id=\"949c7bb\" data-accordion-type=\"accordion\" data-toogle-speed=\"300\">\n            <div class=\"eael-accordion-list\">\n\t\t\t\t\t<div id=\"fp7-origins-e-pasaport-gvenini-geri-getiren-ve-geniletilmi-snr-gvenliinden-yararlanan-gvenilir-dayanak-belgeleri-iin-neriler-projesi\" class=\"elementor-tab-title eael-accordion-header\" tabindex=\"0\" data-tab=\"1\" aria-controls=\"elementor-tab-content-1551\"><span class=\"eael-advanced-accordion-icon-closed\"><i aria-hidden=\"true\" class=\"fa-accordion-icon fas fa-plus\"><\/i><\/span><span class=\"eael-advanced-accordion-icon-opened\"><i aria-hidden=\"true\" class=\"fa-accordion-icon fas fa-minus\"><\/i><\/span><span class=\"eael-accordion-tab-title\">FP7 ORIGINS (E-Pasaport G\u00fcvenini Geri Getiren ve Geni\u015fletilmi\u015f S\u0131n\u0131r G\u00fcvenli\u011finden Yararlanan G\u00fcvenilir Dayanak Belgeleri i\u00e7in \u00d6neriler) Projesi<\/span><i aria-hidden=\"true\" class=\"fa-toggle fas fa-angle-right\"><\/i><\/div><div id=\"elementor-tab-content-1551\" class=\"eael-accordion-content clearfix\" data-tab=\"1\" aria-labelledby=\"fp7-origins-e-pasaport-gvenini-geri-getiren-ve-geniletilmi-snr-gvenliinden-yararlanan-gvenilir-dayanak-belgeleri-iin-neriler-projesi\"><p>FP7 ORIGINS Projesi, pasaport belgesi \u00fcretim ve Avrupa Birli\u011fi \u00dcye \u00dclkeler\/\u0130li\u015fkili \u00dclkeler i\u00e7indeki da\u011f\u0131t\u0131m gereksinimlerini ara\u015ft\u0131rmay\u0131 ama\u00e7lam\u0131\u015ft\u0131r. ORIGINS Projesi ara\u015ft\u0131rmalar\u0131 s\u0131ras\u0131nda, AB ve AB aday\u0131 \u00fclkeler taraf\u0131ndan uygulanan pasaport ba\u015fvuru\/kullan\u0131m s\u00fcre\u00e7leri ile pasaport ba\u015fvuru belgeleri detayl\u0131 bir \u015fekilde analiz edilmi\u015ftir. De\u011ferlendirme raporlar\u0131 her bir \u00fclke i\u00e7in haz\u0131rlanarak, ortak tespit edilen uygunsuzluklar konsolidasyon \u00e7al\u0131\u015fmas\u0131 ile detayland\u0131r\u0131lm\u0131\u015ft\u0131r. G\u00fcvenlik a\u00e7\u0131klar\u0131n\u0131n ve bu a\u00e7\u0131klardan do\u011fabilecek tehditlerin tespit edilmesi s\u0131ras\u0131nda, \u00f6nerdi\u011fimiz y\u00f6ntemler kullan\u0131lm\u0131\u015ft\u0131r.<br \/>Ayr\u0131ca, g\u00fcvenlik a\u00e7\u0131klar\u0131n\u0131 ortadan kald\u0131rmak i\u00e7in T.C. Kimlik Kart\u0131\u2019nda uygulad\u0131\u011f\u0131m\u0131z biyometrik se\u00e7imler ve kullan\u0131m alanlar\u0131nda tespit edilen durumlar ile ilgili teknik \u00e7al\u0131\u015fmalar y\u00fcr\u00fct\u00fclm\u00fc\u015ft\u00fcr.<\/p><\/div>\n\t\t\t\t\t<\/div><div class=\"eael-accordion-list\">\n\t\t\t\t\t<div id=\"ingress-canl-parmak-zi-tarayclar-iin-yeniliki-teknoloji-projesi\" class=\"elementor-tab-title eael-accordion-header\" tabindex=\"0\" data-tab=\"2\" aria-controls=\"elementor-tab-content-1552\"><span class=\"eael-advanced-accordion-icon-closed\"><i aria-hidden=\"true\" class=\"fa-accordion-icon fas fa-plus\"><\/i><\/span><span class=\"eael-advanced-accordion-icon-opened\"><i aria-hidden=\"true\" class=\"fa-accordion-icon fas fa-minus\"><\/i><\/span><span class=\"eael-accordion-tab-title\">INGRESS (Canl\u0131 Parmak \u0130zi Taray\u0131c\u0131lar\u0131 i\u00e7in Yenilik\u00e7i Teknoloji) Projesi<\/span><i aria-hidden=\"true\" class=\"fa-toggle fas fa-angle-right\"><\/i><\/div><div id=\"elementor-tab-content-1552\" class=\"eael-accordion-content clearfix\" data-tab=\"2\" aria-labelledby=\"ingress-canl-parmak-zi-tarayclar-iin-yeniliki-teknoloji-projesi\"><p>T\u00dcB\u0130TAK B\u0130LGEM UEKAE\u2019nin Avrupa\u2019n\u0131n 8 farkl\u0131 \u00fclkesinden 10 ortakla beraber haz\u0131rlad\u0131\u011f\u0131 INGRESS Projesi FP7 G\u00fcvenlik \u00c7a\u011fr\u0131s\u0131 kapsam\u0131nda desteklenmeye hak kazanm\u0131\u015ft\u0131r. Fransa\u2019dan Morpho \u015firketinin liderli\u011fi \u00fcstlendi\u011fi INGRESS Projesi&#8217;nin \u0130\u015f Paketi 1 \u2013 Gerekler Analizi \u0130\u015f Paketi T\u00dcB\u0130TAK B\u0130LGEM UEKAE taraf\u0131ndan y\u00f6netilmi\u015ftir. INGRESS Projesi kapsam\u0131nda e-kimlik, s\u0131n\u0131r g\u00fcvenli\u011fi, e-pasaport gibi uygulamalarda kullan\u0131labilecek olan parmak izi okuyucular i\u00e7in yeni g\u00f6r\u00fcnt\u00fcleme teknolojileri \u00fczerine \u00e7al\u0131\u015f\u0131lm\u0131\u015ft\u0131r. Proje kapsam\u0131nda, ultrasonik bir parmak izi okuyucu ve OCT (Optical Coherence Tomography) tabanl\u0131 bir parmak izi okuyucu geli\u015ftirilmi\u015ftir. B\u00f6ylelikle, standart optik tabanl\u0131 parmak izi okuyucular ile kaliteli imge al\u0131namayan parmaklardan y\u00fcksek kalitede parmak izi imgesi elde edilmesi sa\u011flanm\u0131\u015ft\u0131r.<\/p><\/div>\n\t\t\t\t\t<\/div><div class=\"eael-accordion-list\">\n\t\t\t\t\t<div id=\"beat-biyometrik-deerlendirme-ve-test-projesi\" class=\"elementor-tab-title eael-accordion-header\" tabindex=\"0\" data-tab=\"3\" aria-controls=\"elementor-tab-content-1553\"><span class=\"eael-advanced-accordion-icon-closed\"><i aria-hidden=\"true\" class=\"fa-accordion-icon fas fa-plus\"><\/i><\/span><span class=\"eael-advanced-accordion-icon-opened\"><i aria-hidden=\"true\" class=\"fa-accordion-icon fas fa-minus\"><\/i><\/span><span class=\"eael-accordion-tab-title\">BEAT (Biyometrik De\u011ferlendirme ve Test) Projesi<\/span><i aria-hidden=\"true\" class=\"fa-toggle fas fa-angle-right\"><\/i><\/div><div id=\"elementor-tab-content-1553\" class=\"eael-accordion-content clearfix\" data-tab=\"3\" aria-labelledby=\"beat-biyometrik-deerlendirme-ve-test-projesi\"><p>FP7 BEAT (Biometric Evaluation and Testing)\u00a0 Projesi T\u00dcB\u0130TAK B\u0130LGEM UEKAE\u2019nin FP7 G\u00fcvenlik \u00c7a\u011fr\u0131s\u0131&#8217;ndan kazand\u0131\u011f\u0131 ilk projedir. Avrupa\u2019n\u0131n biyometrik\u00a0 g\u00fcvenlik ve mahremiyet konusundaki en \u00f6nemli projelerinden biri\u00a0 olan BEAT Projesi kapsam\u0131nda biyometrik sistemlerin g\u00fcvenlik ve mahremiyet seviyelerini \u00f6l\u00e7mek i\u00e7in gerekli sistemlerin geli\u015ftirilmesi ama\u00e7lanm\u0131\u015ft\u0131r. Bunun yan\u0131 s\u0131ra, proje s\u00fcresince \u00f6zellikle e-kimlik, e-pasaport, e-devlet gibi uygulamalarda kullan\u0131labilecek olan biyometrik sistemlerin tasar\u0131m\u0131 da ger\u00e7ekle\u015ftirilmi\u015ftir. T\u00dcB\u0130TAK B\u0130LGEM UEKAE bu projede Idiap Research Institute, Universidad Autonoma de Madrid, University of Surrey, EPFL, CEA, MORPHO, TUViT, Katholieke Universiteit Leuven gibi Avrupa\u2019n\u0131n \u00f6nde gelen kurumlar\u0131yla beraber \u00e7al\u0131\u015fm\u0131\u015f ve proje kapsam\u0131nda iki adet doktora tezi \u00fcretilmi\u015ftir.<\/p><\/div>\n\t\t\t\t\t<\/div><div class=\"eael-accordion-list\">\n\t\t\t\t\t<div id=\"esens-elektronik-temel-avrupa-a-hizmetleri-projesi\" class=\"elementor-tab-title eael-accordion-header\" tabindex=\"0\" data-tab=\"4\" aria-controls=\"elementor-tab-content-1554\"><span class=\"eael-advanced-accordion-icon-closed\"><i aria-hidden=\"true\" class=\"fa-accordion-icon fas fa-plus\"><\/i><\/span><span class=\"eael-advanced-accordion-icon-opened\"><i aria-hidden=\"true\" class=\"fa-accordion-icon fas fa-minus\"><\/i><\/span><span class=\"eael-accordion-tab-title\">eSENS (Elektronik Temel Avrupa A\u011f Hizmetleri) Projesi<\/span><i aria-hidden=\"true\" class=\"fa-toggle fas fa-angle-right\"><\/i><\/div><div id=\"elementor-tab-content-1554\" class=\"eael-accordion-content clearfix\" data-tab=\"4\" aria-labelledby=\"esens-elektronik-temel-avrupa-a-hizmetleri-projesi\"><p>T\u00dcB\u0130TAK B\u0130LGEM UEKAE\u2019nin \u00fclke koordinat\u00f6r\u00fc olarak yer ald\u0131\u011f\u0131 eSENS Projesi&#8217;nin amac\u0131; kamu hizmetleri alan\u0131nda daha \u00f6nceden ba\u015flat\u0131lan muhtelif Pilot A Projelerinin (STORK, epSOS, PEPPOL, eCodex ve SPOCS) \u00e7\u0131kt\u0131lar\u0131n\u0131 b\u00fct\u00fcnle\u015ftirmek ve s\u00f6z konusu projelerin ortaya koydu\u011fu temel yap\u0131 ta\u015flar\u0131n\u0131 konsolide etmektir. Say\u0131sal i\u00e7 pazar i\u00e7in ihtiya\u00e7 duyulan baz\u0131 kilit sistemlere son h\u00e2linin verilmesi ve bu yap\u0131lar\u0131n; e-tedarik, i\u015f mobilitesi, e-sa\u011fl\u0131k gibi \u00f6nemli uygulama alanlar\u0131nda entegre edilmesi hedeflenmi\u015ftir. Proje, mevcut pilot\u00a0 projelerinin \u00f6tesinde yeni uygulama alanlar\u0131na da kap\u0131 a\u00e7m\u0131\u015ft\u0131r.<\/p><\/div>\n\t\t\t\t\t<\/div><div class=\"eael-accordion-list\">\n\t\t\t\t\t<div id=\"ecodex-online-veri-alverii-yoluyla-e-adalet-letiimi-projesi\" class=\"elementor-tab-title eael-accordion-header\" tabindex=\"0\" data-tab=\"5\" aria-controls=\"elementor-tab-content-1555\"><span class=\"eael-advanced-accordion-icon-closed\"><i aria-hidden=\"true\" class=\"fa-accordion-icon fas fa-plus\"><\/i><\/span><span class=\"eael-advanced-accordion-icon-opened\"><i aria-hidden=\"true\" class=\"fa-accordion-icon fas fa-minus\"><\/i><\/span><span class=\"eael-accordion-tab-title\">eCODEX (Online Veri Al\u0131\u015fveri\u015fi Yoluyla e-Adalet \u0130leti\u015fimi) Projesi<\/span><i aria-hidden=\"true\" class=\"fa-toggle fas fa-angle-right\"><\/i><\/div><div id=\"elementor-tab-content-1555\" class=\"eael-accordion-content clearfix\" data-tab=\"5\" aria-labelledby=\"ecodex-online-veri-alverii-yoluyla-e-adalet-letiimi-projesi\"><p>Adalet Bakanl\u0131\u011f\u0131 ve T\u00dcB\u0130TAK B\u0130LGEM UEKAE, T\u00fcrkiye&#8217;nin e-hukuk alan\u0131nda Avrupa \u00e7ap\u0131nda y\u00fcr\u00fct\u00fclmekte olan e-Codex Projesi&#8217;nde yer alm\u0131\u015ft\u0131r. Avrupa Komisyonu taraf\u0131ndan desteklenen ve T\u00fcrkiye&#8217;nin de mali destek vererek taraf oldu\u011fu Rekabet Edebilirlik ve Yenilik \u00c7er\u00e7eve Program\u0131 bile\u015fenlerinden Bilgi ve \u0130leti\u015fim Teknolojileri Politika Destek Program\u0131 (ICT-PSP) kapsam\u0131nda fonlanan projenin genel olarak amac\u0131 ise adalet sistemlerinin b\u00fct\u00fcnle\u015ftirilerek elektronik ortamda haberle\u015fmelerini ve ulusal yarg\u0131 sistemleri aras\u0131nda ortak bir platform \u00fczerinden kar\u015f\u0131l\u0131kl\u0131 i\u015flem yapabilmesini sa\u011flamak; yarg\u0131sal dok\u00fcmanlar\u0131n, karar ve bilgilerin elektronik ortamda de\u011fi\u015f toku\u015funu ger\u00e7ekle\u015ftirmektir. Bunun yan\u0131nda, eCodex Projesi kapsam\u0131nda \u00fcye \u00fclkelerin aktiviteleri aras\u0131nda yatay olarak kar\u015f\u0131l\u0131kl\u0131 i\u015flem yap\u0131labilmesini sa\u011flamak, yarg\u0131 i\u00e7in g\u00fcvenli bir network kurmak, elektronik kimlik y\u00f6netimi sa\u011flamak (\u00f6rne\u011fin avukat, mahkeme, h\u00e2kimler i\u00e7in) ama\u00e7lanm\u0131\u015ft\u0131r.<\/p><\/div>\n\t\t\t\t\t<\/div><div class=\"eael-accordion-list\">\n\t\t\t\t\t<div id=\"stork20\" class=\"elementor-tab-title eael-accordion-header\" tabindex=\"0\" data-tab=\"6\" aria-controls=\"elementor-tab-content-1556\"><span class=\"eael-advanced-accordion-icon-closed\"><i aria-hidden=\"true\" class=\"fa-accordion-icon fas fa-plus\"><\/i><\/span><span class=\"eael-advanced-accordion-icon-opened\"><i aria-hidden=\"true\" class=\"fa-accordion-icon fas fa-minus\"><\/i><\/span><span class=\"eael-accordion-tab-title\">STORK2.0<\/span><i aria-hidden=\"true\" class=\"fa-toggle fas fa-angle-right\"><\/i><\/div><div id=\"elementor-tab-content-1556\" class=\"eael-accordion-content clearfix\" data-tab=\"6\" aria-labelledby=\"stork20\"><p>2007 ICT PSP \u00c7a\u011fr\u0131s\u0131 kapsam\u0131nda desteklenen ve AB\u2019nin temel e-kimlik projesi olan STORK Projesi&#8217;nden elde edilen tecr\u00fcbenin \u00fczerine in\u015fa edilen bu projeyle, kamu ve \u00f6zel kesimin kimlik do\u011frulamas\u0131n\u0131n sa\u011flanmas\u0131 amac\u0131yla bu kesimlerin operasyonel bir \u00e7er\u00e7eve ve altyap\u0131da yak\u0131nsamalar\u0131 ama\u00e7lanm\u0131\u015ft\u0131r. Proje kapsam\u0131nda; verilerin g\u00fcvenli bir \u015fekilde saklanmas\u0131 ve payla\u015f\u0131m\u0131 esas al\u0131nm\u0131\u015f, \u201ce-\u00f6\u011frenme ve akademik yeterlilikler\u201d, \u201ce-bankac\u0131l\u0131k\u201d, \u201ci\u015f d\u00fcnyas\u0131 i\u00e7in kamu hizmetleri\u201d ve \u201ce-sa\u011fl\u0131k\u201d konular\u0131 \u00fczerinde pilot \u00e7al\u0131\u015fmalar y\u00fcr\u00fct\u00fclm\u00fc\u015ft\u00fcr. Avrupa Birli\u011finde ICT PSP kapsam\u0131nda y\u00fcr\u00fct\u00fclmekte olan epSOS, PEPPOL, SPOCS ve eCODEX gibi temel e-sa\u011fl\u0131k ve e-devlet projeleriyle yak\u0131n ili\u015fkisi olan projede \u00fclkemizin yan\u0131 s\u0131ra \u0130spanya, Avusturya, Bel\u00e7ika, \u00c7ek Cumhuriyeti, Estonya, Fransa, Yunanistan, \u0130zlanda, \u0130talya, Litvanya, L\u00fcksemburg, Hollanda, Portekiz, Slovakya, Slovenya, \u0130sve\u00e7, \u0130svi\u00e7re ve Birle\u015fik Krall\u0131k\u2019tan 62 ortak yer alm\u0131\u015ft\u0131r.<\/p><\/div>\n\t\t\t\t\t<\/div><\/div>\t\t\t\t<\/div>\n\t\t\t\t<\/div>\n\t\t\t\t\t<\/div>\n\t\t<\/div>\n\t\t\t\t\t<\/div>\n\t\t<\/section>\n\t\t\t\t<\/div>\n\t\t","protected":false},"excerpt":{"rendered":"<p>UEKAE Ana Sayfa\u00a0 \u00a0\/\u00a0 \u00a0Projeler ve Programlar\u00a0 \u00a0\/\u00a0 \u00a0UEKAE Devam Eden Projeler UEKAE Projeler Bili\u015fim, bilgi g\u00fcvenli\u011fi ve ileri elektronik [&hellip;]<\/p>\n","protected":false},"author":8,"featured_media":0,"parent":71418,"menu_order":0,"comment_status":"closed","ping_status":"open","template":"elementor_header_footer","meta":{"_acf_changed":false,"site-sidebar-layout":"no-sidebar","site-content-layout":"page-builder","ast-site-content-layout":"full-width-container","site-content-style":"unboxed","site-sidebar-style":"unboxed","ast-global-header-display":"","ast-banner-title-visibility":"","ast-main-header-display":"","ast-hfb-above-header-display":"","ast-hfb-below-header-display":"","ast-hfb-mobile-header-display":"","site-post-title":"disabled","ast-breadcrumbs-content":"","ast-featured-img":"disabled","footer-sml-layout":"","ast-disable-related-posts":"","theme-transparent-header-meta":"default","adv-header-id-meta":"","stick-header-meta":"default","header-above-stick-meta":"","header-main-stick-meta":"","header-below-stick-meta":"","astra-migrate-meta-layouts":"set","ast-page-background-enabled":"default","ast-page-background-meta":{"desktop":{"background-color":"var(--ast-global-color-4)","background-image":"","background-repeat":"repeat","background-position":"center center","background-size":"auto","background-attachment":"scroll","background-type":"","background-media":"","overlay-type":"","overlay-color":"","overlay-opacity":"","overlay-gradient":""},"tablet":{"background-color":"","background-image":"","background-repeat":"repeat","background-position":"center center","background-size":"auto","background-attachment":"scroll","background-type":"","background-media":"","overlay-type":"","overlay-color":"","overlay-opacity":"","overlay-gradient":""},"mobile":{"background-color":"","background-image":"","background-repeat":"repeat","background-position":"center center","background-size":"auto","background-attachment":"scroll","background-type":"","background-media":"","overlay-type":"","overlay-color":"","overlay-opacity":"","overlay-gradient":""}},"ast-content-background-meta":{"desktop":{"background-color":"var(--ast-global-color-5)","background-image":"","background-repeat":"repeat","background-position":"center center","background-size":"auto","background-attachment":"scroll","background-type":"","background-media":"","overlay-type":"","overlay-color":"","overlay-opacity":"","overlay-gradient":""},"tablet":{"background-color":"var(--ast-global-color-5)","background-image":"","background-repeat":"repeat","background-position":"center center","background-size":"auto","background-attachment":"scroll","background-type":"","background-media":"","overlay-type":"","overlay-color":"","overlay-opacity":"","overlay-gradient":""},"mobile":{"background-color":"var(--ast-global-color-5)","background-image":"","background-repeat":"repeat","background-position":"center center","background-size":"auto","background-attachment":"scroll","background-type":"","background-media":"","overlay-type":"","overlay-color":"","overlay-opacity":"","overlay-gradient":""}},"footnotes":""},"class_list":["post-108213","page","type-page","status-publish","hentry"],"acf":[],"_links":{"self":[{"href":"https:\/\/en.bilgem.tubitak.gov.tr\/en\/wp-json\/wp\/v2\/pages\/108213","targetHints":{"allow":["GET"]}}],"collection":[{"href":"https:\/\/en.bilgem.tubitak.gov.tr\/en\/wp-json\/wp\/v2\/pages"}],"about":[{"href":"https:\/\/en.bilgem.tubitak.gov.tr\/en\/wp-json\/wp\/v2\/types\/page"}],"author":[{"embeddable":true,"href":"https:\/\/en.bilgem.tubitak.gov.tr\/en\/wp-json\/wp\/v2\/users\/8"}],"replies":[{"embeddable":true,"href":"https:\/\/en.bilgem.tubitak.gov.tr\/en\/wp-json\/wp\/v2\/comments?post=108213"}],"version-history":[{"count":27,"href":"https:\/\/en.bilgem.tubitak.gov.tr\/en\/wp-json\/wp\/v2\/pages\/108213\/revisions"}],"predecessor-version":[{"id":131682,"href":"https:\/\/en.bilgem.tubitak.gov.tr\/en\/wp-json\/wp\/v2\/pages\/108213\/revisions\/131682"}],"up":[{"embeddable":true,"href":"https:\/\/en.bilgem.tubitak.gov.tr\/en\/wp-json\/wp\/v2\/pages\/71418"}],"wp:attachment":[{"href":"https:\/\/en.bilgem.tubitak.gov.tr\/en\/wp-json\/wp\/v2\/media?parent=108213"}],"curies":[{"name":"wp","href":"https:\/\/api.w.org\/{rel}","templated":true}]}}